{"id":8970,"date":"2024-11-21T11:05:54","date_gmt":"2024-11-21T11:05:54","guid":{"rendered":"https:\/\/b36oyymf.myrdbx.io\/?page_id=8970"},"modified":"2025-11-24T08:26:29","modified_gmt":"2025-11-24T08:26:29","slug":"unsr-gartn-der-selbsterntegarten","status":"publish","type":"page","link":"https:\/\/linden-gut.eu\/de\/demeter-landwirtschaft\/unsr-gartn-der-selbsterntegarten\/","title":{"rendered":"Uns&#8217;r Gart&#8217;n &#8211; der Selbsterntegarten"},"content":{"rendered":"\t\t<div data-elementor-type=\"wp-page\" data-elementor-id=\"8970\" class=\"elementor elementor-8970\" data-elementor-post-type=\"page\">\n\t\t\t\t\t\t<section class=\"elementor-section elementor-top-section elementor-element elementor-element-8fa13a0 elementor-section-boxed elementor-section-height-default elementor-section-height-default\" data-id=\"8fa13a0\" data-element_type=\"section\">\n\t\t\t\t\t\t<div class=\"elementor-container elementor-column-gap-default\">\n\t\t\t\t\t<div class=\"elementor-column elementor-col-100 elementor-top-column elementor-element elementor-element-49755ab\" data-id=\"49755ab\" data-element_type=\"column\">\n\t\t\t<div class=\"elementor-widget-wrap elementor-element-populated\">\n\t\t\t\t\t\t<div class=\"elementor-element elementor-element-8b92f37 elementor-widget elementor-widget-heading\" data-id=\"8b92f37\" data-element_type=\"widget\" data-widget_type=\"heading.default\">\n\t\t\t\t<div class=\"elementor-widget-container\">\n\t\t\t\t\t<h1 class=\"elementor-heading-title elementor-size-default\">Uns'r Gart'n - der Selbsterntegarten am LindenGut<\/h1>\t\t\t\t<\/div>\n\t\t\t\t<\/div>\n\t\t\t\t\t<\/div>\n\t\t<\/div>\n\t\t\t\t\t<\/div>\n\t\t<\/section>\n\t\t\t\t<section class=\"elementor-section elementor-top-section elementor-element elementor-element-5590a20 elementor-section-boxed elementor-section-height-default elementor-section-height-default\" data-id=\"5590a20\" data-element_type=\"section\">\n\t\t\t\t\t\t<div class=\"elementor-container elementor-column-gap-default\">\n\t\t\t\t\t<div class=\"elementor-column elementor-col-50 elementor-top-column elementor-element elementor-element-b5db207\" data-id=\"b5db207\" data-element_type=\"column\">\n\t\t\t<div class=\"elementor-widget-wrap elementor-element-populated\">\n\t\t\t\t\t\t<div class=\"elementor-element elementor-element-74ddb1e elementor-widget elementor-widget-image\" data-id=\"74ddb1e\" data-element_type=\"widget\" data-widget_type=\"image.default\">\n\t\t\t\t<div class=\"elementor-widget-container\">\n\t\t\t\t\t\t\t\t\t\t\t\t\t\t\t<img decoding=\"async\" src=\"https:\/\/linden-gut.eu\/wp-content\/uploads\/2024\/11\/Selbsterntegarten_schmal.jpg\" title=\"Selbsterntegarten_schmal\" alt=\"Logo Uns&#039;r Gart&#039;n\" loading=\"lazy\" \/>\t\t\t\t\t\t\t\t\t\t\t\t\t\t\t<\/div>\n\t\t\t\t<\/div>\n\t\t\t\t\t<\/div>\n\t\t<\/div>\n\t\t\t\t<div class=\"elementor-column elementor-col-50 elementor-top-column elementor-element elementor-element-7c10048\" data-id=\"7c10048\" data-element_type=\"column\">\n\t\t\t<div class=\"elementor-widget-wrap elementor-element-populated\">\n\t\t\t\t\t\t<div class=\"elementor-element elementor-element-4998693 elementor-widget elementor-widget-heading\" data-id=\"4998693\" data-element_type=\"widget\" data-widget_type=\"heading.default\">\n\t\t\t\t<div class=\"elementor-widget-container\">\n\t\t\t\t\t<h2 class=\"elementor-heading-title elementor-size-default\"><span style=\"font-family: PTSansLoc, sans-serif;font-size: 18.6667px;font-weight: 400;letter-spacing: -0.466667px\">Der Selbsterntegarten \u201eUns\u2019r Gart\u2019n\u201c l\u00e4dt ein, frisches Bio-Gem\u00fcse zu erleben und zu ernten!<\/span><\/h2>\t\t\t\t<\/div>\n\t\t\t\t<\/div>\n\t\t\t\t\t<\/div>\n\t\t<\/div>\n\t\t\t\t\t<\/div>\n\t\t<\/section>\n\t\t\t\t<section class=\"elementor-section elementor-top-section elementor-element elementor-element-7c00a46 elementor-section-boxed elementor-section-height-default elementor-section-height-default\" data-id=\"7c00a46\" data-element_type=\"section\">\n\t\t\t\t\t\t<div class=\"elementor-container elementor-column-gap-default\">\n\t\t\t\t\t<div class=\"elementor-column elementor-col-50 elementor-top-column elementor-element elementor-element-bbd2225\" data-id=\"bbd2225\" data-element_type=\"column\">\n\t\t\t<div class=\"elementor-widget-wrap elementor-element-populated\">\n\t\t\t\t\t\t<div class=\"elementor-element elementor-element-d5966e1 elementor-widget elementor-widget-image\" data-id=\"d5966e1\" data-element_type=\"widget\" data-widget_type=\"image.default\">\n\t\t\t\t<div class=\"elementor-widget-container\">\n\t\t\t\t\t\t\t\t\t\t\t\t\t\t\t<img fetchpriority=\"high\" decoding=\"async\" width=\"994\" height=\"668\" src=\"https:\/\/linden-gut.eu\/wp-content\/uploads\/2024\/11\/Garten_Drohnenaufnahme.jpg\" class=\"attachment-large size-large wp-image-9006\" alt=\"Luftaufnahme des LindenGut Gartens\" srcset=\"https:\/\/linden-gut.eu\/wp-content\/uploads\/2024\/11\/Garten_Drohnenaufnahme.jpg 994w, https:\/\/linden-gut.eu\/wp-content\/uploads\/2024\/11\/Garten_Drohnenaufnahme-300x202.jpg 300w, https:\/\/linden-gut.eu\/wp-content\/uploads\/2024\/11\/Garten_Drohnenaufnahme-768x516.jpg 768w\" sizes=\"(max-width: 994px) 100vw, 994px\" \/>\t\t\t\t\t\t\t\t\t\t\t\t\t\t\t<\/div>\n\t\t\t\t<\/div>\n\t\t\t\t\t<\/div>\n\t\t<\/div>\n\t\t\t\t<div class=\"elementor-column elementor-col-50 elementor-top-column elementor-element elementor-element-ad0f38b\" data-id=\"ad0f38b\" data-element_type=\"column\">\n\t\t\t<div class=\"elementor-widget-wrap elementor-element-populated\">\n\t\t\t\t\t\t<div class=\"elementor-element elementor-element-b65c65d elementor-widget elementor-widget-text-editor\" data-id=\"b65c65d\" data-element_type=\"widget\" data-widget_type=\"text-editor.default\">\n\t\t\t\t<div class=\"elementor-widget-container\">\n\t\t\t\t\t\t\t\t\t<p class=\"cvgsua\" style=\"line-height: 12.75pt;\"><span class=\"oypena\"><span style=\"mso-fareast-font-family: 'Times New Roman'; mso-fareast-theme-font: major-fareast; color: black;\">Ein einzigartiges Konzept wird 2025 Wirklichkeit: Mit dem Selbsterntegarten Uns\u2019r Gart\u2018n m\u00f6chten wir Haushalten die M\u00f6glichkeit geben, frisches, saisonales Demeter-Gem\u00fcse direkt vom Feld zu genie\u00dfen \u2013 und das durch eigene Ernte.<\/span><\/span><\/p><p class=\"cvgsua\" style=\"line-height: 12.75pt;\"><span class=\"oypena\"><span style=\"mso-fareast-font-family: 'Times New Roman'; mso-fareast-theme-font: major-fareast; color: black;\">Die Idee hinter \u201cUns\u2019r Gart\u2018n\u201d ist einfach und \u00fcberzeugend: Wir, das Gartenteam, \u00fcbernehmen das S\u00e4en, Pflanzen und die Pflege der Gem\u00fcsekulturen, sodass unsere Mitglieder sich voll und ganz auf das Ernten konzentrieren k\u00f6nnen. <\/span><\/span><\/p><p class=\"cvgsua\" style=\"line-height: 12.75pt;\"><span class=\"oypena\"><span style=\"mso-fareast-font-family: 'Times New Roman'; mso-fareast-theme-font: major-fareast; color: black;\">Soweit Reglungen dazu vereinbart werden m\u00fcssen, werden die bei unserem ersten Treffen allen Interessierten vorgestellt.<\/span><\/span><\/p><p class=\"cvgsua\" style=\"line-height: 12.75pt;\"><span class=\"oypena\"><span style=\"mso-fareast-font-family: 'Times New Roman'; mso-fareast-theme-font: major-fareast; color: black;\">Wer sich dann anmeldet, wird Teil eines Projekts, das nicht nur frische Bio-Lebensmittel direkt zug\u00e4nglich macht, sondern auch den Kontakt zur nachhaltigen Landwirtschaft f\u00f6rdert. <\/span><\/span><\/p><p class=\"cvgsua\" style=\"line-height: 12.75pt;\"><span class=\"oypena\"><span style=\"mso-fareast-font-family: 'Times New Roman'; mso-fareast-theme-font: major-fareast; color: black;\">Wir zeigen unseren Mitgliedern, wie sie die Ernte am besten angehen, geben praktische Tipps zum Umgang mit den verschiedenen Gem\u00fcsesorten und teilen unser Wissen \u00fcber die Demeter-Landwirtschaft. Dadurch wird die Ernte nicht nur ein Genuss, sondern auch ein lehrreiches Erlebnis f\u00fcr die ganze Familie.<\/span><\/span><\/p><p class=\"cvgsua\" style=\"line-height: 12.75pt;\"><span class=\"oypena\"><span style=\"mso-fareast-font-family: 'Times New Roman'; mso-fareast-theme-font: major-fareast; color: black;\">\u201eWir freuen uns darauf, den Garten zu einem Treffpunkt f\u00fcr Menschen zu machen, die Wert auf Regionalit\u00e4t, Frische und ein nachhaltiges Lebenskonzept legen!\u201c<\/span><\/span><\/p>\t\t\t\t\t\t\t\t<\/div>\n\t\t\t\t<\/div>\n\t\t\t\t\t<\/div>\n\t\t<\/div>\n\t\t\t\t\t<\/div>\n\t\t<\/section>\n\t\t\t\t<section class=\"elementor-section elementor-top-section elementor-element elementor-element-1e56ba4 elementor-section-boxed elementor-section-height-default elementor-section-height-default\" data-id=\"1e56ba4\" data-element_type=\"section\">\n\t\t\t\t\t\t<div class=\"elementor-container elementor-column-gap-default\">\n\t\t\t\t\t<div class=\"elementor-column elementor-col-66 elementor-top-column elementor-element elementor-element-bc83357\" data-id=\"bc83357\" data-element_type=\"column\">\n\t\t\t<div class=\"elementor-widget-wrap elementor-element-populated\">\n\t\t\t\t\t\t<div class=\"elementor-element elementor-element-a132357 elementor-widget elementor-widget-text-editor\" data-id=\"a132357\" data-element_type=\"widget\" data-widget_type=\"text-editor.default\">\n\t\t\t\t<div class=\"elementor-widget-container\">\n\t\t\t\t\t\t\t\t\t<p style=\"line-height: 12.75pt;\"><span style=\"mso-fareast-font-family: 'Times New Roman'; mso-fareast-theme-font: major-fareast; color: black;\">Interessiert? Weitere Informationen und die Anmeldung erhalten Sie <\/span><span style=\"mso-fareast-font-family: 'Times New Roman'; mso-fareast-theme-font: major-fareast; color: black;\">bei Frau Ehrhardt<strong>\u00a0unter Tel. 06657\/981-37<\/strong> oder per E-Mail an <\/span><a style=\"font-size: 16px; background-color: #ffffff;\" href=\"mailto:mitwirken@w-e-g.eu\">mitwirken@w-e-g.eu<\/a><span style=\"mso-fareast-font-family: 'Times New Roman'; mso-fareast-theme-font: major-fareast; color: black;\">.<\/span><\/p><p style=\"line-height: 12.75pt;\">Die Mitgliederversammlung 2025 fand im November statt. Mehr dazu findest du<a href=\"https:\/\/linden-gut.eu\/news\/\"> hier.<\/a><\/p>\t\t\t\t\t\t\t\t<\/div>\n\t\t\t\t<\/div>\n\t\t\t\t\t<\/div>\n\t\t<\/div>\n\t\t\t\t<div class=\"elementor-column elementor-col-33 elementor-top-column elementor-element elementor-element-08e4f61\" data-id=\"08e4f61\" data-element_type=\"column\">\n\t\t\t<div class=\"elementor-widget-wrap elementor-element-populated\">\n\t\t\t\t\t\t<div class=\"elementor-element elementor-element-c33f26c elementor-widget elementor-widget-image\" data-id=\"c33f26c\" data-element_type=\"widget\" data-widget_type=\"image.default\">\n\t\t\t\t<div class=\"elementor-widget-container\">\n\t\t\t\t\t\t\t\t\t\t\t\t\t\t\t<img decoding=\"async\" width=\"1024\" height=\"768\" src=\"https:\/\/linden-gut.eu\/wp-content\/uploads\/2022\/02\/IMG-20210625-WA0024-1024x768.jpg\" class=\"attachment-large size-large wp-image-4291\" alt=\"Salatanbau im LindenGut Demeter-Garten\" srcset=\"https:\/\/linden-gut.eu\/wp-content\/uploads\/2022\/02\/IMG-20210625-WA0024-1024x768.jpg 1024w, https:\/\/linden-gut.eu\/wp-content\/uploads\/2022\/02\/IMG-20210625-WA0024-300x225.jpg 300w, https:\/\/linden-gut.eu\/wp-content\/uploads\/2022\/02\/IMG-20210625-WA0024-768x576.jpg 768w, https:\/\/linden-gut.eu\/wp-content\/uploads\/2022\/02\/IMG-20210625-WA0024-1536x1152.jpg 1536w, https:\/\/linden-gut.eu\/wp-content\/uploads\/2022\/02\/IMG-20210625-WA0024.jpg 1600w\" sizes=\"(max-width: 1024px) 100vw, 1024px\" \/>\t\t\t\t\t\t\t\t\t\t\t\t\t\t\t<\/div>\n\t\t\t\t<\/div>\n\t\t\t\t\t<\/div>\n\t\t<\/div>\n\t\t\t\t\t<\/div>\n\t\t<\/section>\n\t\t\t\t<\/div>\n\t\t","protected":false},"excerpt":{"rendered":"<p>Uns&#8217;r Gart&#8217;n &#8211; der Selbsterntegarten am LindenGut Der Selbsterntegarten \u201eUns\u2019r Gart\u2019n\u201c l\u00e4dt ein, frisches Bio-Gem\u00fcse zu erleben und zu ernten! Ein einzigartiges Konzept wird 2025 Wirklichkeit: Mit dem Selbsterntegarten Uns\u2019r Gart\u2018n m\u00f6chten wir Haushalten die M\u00f6glichkeit geben, frisches, saisonales Demeter-Gem\u00fcse direkt vom Feld zu genie\u00dfen \u2013 und das durch eigene Ernte. Die Idee hinter \u201cUns\u2019r [&hellip;]<\/p>\n","protected":false},"author":1,"featured_media":0,"parent":69,"menu_order":0,"comment_status":"closed","ping_status":"closed","template":"","meta":{"site-sidebar-layout":"no-sidebar","site-content-layout":"page-builder","ast-site-content-layout":"full-width-container","site-content-style":"default","site-sidebar-style":"default","ast-global-header-display":"","ast-banner-title-visibility":"","ast-main-header-display":"","ast-hfb-above-header-display":"","ast-hfb-below-header-display":"","ast-hfb-mobile-header-display":"","site-post-title":"disabled","ast-breadcrumbs-content":"","ast-featured-img":"disabled","footer-sml-layout":"","theme-transparent-header-meta":"","adv-header-id-meta":"","stick-header-meta":"","header-above-stick-meta":"","header-main-stick-meta":"","header-below-stick-meta":"","astra-migrate-meta-layouts":"set","ast-page-background-enabled":"default","ast-page-background-meta":{"desktop":{"background-color":"","background-image":"","background-repeat":"repeat","background-position":"center center","background-size":"auto","background-attachment":"scroll","background-type":"","background-media":"","overlay-type":"","overlay-color":"","overlay-opacity":"","overlay-gradient":""},"tablet":{"background-color":"","background-image":"","background-repeat":"repeat","background-position":"center center","background-size":"auto","background-attachment":"scroll","background-type":"","background-media":"","overlay-type":"","overlay-color":"","overlay-opacity":"","overlay-gradient":""},"mobile":{"background-color":"","background-image":"","background-repeat":"repeat","background-position":"center center","background-size":"auto","background-attachment":"scroll","background-type":"","background-media":"","overlay-type":"","overlay-color":"","overlay-opacity":"","overlay-gradient":""}},"ast-content-background-meta":{"desktop":{"background-color":"var(--ast-global-color-5)","background-image":"","background-repeat":"repeat","background-position":"center center","background-size":"auto","background-attachment":"scroll","background-type":"","background-media":"","overlay-type":"","overlay-color":"","overlay-opacity":"","overlay-gradient":""},"tablet":{"background-color":"var(--ast-global-color-5)","background-image":"","background-repeat":"repeat","background-position":"center center","background-size":"auto","background-attachment":"scroll","background-type":"","background-media":"","overlay-type":"","overlay-color":"","overlay-opacity":"","overlay-gradient":""},"mobile":{"background-color":"var(--ast-global-color-5)","background-image":"","background-repeat":"repeat","background-position":"center center","background-size":"auto","background-attachment":"scroll","background-type":"","background-media":"","overlay-type":"","overlay-color":"","overlay-opacity":"","overlay-gradient":""}},"footnotes":""},"class_list":["post-8970","page","type-page","status-publish","hentry"],"yoast_head":"<!-- This site is optimized with the Yoast SEO plugin v25.7 - https:\/\/yoast.com\/wordpress\/plugins\/seo\/ -->\n<title>Selbsterntegarten mit frischem Bio-Gem\u00fcse I Bio Hotel LindenGut<\/title>\n<meta name=\"description\" content=\"Entdecke unseren Selbsterntegarten \u201eUns\u2019r Gart\u2019n\u201c mit frischem Bio-Gem\u00fcse zum Ernten. K\u00f6stliches aus dem Garten I Bio Hotel LindenGut\" \/>\n<meta name=\"robots\" content=\"index, follow, max-snippet:-1, max-image-preview:large, max-video-preview:-1\" \/>\n<link rel=\"canonical\" href=\"https:\/\/linden-gut.eu\/de\/demeter-landwirtschaft\/unsr-gartn-der-selbsterntegarten\/\" \/>\n<meta property=\"og:locale\" content=\"de_DE\" \/>\n<meta property=\"og:type\" content=\"article\" \/>\n<meta property=\"og:title\" content=\"Selbsterntegarten mit frischem Bio-Gem\u00fcse I Bio Hotel LindenGut\" \/>\n<meta property=\"og:description\" content=\"Entdecke unseren Selbsterntegarten \u201eUns\u2019r Gart\u2019n\u201c mit frischem Bio-Gem\u00fcse zum Ernten. K\u00f6stliches aus dem Garten I Bio Hotel LindenGut\" \/>\n<meta property=\"og:url\" content=\"https:\/\/linden-gut.eu\/de\/demeter-landwirtschaft\/unsr-gartn-der-selbsterntegarten\/\" \/>\n<meta property=\"article:publisher\" content=\"https:\/\/www.facebook.com\/LindenGutDipperz\" \/>\n<meta property=\"article:modified_time\" content=\"2025-11-24T08:26:29+00:00\" \/>\n<meta property=\"og:image\" content=\"https:\/\/linden-gut.eu\/wp-content\/uploads\/2024\/11\/Selbsterntegarten_schmal.jpg\" \/>\n<meta name=\"twitter:card\" content=\"summary_large_image\" \/>\n<meta name=\"twitter:label1\" content=\"Gesch\u00e4tzte Lesezeit\" \/>\n\t<meta name=\"twitter:data1\" content=\"2\u00a0Minuten\" \/>\n<script type=\"application\/ld+json\" class=\"yoast-schema-graph\">{\"@context\":\"https:\/\/schema.org\",\"@graph\":[{\"@type\":\"WebPage\",\"@id\":\"https:\/\/linden-gut.eu\/de\/demeter-landwirtschaft\/unsr-gartn-der-selbsterntegarten\/\",\"url\":\"https:\/\/linden-gut.eu\/de\/demeter-landwirtschaft\/unsr-gartn-der-selbsterntegarten\/\",\"name\":\"Selbsterntegarten mit frischem Bio-Gem\u00fcse I Bio Hotel LindenGut\",\"isPartOf\":{\"@id\":\"https:\/\/linden-gut.eu\/de\/#website\"},\"primaryImageOfPage\":{\"@id\":\"https:\/\/linden-gut.eu\/de\/demeter-landwirtschaft\/unsr-gartn-der-selbsterntegarten\/#primaryimage\"},\"image\":{\"@id\":\"https:\/\/linden-gut.eu\/de\/demeter-landwirtschaft\/unsr-gartn-der-selbsterntegarten\/#primaryimage\"},\"thumbnailUrl\":\"https:\/\/linden-gut.eu\/wp-content\/uploads\/2024\/11\/Selbsterntegarten_schmal.jpg\",\"datePublished\":\"2024-11-21T11:05:54+00:00\",\"dateModified\":\"2025-11-24T08:26:29+00:00\",\"description\":\"Entdecke unseren Selbsterntegarten \u201eUns\u2019r Gart\u2019n\u201c mit frischem Bio-Gem\u00fcse zum Ernten. K\u00f6stliches aus dem Garten I Bio Hotel LindenGut\",\"breadcrumb\":{\"@id\":\"https:\/\/linden-gut.eu\/de\/demeter-landwirtschaft\/unsr-gartn-der-selbsterntegarten\/#breadcrumb\"},\"inLanguage\":\"de\",\"potentialAction\":[{\"@type\":\"ReadAction\",\"target\":[\"https:\/\/linden-gut.eu\/de\/demeter-landwirtschaft\/unsr-gartn-der-selbsterntegarten\/\"]}]},{\"@type\":\"ImageObject\",\"inLanguage\":\"de\",\"@id\":\"https:\/\/linden-gut.eu\/de\/demeter-landwirtschaft\/unsr-gartn-der-selbsterntegarten\/#primaryimage\",\"url\":\"https:\/\/linden-gut.eu\/wp-content\/uploads\/2024\/11\/Selbsterntegarten_schmal.jpg\",\"contentUrl\":\"https:\/\/linden-gut.eu\/wp-content\/uploads\/2024\/11\/Selbsterntegarten_schmal.jpg\"},{\"@type\":\"BreadcrumbList\",\"@id\":\"https:\/\/linden-gut.eu\/de\/demeter-landwirtschaft\/unsr-gartn-der-selbsterntegarten\/#breadcrumb\",\"itemListElement\":[{\"@type\":\"ListItem\",\"position\":1,\"name\":\"Startseite\",\"item\":\"https:\/\/linden-gut.eu\/de\/\"},{\"@type\":\"ListItem\",\"position\":2,\"name\":\"Demeter Landwirtschaft\",\"item\":\"https:\/\/linden-gut.eu\/de\/demeter-landwirtschaft\/\"},{\"@type\":\"ListItem\",\"position\":3,\"name\":\"Uns&#8217;r Gart&#8217;n &#8211; der Selbsterntegarten\"}]},{\"@type\":\"WebSite\",\"@id\":\"https:\/\/linden-gut.eu\/de\/#website\",\"url\":\"https:\/\/linden-gut.eu\/de\/\",\"name\":\"LindenGut\",\"description\":\"Nachhaltiger Genuss und Komfort \u2013 Bio-Qualit\u00e4t in Hotel, Herberge, Hofladen und mehr.\",\"publisher\":{\"@id\":\"https:\/\/linden-gut.eu\/de\/#organization\"},\"potentialAction\":[{\"@type\":\"SearchAction\",\"target\":{\"@type\":\"EntryPoint\",\"urlTemplate\":\"https:\/\/linden-gut.eu\/de\/?s={search_term_string}\"},\"query-input\":{\"@type\":\"PropertyValueSpecification\",\"valueRequired\":true,\"valueName\":\"search_term_string\"}}],\"inLanguage\":\"de\"},{\"@type\":\"Organization\",\"@id\":\"https:\/\/linden-gut.eu\/de\/#organization\",\"name\":\"LindenGut GmbH & Co. KG\",\"url\":\"https:\/\/linden-gut.eu\/de\/\",\"logo\":{\"@type\":\"ImageObject\",\"inLanguage\":\"de\",\"@id\":\"https:\/\/linden-gut.eu\/de\/#\/schema\/logo\/image\/\",\"url\":\"https:\/\/linden-gut.eu\/wp-content\/uploads\/2021\/04\/Biohotel-Lindengut-Favicon.png\",\"contentUrl\":\"https:\/\/linden-gut.eu\/wp-content\/uploads\/2021\/04\/Biohotel-Lindengut-Favicon.png\",\"width\":712,\"height\":712,\"caption\":\"LindenGut GmbH & Co. KG\"},\"image\":{\"@id\":\"https:\/\/linden-gut.eu\/de\/#\/schema\/logo\/image\/\"},\"sameAs\":[\"https:\/\/www.facebook.com\/LindenGutDipperz\",\"https:\/\/www.instagram.com\/lindengut_biohotel\/\",\"http:\/\/www.youtube.com\/@lindengutwegweiser2448\"]}]}<\/script>\n<!-- \/ Yoast SEO plugin. -->","yoast_head_json":{"title":"Selbsterntegarten mit frischem Bio-Gem\u00fcse I Bio Hotel LindenGut","description":"Entdecke unseren Selbsterntegarten \u201eUns\u2019r Gart\u2019n\u201c mit frischem Bio-Gem\u00fcse zum Ernten. K\u00f6stliches aus dem Garten I Bio Hotel LindenGut","robots":{"index":"index","follow":"follow","max-snippet":"max-snippet:-1","max-image-preview":"max-image-preview:large","max-video-preview":"max-video-preview:-1"},"canonical":"https:\/\/linden-gut.eu\/de\/demeter-landwirtschaft\/unsr-gartn-der-selbsterntegarten\/","og_locale":"de_DE","og_type":"article","og_title":"Selbsterntegarten mit frischem Bio-Gem\u00fcse I Bio Hotel LindenGut","og_description":"Entdecke unseren Selbsterntegarten \u201eUns\u2019r Gart\u2019n\u201c mit frischem Bio-Gem\u00fcse zum Ernten. K\u00f6stliches aus dem Garten I Bio Hotel LindenGut","og_url":"https:\/\/linden-gut.eu\/de\/demeter-landwirtschaft\/unsr-gartn-der-selbsterntegarten\/","article_publisher":"https:\/\/www.facebook.com\/LindenGutDipperz","article_modified_time":"2025-11-24T08:26:29+00:00","og_image":[{"url":"https:\/\/linden-gut.eu\/wp-content\/uploads\/2024\/11\/Selbsterntegarten_schmal.jpg","type":"","width":"","height":""}],"twitter_card":"summary_large_image","twitter_misc":{"Gesch\u00e4tzte Lesezeit":"2\u00a0Minuten"},"schema":{"@context":"https:\/\/schema.org","@graph":[{"@type":"WebPage","@id":"https:\/\/linden-gut.eu\/de\/demeter-landwirtschaft\/unsr-gartn-der-selbsterntegarten\/","url":"https:\/\/linden-gut.eu\/de\/demeter-landwirtschaft\/unsr-gartn-der-selbsterntegarten\/","name":"Selbsterntegarten mit frischem Bio-Gem\u00fcse I Bio Hotel LindenGut","isPartOf":{"@id":"https:\/\/linden-gut.eu\/de\/#website"},"primaryImageOfPage":{"@id":"https:\/\/linden-gut.eu\/de\/demeter-landwirtschaft\/unsr-gartn-der-selbsterntegarten\/#primaryimage"},"image":{"@id":"https:\/\/linden-gut.eu\/de\/demeter-landwirtschaft\/unsr-gartn-der-selbsterntegarten\/#primaryimage"},"thumbnailUrl":"https:\/\/linden-gut.eu\/wp-content\/uploads\/2024\/11\/Selbsterntegarten_schmal.jpg","datePublished":"2024-11-21T11:05:54+00:00","dateModified":"2025-11-24T08:26:29+00:00","description":"Entdecke unseren Selbsterntegarten \u201eUns\u2019r Gart\u2019n\u201c mit frischem Bio-Gem\u00fcse zum Ernten. K\u00f6stliches aus dem Garten I Bio Hotel LindenGut","breadcrumb":{"@id":"https:\/\/linden-gut.eu\/de\/demeter-landwirtschaft\/unsr-gartn-der-selbsterntegarten\/#breadcrumb"},"inLanguage":"de","potentialAction":[{"@type":"ReadAction","target":["https:\/\/linden-gut.eu\/de\/demeter-landwirtschaft\/unsr-gartn-der-selbsterntegarten\/"]}]},{"@type":"ImageObject","inLanguage":"de","@id":"https:\/\/linden-gut.eu\/de\/demeter-landwirtschaft\/unsr-gartn-der-selbsterntegarten\/#primaryimage","url":"https:\/\/linden-gut.eu\/wp-content\/uploads\/2024\/11\/Selbsterntegarten_schmal.jpg","contentUrl":"https:\/\/linden-gut.eu\/wp-content\/uploads\/2024\/11\/Selbsterntegarten_schmal.jpg"},{"@type":"BreadcrumbList","@id":"https:\/\/linden-gut.eu\/de\/demeter-landwirtschaft\/unsr-gartn-der-selbsterntegarten\/#breadcrumb","itemListElement":[{"@type":"ListItem","position":1,"name":"Startseite","item":"https:\/\/linden-gut.eu\/de\/"},{"@type":"ListItem","position":2,"name":"Demeter Landwirtschaft","item":"https:\/\/linden-gut.eu\/de\/demeter-landwirtschaft\/"},{"@type":"ListItem","position":3,"name":"Uns&#8217;r Gart&#8217;n &#8211; der Selbsterntegarten"}]},{"@type":"WebSite","@id":"https:\/\/linden-gut.eu\/de\/#website","url":"https:\/\/linden-gut.eu\/de\/","name":"LindenGut","description":"Nachhaltiger Genuss und Komfort \u2013 Bio-Qualit\u00e4t in Hotel, Herberge, Hofladen und mehr.","publisher":{"@id":"https:\/\/linden-gut.eu\/de\/#organization"},"potentialAction":[{"@type":"SearchAction","target":{"@type":"EntryPoint","urlTemplate":"https:\/\/linden-gut.eu\/de\/?s={search_term_string}"},"query-input":{"@type":"PropertyValueSpecification","valueRequired":true,"valueName":"search_term_string"}}],"inLanguage":"de"},{"@type":"Organization","@id":"https:\/\/linden-gut.eu\/de\/#organization","name":"LindenGut GmbH & Co. KG","url":"https:\/\/linden-gut.eu\/de\/","logo":{"@type":"ImageObject","inLanguage":"de","@id":"https:\/\/linden-gut.eu\/de\/#\/schema\/logo\/image\/","url":"https:\/\/linden-gut.eu\/wp-content\/uploads\/2021\/04\/Biohotel-Lindengut-Favicon.png","contentUrl":"https:\/\/linden-gut.eu\/wp-content\/uploads\/2021\/04\/Biohotel-Lindengut-Favicon.png","width":712,"height":712,"caption":"LindenGut GmbH & Co. KG"},"image":{"@id":"https:\/\/linden-gut.eu\/de\/#\/schema\/logo\/image\/"},"sameAs":["https:\/\/www.facebook.com\/LindenGutDipperz","https:\/\/www.instagram.com\/lindengut_biohotel\/","http:\/\/www.youtube.com\/@lindengutwegweiser2448"]}]}},"_links":{"self":[{"href":"https:\/\/linden-gut.eu\/de\/wp-json\/wp\/v2\/pages\/8970","targetHints":{"allow":["GET"]}}],"collection":[{"href":"https:\/\/linden-gut.eu\/de\/wp-json\/wp\/v2\/pages"}],"about":[{"href":"https:\/\/linden-gut.eu\/de\/wp-json\/wp\/v2\/types\/page"}],"author":[{"embeddable":true,"href":"https:\/\/linden-gut.eu\/de\/wp-json\/wp\/v2\/users\/1"}],"replies":[{"embeddable":true,"href":"https:\/\/linden-gut.eu\/de\/wp-json\/wp\/v2\/comments?post=8970"}],"version-history":[{"count":4,"href":"https:\/\/linden-gut.eu\/de\/wp-json\/wp\/v2\/pages\/8970\/revisions"}],"predecessor-version":[{"id":11069,"href":"https:\/\/linden-gut.eu\/de\/wp-json\/wp\/v2\/pages\/8970\/revisions\/11069"}],"up":[{"embeddable":true,"href":"https:\/\/linden-gut.eu\/de\/wp-json\/wp\/v2\/pages\/69"}],"wp:attachment":[{"href":"https:\/\/linden-gut.eu\/de\/wp-json\/wp\/v2\/media?parent=8970"}],"curies":[{"name":"wp","href":"https:\/\/api.w.org\/{rel}","templated":true}]}}