{"id":7836,"date":"2024-06-12T09:08:19","date_gmt":"2024-06-12T09:08:19","guid":{"rendered":"https:\/\/b36oyymf.myrdbx.io\/?page_id=7836"},"modified":"2025-11-24T08:23:33","modified_gmt":"2025-11-24T08:23:33","slug":"news","status":"publish","type":"page","link":"https:\/\/linden-gut.eu\/de\/news\/","title":{"rendered":"News"},"content":{"rendered":"\t\t<div data-elementor-type=\"wp-page\" data-elementor-id=\"7836\" class=\"elementor elementor-7836\" data-elementor-post-type=\"page\">\n\t\t\t\t\t\t<section class=\"elementor-section elementor-top-section elementor-element elementor-element-f618931 elementor-section-boxed elementor-section-height-default elementor-section-height-default\" data-id=\"f618931\" data-element_type=\"section\">\n\t\t\t\t\t\t<div class=\"elementor-container elementor-column-gap-default\">\n\t\t\t\t\t<div class=\"elementor-column elementor-col-100 elementor-top-column elementor-element elementor-element-67d879b\" data-id=\"67d879b\" data-element_type=\"column\">\n\t\t\t<div class=\"elementor-widget-wrap elementor-element-populated\">\n\t\t\t\t\t\t<div class=\"elementor-element elementor-element-1ccec2a elementor-widget elementor-widget-heading\" data-id=\"1ccec2a\" data-element_type=\"widget\" data-widget_type=\"heading.default\">\n\t\t\t\t<div class=\"elementor-widget-container\">\n\t\t\t\t\t<h1 class=\"elementor-heading-title elementor-size-default\">Neuigkeiten vom LindenGut<\/h1>\t\t\t\t<\/div>\n\t\t\t\t<\/div>\n\t\t\t\t\t<\/div>\n\t\t<\/div>\n\t\t\t\t\t<\/div>\n\t\t<\/section>\n\t\t\t\t<section class=\"elementor-section elementor-top-section elementor-element elementor-element-564fdd7 elementor-section-boxed elementor-section-height-default elementor-section-height-default\" data-id=\"564fdd7\" data-element_type=\"section\">\n\t\t\t\t\t\t<div class=\"elementor-container elementor-column-gap-default\">\n\t\t\t\t\t<div class=\"elementor-column elementor-col-33 elementor-top-column elementor-element elementor-element-531f245\" data-id=\"531f245\" data-element_type=\"column\">\n\t\t\t<div class=\"elementor-widget-wrap elementor-element-populated\">\n\t\t\t\t\t\t<div class=\"elementor-element elementor-element-f70ceb4 elementor-widget elementor-widget-text-editor\" data-id=\"f70ceb4\" data-element_type=\"widget\" data-widget_type=\"text-editor.default\">\n\t\t\t\t<div class=\"elementor-widget-container\">\n\t\t\t\t\t\t\t\t\t<p>November 2025<\/p><p style=\"--brlbs-tw-scale-x: 1; --brlbs-tw-scale-y: 1; --brlbs-tw-scroll-snap-strictness: proximity; --brlbs-tw-ring-offset-width: 0px; --brlbs-tw-ring-offset-color: #fff; --brlbs-tw-ring-color: rgba(59,130,246,.5); --brlbs-tw-ring-offset-shadow: 0 0 #0000; --brlbs-tw-ring-shadow: 0 0 #0000; --brlbs-tw-shadow: 0 0 #0000; --brlbs-tw-shadow-colored: 0 0 #0000; font-size: 1.85714rem; font-style: normal;\" data-start=\"1679\" data-end=\"1745\"><strong>BIO HOTELS Mitgliederversammlung: Ein inspirierendes Wochenende am LindenGut<\/strong><\/p><p data-start=\"266\" data-end=\"525\">Ein Wochenende voller Austausch, Inspiration und gemeinsamer Werte: Das LindenGut war Gastgeber der diesj\u00e4hrigen BIO HOTELS Mitgliederversammlung. In diesem Rahmen wurde uns eine besondere Freude zuteil \u2013 die Ehrung unserer\u00a0<strong data-start=\"3292\" data-end=\"3322\">10-j\u00e4hrigen Mitgliedschaft<\/strong>\u00a0bei BIO HOTELS. Die \u00dcbergabe der Jubil\u00e4umsplakette an Frau Lindner, festgehalten auf dem Foto, markiert einen wichtigen Meilenstein unseres nachhaltigen Weges.<\/p>\t\t\t\t\t\t\t\t<\/div>\n\t\t\t\t<\/div>\n\t\t\t\t\t<\/div>\n\t\t<\/div>\n\t\t\t\t<div class=\"elementor-column elementor-col-33 elementor-top-column elementor-element elementor-element-3f1b857\" data-id=\"3f1b857\" data-element_type=\"column\">\n\t\t\t<div class=\"elementor-widget-wrap elementor-element-populated\">\n\t\t\t\t\t\t<div class=\"elementor-element elementor-element-eae167b elementor-widget elementor-widget-text-editor\" data-id=\"eae167b\" data-element_type=\"widget\" data-widget_type=\"text-editor.default\">\n\t\t\t\t<div class=\"elementor-widget-container\">\n\t\t\t\t\t\t\t\t\t<p data-start=\"3068\" data-end=\"3482\">\u00a0Die Versammlung bot viele Highlights: Das neue BIO HOTELS Marketingkonzept wurde vorgestellt, inklusive der \u201eBio Lady\u201c als neues Gesicht der Marke sowie einem Blick in die Zukunft f\u00fcr 2026. Dazu kamen spannende Vortr\u00e4ge, Workshops zu Permakultur, Zero Waste und Osmosegaren, sowie Hoff\u00fchrungen, die den G\u00e4sten das LindenGut n\u00e4herbrachten.<\/p><p data-start=\"3824\" data-end=\"4079\">Eine bunte Produktmeile, Bio-K\u00f6stlichkeiten aus unserer K\u00fcche und fr\u00f6hliche Abende voller Begegnungen rundeten das Wochenende ab.<br data-start=\"3957\" data-end=\"3960\" \/>Wir freuen uns \u00fcber die gelungene Veranstaltung und die gemeinsame Energie f\u00fcr eine nachhaltige Zukunft der Hotellerie.<\/p>\t\t\t\t\t\t\t\t<\/div>\n\t\t\t\t<\/div>\n\t\t\t\t\t<\/div>\n\t\t<\/div>\n\t\t\t\t<div class=\"elementor-column elementor-col-33 elementor-top-column elementor-element elementor-element-e16bdb3\" data-id=\"e16bdb3\" data-element_type=\"column\">\n\t\t\t<div class=\"elementor-widget-wrap elementor-element-populated\">\n\t\t\t\t\t\t<div class=\"elementor-element elementor-element-71e316d elementor-widget elementor-widget-image\" data-id=\"71e316d\" data-element_type=\"widget\" data-widget_type=\"image.default\">\n\t\t\t\t<div class=\"elementor-widget-container\">\n\t\t\t\t\t\t\t\t\t\t\t\t\t\t\t<img fetchpriority=\"high\" decoding=\"async\" width=\"682\" height=\"1024\" src=\"https:\/\/linden-gut.eu\/wp-content\/uploads\/2025\/11\/10-Jahre-Bio-Hotels-Jubilaeum-682x1024.jpg\" class=\"attachment-large size-large wp-image-10531\" alt=\"\u00dcbergabe der Holzplakete zum 10-j\u00e4hrigen Jubil\u00e4um des LindenGuts bei Bio Hotels vor dem neuen Banner der Bio Hotels\" srcset=\"https:\/\/linden-gut.eu\/wp-content\/uploads\/2025\/11\/10-Jahre-Bio-Hotels-Jubilaeum-682x1024.jpg 682w, https:\/\/linden-gut.eu\/wp-content\/uploads\/2025\/11\/10-Jahre-Bio-Hotels-Jubilaeum-200x300.jpg 200w, https:\/\/linden-gut.eu\/wp-content\/uploads\/2025\/11\/10-Jahre-Bio-Hotels-Jubilaeum.jpg 708w\" sizes=\"(max-width: 682px) 100vw, 682px\" \/>\t\t\t\t\t\t\t\t\t\t\t\t\t\t\t<\/div>\n\t\t\t\t<\/div>\n\t\t\t\t\t<\/div>\n\t\t<\/div>\n\t\t\t\t\t<\/div>\n\t\t<\/section>\n\t\t\t\t<section class=\"elementor-section elementor-top-section elementor-element elementor-element-8925c7a elementor-section-boxed elementor-section-height-default elementor-section-height-default\" data-id=\"8925c7a\" data-element_type=\"section\">\n\t\t\t\t\t\t<div class=\"elementor-container elementor-column-gap-default\">\n\t\t\t\t\t<div class=\"elementor-column elementor-col-100 elementor-top-column elementor-element elementor-element-e7edd59\" data-id=\"e7edd59\" data-element_type=\"column\">\n\t\t\t<div class=\"elementor-widget-wrap elementor-element-populated\">\n\t\t\t\t\t\t<div class=\"elementor-element elementor-element-acd95b8 elementor-widget-divider--view-line elementor-widget elementor-widget-divider\" data-id=\"acd95b8\" data-element_type=\"widget\" data-widget_type=\"divider.default\">\n\t\t\t\t<div class=\"elementor-widget-container\">\n\t\t\t\t\t\t\t<div class=\"elementor-divider\">\n\t\t\t<span class=\"elementor-divider-separator\">\n\t\t\t\t\t\t<\/span>\n\t\t<\/div>\n\t\t\t\t\t\t<\/div>\n\t\t\t\t<\/div>\n\t\t\t\t\t<\/div>\n\t\t<\/div>\n\t\t\t\t\t<\/div>\n\t\t<\/section>\n\t\t\t\t<section class=\"elementor-section elementor-top-section elementor-element elementor-element-a7e1f0a elementor-section-boxed elementor-section-height-default elementor-section-height-default\" data-id=\"a7e1f0a\" data-element_type=\"section\">\n\t\t\t\t\t\t<div class=\"elementor-container elementor-column-gap-default\">\n\t\t\t\t\t<div class=\"elementor-column elementor-col-33 elementor-top-column elementor-element elementor-element-ec11a2a\" data-id=\"ec11a2a\" data-element_type=\"column\">\n\t\t\t<div class=\"elementor-widget-wrap elementor-element-populated\">\n\t\t\t\t\t\t<div class=\"elementor-element elementor-element-42f1e01 elementor-widget elementor-widget-text-editor\" data-id=\"42f1e01\" data-element_type=\"widget\" data-widget_type=\"text-editor.default\">\n\t\t\t\t<div class=\"elementor-widget-container\">\n\t\t\t\t\t\t\t\t\t<p>November 2025<\/p><h3 style=\"--brlbs-tw-scale-x: 1; --brlbs-tw-scale-y: 1; --brlbs-tw-scroll-snap-strictness: proximity; --brlbs-tw-ring-offset-width: 0px; --brlbs-tw-ring-offset-color: #fff; --brlbs-tw-ring-color: rgba(59,130,246,.5); --brlbs-tw-ring-offset-shadow: 0 0 #0000; --brlbs-tw-ring-shadow: 0 0 #0000; --brlbs-tw-shadow: 0 0 #0000; --brlbs-tw-shadow-colored: 0 0 #0000; font-size: 1.85714rem; font-style: normal;\" data-start=\"1679\" data-end=\"1745\"><span style=\"color: #2b2a29; font-family: PTSansLoc, sans-serif; font-size: 25px; font-style: inherit;\">Mitgliederversammlung bringt neue Impulse f\u00fcr Uns&#8217;r Gart&#8217;n<\/span><\/h3><p data-start=\"266\" data-end=\"525\">Die j\u00e4hrliche Mitgliederversammlung von\u00a0<em style=\"--brlbs-tw-scale-x: 1; --brlbs-tw-scale-y: 1; --brlbs-tw-scroll-snap-strictness: proximity; --brlbs-tw-ring-offset-width: 0px; --brlbs-tw-ring-offset-color: #fff; --brlbs-tw-ring-color: rgba(59,130,246,.5); --brlbs-tw-ring-offset-shadow: 0 0 #0000; --brlbs-tw-ring-shadow: 0 0 #0000; --brlbs-tw-shadow: 0 0 #0000; --brlbs-tw-shadow-colored: 0 0 #0000;\" data-start=\"1787\" data-end=\"1801\">Uns\u2019r Gart\u2019n<\/em>\u00a0brachte zahlreiche Anregungen und wichtige Entscheidungen f\u00fcr die n\u00e4chste Saison hervor. Ein zentraler Punkt war die Aufteilung der Ernteanteile zwischen K\u00fcche, Hofladen und privaten Mitgliedern, die sowohl im Sommer als auch in der Winterlagerung zu organisatorischen Herausforderungen gef\u00fchrt hat.\u00a0<\/p><p style=\"--brlbs-tw-scale-x: 1; --brlbs-tw-scale-y: 1; --brlbs-tw-scroll-snap-strictness: proximity; --brlbs-tw-ring-offset-width: 0px; --brlbs-tw-ring-offset-color: #fff; --brlbs-tw-ring-color: rgba(59,130,246,.5); --brlbs-tw-ring-offset-shadow: 0 0 #0000; --brlbs-tw-ring-shadow: 0 0 #0000; --brlbs-tw-shadow: 0 0 #0000; --brlbs-tw-shadow-colored: 0 0 #0000; font-size: 15px; font-style: normal; font-weight: 400;\" data-start=\"2171\" data-end=\"2529\">Auch das bisherige F\u00e4hnchensystem mit drei Farben wurde hinterfragt. Als Verbesserung wurde ein leicht verst\u00e4ndliches Ampelsystem vorgeschlagen, das k\u00fcnftig\u00a0<\/p>\t\t\t\t\t\t\t\t<\/div>\n\t\t\t\t<\/div>\n\t\t\t\t\t<\/div>\n\t\t<\/div>\n\t\t\t\t<div class=\"elementor-column elementor-col-33 elementor-top-column elementor-element elementor-element-228af51\" data-id=\"228af51\" data-element_type=\"column\">\n\t\t\t<div class=\"elementor-widget-wrap elementor-element-populated\">\n\t\t\t\t\t\t<div class=\"elementor-element elementor-element-df9c037 elementor-widget elementor-widget-text-editor\" data-id=\"df9c037\" data-element_type=\"widget\" data-widget_type=\"text-editor.default\">\n\t\t\t\t<div class=\"elementor-widget-container\">\n\t\t\t\t\t\t\t\t\t<p data-start=\"1679\" data-end=\"1745\">f\u00fcr mehr \u00dcbersichtlichkeit sorgen k\u00f6nnte. Parallel dazu wird der Informationsfluss ausgebaut: Erkl\u00e4rende Erntevideos und fr\u00fchere Hinweise z. B. zum Abr\u00e4umen von Beeten sollen die Mitglieder besser begleiten.<\/p><p data-start=\"1679\" data-end=\"1745\">Zus\u00e4tzlich wurden neue Veranstaltungsformate angeregt, u. a. ein Fr\u00fchlingspicknick, ein Lagerfeuerabend sowie kleine Workshops unseres Kochs Janis zum Thema Haltbarmachen.<\/p><p data-start=\"2873\" data-end=\"2926\">Der Saisonbeitrag f\u00fcr 2026 wurde auf 54 \u20ac festgelegt.<\/p><p data-start=\"2928\" data-end=\"3075\">Mit diesen Weiterentwicklungen geht Uns\u2019r Gart\u2019n gest\u00e4rkt in die n\u00e4chste Saison \u2013 mit noch mehr Transparenz, Austausch und gemeinsamen Erlebnissen.<\/p><p data-start=\"2928\" data-end=\"3075\">Abschlie\u00dfend wurde die Arbeit des Teams sehr gelobt.<\/p>\t\t\t\t\t\t\t\t<\/div>\n\t\t\t\t<\/div>\n\t\t\t\t\t<\/div>\n\t\t<\/div>\n\t\t\t\t<div class=\"elementor-column elementor-col-33 elementor-top-column elementor-element elementor-element-9024f8d\" data-id=\"9024f8d\" data-element_type=\"column\">\n\t\t\t<div class=\"elementor-widget-wrap elementor-element-populated\">\n\t\t\t\t\t\t<div class=\"elementor-element elementor-element-75b5827 elementor-widget elementor-widget-image\" data-id=\"75b5827\" data-element_type=\"widget\" data-widget_type=\"image.default\">\n\t\t\t\t<div class=\"elementor-widget-container\">\n\t\t\t\t\t\t\t\t\t\t\t\t\t\t\t<img decoding=\"async\" width=\"682\" height=\"1024\" src=\"https:\/\/linden-gut.eu\/wp-content\/uploads\/2025\/11\/Mitgliederversammlung-Selbsterntegarten-682x1024.jpg\" class=\"attachment-large size-large wp-image-10533\" alt=\"Mitgliederversammlung Selbsterntegarten. Man sieht eine Frau an einem Laptop und einen gro\u00dfen Bildschrim mit einem Diagramm in einem Raum mit viel Holz\" srcset=\"https:\/\/linden-gut.eu\/wp-content\/uploads\/2025\/11\/Mitgliederversammlung-Selbsterntegarten-682x1024.jpg 682w, https:\/\/linden-gut.eu\/wp-content\/uploads\/2025\/11\/Mitgliederversammlung-Selbsterntegarten-200x300.jpg 200w, https:\/\/linden-gut.eu\/wp-content\/uploads\/2025\/11\/Mitgliederversammlung-Selbsterntegarten.jpg 708w\" sizes=\"(max-width: 682px) 100vw, 682px\" \/>\t\t\t\t\t\t\t\t\t\t\t\t\t\t\t<\/div>\n\t\t\t\t<\/div>\n\t\t\t\t\t<\/div>\n\t\t<\/div>\n\t\t\t\t\t<\/div>\n\t\t<\/section>\n\t\t\t\t<section class=\"elementor-section elementor-top-section elementor-element elementor-element-13a3338 elementor-section-boxed elementor-section-height-default elementor-section-height-default\" data-id=\"13a3338\" data-element_type=\"section\">\n\t\t\t\t\t\t<div class=\"elementor-container elementor-column-gap-default\">\n\t\t\t\t\t<div class=\"elementor-column elementor-col-100 elementor-top-column elementor-element elementor-element-84f2b81\" data-id=\"84f2b81\" data-element_type=\"column\">\n\t\t\t<div class=\"elementor-widget-wrap elementor-element-populated\">\n\t\t\t\t\t\t<div class=\"elementor-element elementor-element-be9e025 elementor-widget-divider--view-line elementor-widget elementor-widget-divider\" data-id=\"be9e025\" data-element_type=\"widget\" data-widget_type=\"divider.default\">\n\t\t\t\t<div class=\"elementor-widget-container\">\n\t\t\t\t\t\t\t<div class=\"elementor-divider\">\n\t\t\t<span class=\"elementor-divider-separator\">\n\t\t\t\t\t\t<\/span>\n\t\t<\/div>\n\t\t\t\t\t\t<\/div>\n\t\t\t\t<\/div>\n\t\t\t\t\t<\/div>\n\t\t<\/div>\n\t\t\t\t\t<\/div>\n\t\t<\/section>\n\t\t\t\t<section class=\"elementor-section elementor-top-section elementor-element elementor-element-2bbd517 elementor-section-boxed elementor-section-height-default elementor-section-height-default\" data-id=\"2bbd517\" data-element_type=\"section\">\n\t\t\t\t\t\t<div class=\"elementor-container elementor-column-gap-default\">\n\t\t\t\t\t<div class=\"elementor-column elementor-col-33 elementor-top-column elementor-element elementor-element-55940ee\" data-id=\"55940ee\" data-element_type=\"column\">\n\t\t\t<div class=\"elementor-widget-wrap elementor-element-populated\">\n\t\t\t\t\t\t<div class=\"elementor-element elementor-element-8797edf elementor-widget elementor-widget-text-editor\" data-id=\"8797edf\" data-element_type=\"widget\" data-widget_type=\"text-editor.default\">\n\t\t\t\t<div class=\"elementor-widget-container\">\n\t\t\t\t\t\t\t\t\t<p>November 2025<\/p><h2>Unser StadtLaden in Fulda wurde er\u00f6ffnet<\/h2><p data-start=\"266\" data-end=\"525\"><span style=\"font-size: 10.5pt; font-family: 'Helvetica',sans-serif; mso-fareast-font-family: Aptos; mso-fareast-theme-font: minor-latin; color: #082137; mso-ansi-language: DE; mso-fareast-language: DE; mso-bidi-language: AR-SA;\">Am\u00a0<br \/>11.11.2025 \u00f6ffneten wir die T\u00fcren unseres neuen <strong data-start=\"348\" data-end=\"395\">StadtLadens in<br \/>der Rabanusstra\u00dfe 1 in Fulda<\/strong>!<\/span><\/p><p><span style=\"font-size: 10.5pt; font-family: 'Helvetica',sans-serif; color: #082137;\">Zahlreiche neugierige Besucher kamen an dem Tag und entdeckten\u00a0unsere <strong data-start=\"420\" data-end=\"450\">hausgemachten Bio-Produkte<\/strong> aus <strong data-start=\"455\" data-end=\"495\">Metzgerei, B\u00e4ckerei und\u00a0 Nudelmanufaktur<\/strong> sowie unsere\u00a0feinen <strong>Bio-Glaswaren<\/strong> zum Mitnehmen oder Verschenken.<\/span><\/p>\t\t\t\t\t\t\t\t<\/div>\n\t\t\t\t<\/div>\n\t\t\t\t\t<\/div>\n\t\t<\/div>\n\t\t\t\t<div class=\"elementor-column elementor-col-33 elementor-top-column elementor-element elementor-element-9f05ac9\" data-id=\"9f05ac9\" data-element_type=\"column\">\n\t\t\t<div class=\"elementor-widget-wrap elementor-element-populated\">\n\t\t\t\t\t\t<div class=\"elementor-element elementor-element-45c612b elementor-widget elementor-widget-text-editor\" data-id=\"45c612b\" data-element_type=\"widget\" data-widget_type=\"text-editor.default\">\n\t\t\t\t<div class=\"elementor-widget-container\">\n\t\t\t\t\t\t\t\t\t<p data-start=\"223\" data-end=\"657\"><span style=\"color: #082137; font-family: Helvetica, sans-serif; font-size: 14px;\">Zur Mittagszeit gibt es\u00a0<\/span><span style=\"--brlbs-tw-scale-x: 1; --brlbs-tw-scale-y: 1; --brlbs-tw-scroll-snap-strictness: proximity; --brlbs-tw-ring-offset-width: 0px; --brlbs-tw-ring-offset-color: #fff; --brlbs-tw-ring-color: rgba(59,130,246,.5); --brlbs-tw-ring-offset-shadow: 0 0 #0000; --brlbs-tw-ring-shadow: 0 0 #0000; --brlbs-tw-shadow: 0 0 #0000; --brlbs-tw-shadow-colored: 0 0 #0000; font-weight: bold; color: #082137; font-family: Helvetica, sans-serif; font-size: 14px;\" data-start=\"637\" data-end=\"670\">saisonal wechselnde Bio-Suppen &amp; Eint\u00f6pfe<\/span><span style=\"color: #082137; font-family: Helvetica, sans-serif; font-size: 14px;\">\u00a0\u2013 perfekt f\u00fcr eine genussvolle Pause mitten in der Stadt. Verschiedene Pausenbrote und Snacks wie Joghurt, warmer Brei und Omelette runden das Angebot ab.\u00a0<\/span><br style=\"--brlbs-tw-scale-x: 1; --brlbs-tw-scale-y: 1; --brlbs-tw-scroll-snap-strictness: proximity; --brlbs-tw-ring-offset-width: 0px; --brlbs-tw-ring-offset-color: #fff; --brlbs-tw-ring-color: rgba(59,130,246,.5); --brlbs-tw-ring-offset-shadow: 0 0 #0000; --brlbs-tw-ring-shadow: 0 0 #0000; --brlbs-tw-shadow: 0 0 #0000; --brlbs-tw-shadow-colored: 0 0 #0000; color: #082137; font-family: Helvetica, sans-serif; font-size: 14px;\" \/><span style=\"color: #082137; font-family: Helvetica, sans-serif; font-size: 14px;\">Unsere Kuchentheke h\u00e4lt t\u00e4glich leckere Bio Kuchen und Backwaren f\u00fcr Euch bereit<\/span><br style=\"--brlbs-tw-scale-x: 1; --brlbs-tw-scale-y: 1; --brlbs-tw-scroll-snap-strictness: proximity; --brlbs-tw-ring-offset-width: 0px; --brlbs-tw-ring-offset-color: #fff; --brlbs-tw-ring-color: rgba(59,130,246,.5); --brlbs-tw-ring-offset-shadow: 0 0 #0000; --brlbs-tw-ring-shadow: 0 0 #0000; --brlbs-tw-shadow: 0 0 #0000; --brlbs-tw-shadow-colored: 0 0 #0000; color: #082137; font-family: Helvetica, sans-serif; font-size: 14px;\" \/><br style=\"--brlbs-tw-scale-x: 1; --brlbs-tw-scale-y: 1; --brlbs-tw-scroll-snap-strictness: proximity; --brlbs-tw-ring-offset-width: 0px; --brlbs-tw-ring-offset-color: #fff; --brlbs-tw-ring-color: rgba(59,130,246,.5); --brlbs-tw-ring-offset-shadow: 0 0 #0000; --brlbs-tw-ring-shadow: 0 0 #0000; --brlbs-tw-shadow: 0 0 #0000; --brlbs-tw-shadow-colored: 0 0 #0000; color: #082137; font-family: Helvetica, sans-serif; font-size: 14px;\" \/><span style=\"--brlbs-tw-scale-x: 1; --brlbs-tw-scale-y: 1; --brlbs-tw-scroll-snap-strictness: proximity; --brlbs-tw-ring-offset-width: 0px; --brlbs-tw-ring-offset-color: #fff; --brlbs-tw-ring-color: rgba(59,130,246,.5); --brlbs-tw-ring-offset-shadow: 0 0 #0000; --brlbs-tw-ring-shadow: 0 0 #0000; --brlbs-tw-shadow: 0 0 #0000; --brlbs-tw-shadow-colored: 0 0 #0000; font-weight: bold; color: #082137; font-family: Helvetica, sans-serif; font-size: 14px;\">Unser Angebot f\u00fcr Euch:\u00a0<\/span><span style=\"--brlbs-tw-scale-x: 1; --brlbs-tw-scale-y: 1; --brlbs-tw-scroll-snap-strictness: proximity; --brlbs-tw-ring-offset-width: 0px; --brlbs-tw-ring-offset-color: #fff; --brlbs-tw-ring-color: rgba(59,130,246,.5); --brlbs-tw-ring-offset-shadow: 0 0 #0000; --brlbs-tw-ring-shadow: 0 0 #0000; --brlbs-tw-shadow: 0 0 #0000; --brlbs-tw-shadow-colored: 0 0 #0000; font-weight: bold; color: #082137; font-family: Helvetica, sans-serif; font-size: 14px;\"><br style=\"--brlbs-tw-scale-x: 1; --brlbs-tw-scale-y: 1; --brlbs-tw-scroll-snap-strictness: proximity; --brlbs-tw-ring-offset-width: 0px; --brlbs-tw-ring-offset-color: #fff; --brlbs-tw-ring-color: rgba(59,130,246,.5); --brlbs-tw-ring-offset-shadow: 0 0 #0000; --brlbs-tw-ring-shadow: 0 0 #0000; --brlbs-tw-shadow: 0 0 #0000; --brlbs-tw-shadow-colored: 0 0 #0000;\" \/><\/span><span style=\"color: #082137; font-family: Helvetica, sans-serif; font-size: 14px;\">Mini-Croissant je 1 \u20ac und Espresso je 1 \u20ac<\/span><br style=\"--brlbs-tw-scale-x: 1; --brlbs-tw-scale-y: 1; --brlbs-tw-scroll-snap-strictness: proximity; --brlbs-tw-ring-offset-width: 0px; --brlbs-tw-ring-offset-color: #fff; --brlbs-tw-ring-color: rgba(59,130,246,.5); --brlbs-tw-ring-offset-shadow: 0 0 #0000; --brlbs-tw-ring-shadow: 0 0 #0000; --brlbs-tw-shadow: 0 0 #0000; --brlbs-tw-shadow-colored: 0 0 #0000; color: #082137; font-family: Helvetica, sans-serif; font-size: 14px;\" \/><br style=\"--brlbs-tw-scale-x: 1; --brlbs-tw-scale-y: 1; --brlbs-tw-scroll-snap-strictness: proximity; --brlbs-tw-ring-offset-width: 0px; --brlbs-tw-ring-offset-color: #fff; --brlbs-tw-ring-color: rgba(59,130,246,.5); --brlbs-tw-ring-offset-shadow: 0 0 #0000; --brlbs-tw-ring-shadow: 0 0 #0000; --brlbs-tw-shadow: 0 0 #0000; --brlbs-tw-shadow-colored: 0 0 #0000; color: #082137; font-family: Helvetica, sans-serif; font-size: 14px;\" \/><span style=\"--brlbs-tw-scale-x: 1; --brlbs-tw-scale-y: 1; --brlbs-tw-scroll-snap-strictness: proximity; --brlbs-tw-ring-offset-width: 0px; --brlbs-tw-ring-offset-color: #fff; --brlbs-tw-ring-color: rgba(59,130,246,.5); --brlbs-tw-ring-offset-shadow: 0 0 #0000; --brlbs-tw-ring-shadow: 0 0 #0000; --brlbs-tw-shadow: 0 0 #0000; --brlbs-tw-shadow-colored: 0 0 #0000; font-weight: bold; color: #082137; font-family: Helvetica, sans-serif; font-size: 14px;\" data-start=\"732\" data-end=\"751\">\u00d6ffnungszeiten:<\/span><br style=\"--brlbs-tw-scale-x: 1; --brlbs-tw-scale-y: 1; --brlbs-tw-scroll-snap-strictness: proximity; --brlbs-tw-ring-offset-width: 0px; --brlbs-tw-ring-offset-color: #fff; --brlbs-tw-ring-color: rgba(59,130,246,.5); --brlbs-tw-ring-offset-shadow: 0 0 #0000; --brlbs-tw-ring-shadow: 0 0 #0000; --brlbs-tw-shadow: 0 0 #0000; --brlbs-tw-shadow-colored: 0 0 #0000; color: #082137; font-family: Helvetica, sans-serif; font-size: 14px;\" data-start=\"751\" data-end=\"754\" \/><span style=\"color: #082137; font-family: Helvetica, sans-serif; font-size: 14px;\">Dienstag\u2013Freitag: 10:00\u201318:00 Uhr<\/span><br style=\"--brlbs-tw-scale-x: 1; --brlbs-tw-scale-y: 1; --brlbs-tw-scroll-snap-strictness: proximity; --brlbs-tw-ring-offset-width: 0px; --brlbs-tw-ring-offset-color: #fff; --brlbs-tw-ring-color: rgba(59,130,246,.5); --brlbs-tw-ring-offset-shadow: 0 0 #0000; --brlbs-tw-ring-shadow: 0 0 #0000; --brlbs-tw-shadow: 0 0 #0000; --brlbs-tw-shadow-colored: 0 0 #0000; color: #082137; font-family: Helvetica, sans-serif; font-size: 14px;\" data-start=\"790\" data-end=\"793\" \/><span style=\"color: #082137; font-family: Helvetica, sans-serif; font-size: 14px;\">Samstag: 09:00\u201313:00 Uhr<\/span><\/p>\t\t\t\t\t\t\t\t<\/div>\n\t\t\t\t<\/div>\n\t\t\t\t\t<\/div>\n\t\t<\/div>\n\t\t\t\t<div class=\"elementor-column elementor-col-33 elementor-top-column elementor-element elementor-element-d71ffc1\" data-id=\"d71ffc1\" data-element_type=\"column\">\n\t\t\t<div class=\"elementor-widget-wrap elementor-element-populated\">\n\t\t\t\t\t\t<div class=\"elementor-element elementor-element-d4a1568 elementor-widget elementor-widget-image\" data-id=\"d4a1568\" data-element_type=\"widget\" data-widget_type=\"image.default\">\n\t\t\t\t<div class=\"elementor-widget-container\">\n\t\t\t\t\t\t\t\t\t\t\t\t\t\t\t<img decoding=\"async\" width=\"1024\" height=\"768\" src=\"https:\/\/linden-gut.eu\/wp-content\/uploads\/2025\/11\/b322f1ab-bb99-42eb-b703-35dee5d2472b-1024x768.jpg\" class=\"attachment-large size-large wp-image-10518\" alt=\"Gem\u00fctliche Sitzecke im LindenGut Stadtladen mit Tischen und St\u00fchlen aus Holz. Im Hintergrund ist eine Kaffeemaschine zu sehen\" srcset=\"https:\/\/linden-gut.eu\/wp-content\/uploads\/2025\/11\/b322f1ab-bb99-42eb-b703-35dee5d2472b-1024x768.jpg 1024w, https:\/\/linden-gut.eu\/wp-content\/uploads\/2025\/11\/b322f1ab-bb99-42eb-b703-35dee5d2472b-300x225.jpg 300w, https:\/\/linden-gut.eu\/wp-content\/uploads\/2025\/11\/b322f1ab-bb99-42eb-b703-35dee5d2472b-768x576.jpg 768w, https:\/\/linden-gut.eu\/wp-content\/uploads\/2025\/11\/b322f1ab-bb99-42eb-b703-35dee5d2472b-1536x1152.jpg 1536w, https:\/\/linden-gut.eu\/wp-content\/uploads\/2025\/11\/b322f1ab-bb99-42eb-b703-35dee5d2472b.jpg 1600w\" sizes=\"(max-width: 1024px) 100vw, 1024px\" \/>\t\t\t\t\t\t\t\t\t\t\t\t\t\t\t<\/div>\n\t\t\t\t<\/div>\n\t\t\t\t\t<\/div>\n\t\t<\/div>\n\t\t\t\t\t<\/div>\n\t\t<\/section>\n\t\t\t\t<section class=\"elementor-section elementor-top-section elementor-element elementor-element-6fe085e elementor-section-boxed elementor-section-height-default elementor-section-height-default\" data-id=\"6fe085e\" data-element_type=\"section\">\n\t\t\t\t\t\t<div class=\"elementor-container elementor-column-gap-default\">\n\t\t\t\t\t<div class=\"elementor-column elementor-col-100 elementor-top-column elementor-element elementor-element-4e080b6\" data-id=\"4e080b6\" data-element_type=\"column\">\n\t\t\t<div class=\"elementor-widget-wrap elementor-element-populated\">\n\t\t\t\t\t\t<div class=\"elementor-element elementor-element-600b208 elementor-widget-divider--view-line elementor-widget elementor-widget-divider\" data-id=\"600b208\" data-element_type=\"widget\" data-widget_type=\"divider.default\">\n\t\t\t\t<div class=\"elementor-widget-container\">\n\t\t\t\t\t\t\t<div class=\"elementor-divider\">\n\t\t\t<span class=\"elementor-divider-separator\">\n\t\t\t\t\t\t<\/span>\n\t\t<\/div>\n\t\t\t\t\t\t<\/div>\n\t\t\t\t<\/div>\n\t\t\t\t\t<\/div>\n\t\t<\/div>\n\t\t\t\t\t<\/div>\n\t\t<\/section>\n\t\t\t\t<section class=\"elementor-section elementor-top-section elementor-element elementor-element-d4efb15 elementor-section-boxed elementor-section-height-default elementor-section-height-default\" data-id=\"d4efb15\" data-element_type=\"section\">\n\t\t\t\t\t\t<div class=\"elementor-container elementor-column-gap-default\">\n\t\t\t\t\t<div class=\"elementor-column elementor-col-33 elementor-top-column elementor-element elementor-element-a9ce22e\" data-id=\"a9ce22e\" data-element_type=\"column\">\n\t\t\t<div class=\"elementor-widget-wrap elementor-element-populated\">\n\t\t\t\t\t\t<div class=\"elementor-element elementor-element-10289cd elementor-widget elementor-widget-text-editor\" data-id=\"10289cd\" data-element_type=\"widget\" data-widget_type=\"text-editor.default\">\n\t\t\t\t<div class=\"elementor-widget-container\">\n\t\t\t\t\t\t\t\t\t<p>Oktober 2025<\/p><h2>Unser StadtLaden in Fulda nimmt Gestalt an!<\/h2><p data-start=\"266\" data-end=\"525\">Die Renovierungsarbeiten in der\u00a0<span style=\"--brlbs-tw-scale-x: 1; --brlbs-tw-scale-y: 1; --brlbs-tw-scroll-snap-strictness: proximity; --brlbs-tw-ring-offset-width: 0px; --brlbs-tw-ring-offset-color: #fff; --brlbs-tw-ring-color: rgba(59,130,246,.5); --brlbs-tw-ring-offset-shadow: 0 0 #0000; --brlbs-tw-ring-shadow: 0 0 #0000; --brlbs-tw-shadow: 0 0 #0000; --brlbs-tw-shadow-colored: 0 0 #0000; font-weight: bold;\" data-start=\"255\" data-end=\"283\">Rabanusstra\u00dfe 1 in Fulda<\/span>\u00a0laufen auf Hochtouren \u2013 und schon bald \u00f6ffnen wir dort unseren neuen\u00a0<span style=\"--brlbs-tw-scale-x: 1; --brlbs-tw-scale-y: 1; --brlbs-tw-scroll-snap-strictness: proximity; --brlbs-tw-ring-offset-width: 0px; --brlbs-tw-ring-offset-color: #fff; --brlbs-tw-ring-color: rgba(59,130,246,.5); --brlbs-tw-ring-offset-shadow: 0 0 #0000; --brlbs-tw-ring-shadow: 0 0 #0000; --brlbs-tw-shadow: 0 0 #0000; --brlbs-tw-shadow-colored: 0 0 #0000; font-weight: bold;\" data-start=\"353\" data-end=\"377\">LindenGut StadtLaden<\/span>!<br style=\"--brlbs-tw-scale-x: 1; --brlbs-tw-scale-y: 1; --brlbs-tw-scroll-snap-strictness: proximity; --brlbs-tw-ring-offset-width: 0px; --brlbs-tw-ring-offset-color: #fff; --brlbs-tw-ring-color: rgba(59,130,246,.5); --brlbs-tw-ring-offset-shadow: 0 0 #0000; --brlbs-tw-ring-shadow: 0 0 #0000; --brlbs-tw-shadow: 0 0 #0000; --brlbs-tw-shadow-colored: 0 0 #0000;\" data-start=\"378\" data-end=\"381\" \/>Damit w\u00e4chst das LindenGut ein St\u00fcck n\u00e4her in die Stadt hinein: Direkt im Herzen Fuldas kannst Du k\u00fcnftig unsere\u00a0<span style=\"--brlbs-tw-scale-x: 1; --brlbs-tw-scale-y: 1; --brlbs-tw-scroll-snap-strictness: proximity; --brlbs-tw-ring-offset-width: 0px; --brlbs-tw-ring-offset-color: #fff; --brlbs-tw-ring-color: rgba(59,130,246,.5); --brlbs-tw-ring-offset-shadow: 0 0 #0000; --brlbs-tw-ring-shadow: 0 0 #0000; --brlbs-tw-shadow: 0 0 #0000; --brlbs-tw-shadow-colored: 0 0 #0000; font-weight: bold;\" data-start=\"494\" data-end=\"524\">hausgemachten Bio-Produkte<\/span>\u00a0entdecken \u2013 frisch aus\u00a0<span style=\"--brlbs-tw-scale-x: 1; --brlbs-tw-scale-y: 1; --brlbs-tw-scroll-snap-strictness: proximity; --brlbs-tw-ring-offset-width: 0px; --brlbs-tw-ring-offset-color: #fff; --brlbs-tw-ring-color: rgba(59,130,246,.5); --brlbs-tw-ring-offset-shadow: 0 0 #0000; --brlbs-tw-ring-shadow: 0 0 #0000; --brlbs-tw-shadow: 0 0 #0000; --brlbs-tw-shadow-colored: 0 0 #0000; font-weight: bold;\" data-start=\"548\" data-end=\"588\">B\u00e4ckerei, Metzgerei, Nudelmanufaktur<\/span>\u00a0und\u00a0<span style=\"--brlbs-tw-scale-x: 1; --brlbs-tw-scale-y: 1; --brlbs-tw-scroll-snap-strictness: proximity; --brlbs-tw-ring-offset-width: 0px; --brlbs-tw-ring-offset-color: #fff; --brlbs-tw-ring-color: rgba(59,130,246,.5); --brlbs-tw-ring-offset-shadow: 0 0 #0000; --brlbs-tw-ring-shadow: 0 0 #0000; --brlbs-tw-shadow: 0 0 #0000; --brlbs-tw-shadow-colored: 0 0 #0000; font-weight: bold;\" data-start=\"593\" data-end=\"611\">Demeter-Garten<\/span>, erg\u00e4nzt durch feine <strong>Spezialit\u00e4ten im Glas<\/strong>.<\/p>\t\t\t\t\t\t\t\t<\/div>\n\t\t\t\t<\/div>\n\t\t\t\t\t<\/div>\n\t\t<\/div>\n\t\t\t\t<div class=\"elementor-column elementor-col-33 elementor-top-column elementor-element elementor-element-462449f\" data-id=\"462449f\" data-element_type=\"column\">\n\t\t\t<div class=\"elementor-widget-wrap elementor-element-populated\">\n\t\t\t\t\t\t<div class=\"elementor-element elementor-element-ed4f217 elementor-widget elementor-widget-text-editor\" data-id=\"ed4f217\" data-element_type=\"widget\" data-widget_type=\"text-editor.default\">\n\t\t\t\t<div class=\"elementor-widget-container\">\n\t\t\t\t\t\t\t\t\t<p data-start=\"223\" data-end=\"657\"><span style=\"font-style: inherit; font-weight: inherit;\">Und f\u00fcr alle, die mittags Lust auf etwas Warmes haben: Es wird eine <\/span><strong style=\"font-style: inherit;\" data-start=\"727\" data-end=\"771\">t\u00e4glich wechselnde Suppe in Bio-Qualit\u00e4t<\/strong><span style=\"font-style: inherit; font-weight: inherit;\"> geben \u2013 nat\u00fcrlich aus unserer eigenen K\u00fcche.<\/span><\/p><p data-start=\"820\" data-end=\"978\">Mit dem StadtLaden m\u00f6chten wir Dir den <strong data-start=\"859\" data-end=\"883\">Genuss vom LindenGut<\/strong> auch in der Stadt zug\u00e4nglich machen \u2013 nachhaltig, regional und mit echter Handwerksqualit\u00e4t.<\/p><p data-start=\"820\" data-end=\"978\">Bleib gespannt: Schon im <strong data-start=\"1005\" data-end=\"1022\">November 2025<\/strong> hei\u00dfen wir Dich herzlich willkommen!<\/p>\t\t\t\t\t\t\t\t<\/div>\n\t\t\t\t<\/div>\n\t\t\t\t\t<\/div>\n\t\t<\/div>\n\t\t\t\t<div class=\"elementor-column elementor-col-33 elementor-top-column elementor-element elementor-element-fbaaeca\" data-id=\"fbaaeca\" data-element_type=\"column\">\n\t\t\t<div class=\"elementor-widget-wrap elementor-element-populated\">\n\t\t\t\t\t\t<div class=\"elementor-element elementor-element-8193332 elementor-widget elementor-widget-image\" data-id=\"8193332\" data-element_type=\"widget\" data-widget_type=\"image.default\">\n\t\t\t\t<div class=\"elementor-widget-container\">\n\t\t\t\t\t\t\t\t\t\t\t\t\t\t\t<img loading=\"lazy\" decoding=\"async\" width=\"682\" height=\"1024\" src=\"https:\/\/linden-gut.eu\/wp-content\/uploads\/2025\/10\/Website-Bilder-Hochkant-1-682x1024.jpg\" class=\"attachment-large size-large wp-image-10448\" alt=\"Leere Regalwand im StadtLaden\" srcset=\"https:\/\/linden-gut.eu\/wp-content\/uploads\/2025\/10\/Website-Bilder-Hochkant-1-682x1024.jpg 682w, https:\/\/linden-gut.eu\/wp-content\/uploads\/2025\/10\/Website-Bilder-Hochkant-1-200x300.jpg 200w, https:\/\/linden-gut.eu\/wp-content\/uploads\/2025\/10\/Website-Bilder-Hochkant-1-768x1153.jpg 768w, https:\/\/linden-gut.eu\/wp-content\/uploads\/2025\/10\/Website-Bilder-Hochkant-1.jpg 944w\" sizes=\"(max-width: 682px) 100vw, 682px\" \/>\t\t\t\t\t\t\t\t\t\t\t\t\t\t\t<\/div>\n\t\t\t\t<\/div>\n\t\t\t\t\t<\/div>\n\t\t<\/div>\n\t\t\t\t\t<\/div>\n\t\t<\/section>\n\t\t\t\t<section class=\"elementor-section elementor-top-section elementor-element elementor-element-9a36446 elementor-section-boxed elementor-section-height-default elementor-section-height-default\" data-id=\"9a36446\" data-element_type=\"section\">\n\t\t\t\t\t\t<div class=\"elementor-container elementor-column-gap-default\">\n\t\t\t\t\t<div class=\"elementor-column elementor-col-100 elementor-top-column elementor-element elementor-element-6b3e3b5\" data-id=\"6b3e3b5\" data-element_type=\"column\">\n\t\t\t<div class=\"elementor-widget-wrap elementor-element-populated\">\n\t\t\t\t\t\t<div class=\"elementor-element elementor-element-e6f7162 elementor-widget-divider--view-line elementor-widget elementor-widget-divider\" data-id=\"e6f7162\" data-element_type=\"widget\" data-widget_type=\"divider.default\">\n\t\t\t\t<div class=\"elementor-widget-container\">\n\t\t\t\t\t\t\t<div class=\"elementor-divider\">\n\t\t\t<span class=\"elementor-divider-separator\">\n\t\t\t\t\t\t<\/span>\n\t\t<\/div>\n\t\t\t\t\t\t<\/div>\n\t\t\t\t<\/div>\n\t\t\t\t\t<\/div>\n\t\t<\/div>\n\t\t\t\t\t<\/div>\n\t\t<\/section>\n\t\t\t\t<section class=\"elementor-section elementor-top-section elementor-element elementor-element-46166ed elementor-section-boxed elementor-section-height-default elementor-section-height-default\" data-id=\"46166ed\" data-element_type=\"section\">\n\t\t\t\t\t\t<div class=\"elementor-container elementor-column-gap-default\">\n\t\t\t\t\t<div class=\"elementor-column elementor-col-33 elementor-top-column elementor-element elementor-element-39ca043\" data-id=\"39ca043\" data-element_type=\"column\">\n\t\t\t<div class=\"elementor-widget-wrap elementor-element-populated\">\n\t\t\t\t\t\t<div class=\"elementor-element elementor-element-bb91ab5 elementor-widget elementor-widget-text-editor\" data-id=\"bb91ab5\" data-element_type=\"widget\" data-widget_type=\"text-editor.default\">\n\t\t\t\t<div class=\"elementor-widget-container\">\n\t\t\t\t\t\t\t\t\t<p>12. September 2025<\/p><h2>Kartoffelvielfalt am LindenGut \u2013 jetzt probieren &amp; vorbestellen<\/h2><p data-start=\"266\" data-end=\"525\">Auf unserem Demeter-Biohof ist die Kartoffelernte in vollem Gange: Mit dem Kartoffelroder holen wir die Knollen frisch aus der Erde \u2013 und dieses Jahr gibt es wieder eine besondere Vielfalt zu entdecken. Vier Sorten warten darauf, von dir probiert zu werden:<\/p><ul data-start=\"527\" data-end=\"838\"><li data-start=\"527\" data-end=\"604\"><p data-start=\"529\" data-end=\"604\"><strong data-start=\"529\" data-end=\"541\">Anuschka<\/strong>: gelbfleischig, fein im Geschmack und vielseitig einsetzbar.<\/p><\/li><li data-start=\"605\" data-end=\"702\"><p data-start=\"607\" data-end=\"702\"><strong data-start=\"607\" data-end=\"621\">Rote Laura<\/strong>: rotschalig und aromatisch \u2013 ein Genuss f\u00fcr Salzkartoffelnoder Ofenkartoffeln.<\/p><\/li><li data-start=\"703\" data-end=\"785\"><p data-start=\"705\" data-end=\"785\"><strong data-start=\"705\" data-end=\"716\">Markies<\/strong>: mehlig kochend und perfekt f\u00fcr knusprige Bratkartoffeln oder Pommes.<\/p><\/li><li data-start=\"786\" data-end=\"838\"><p data-start=\"788\" data-end=\"838\"><strong data-start=\"788\" data-end=\"801\">Simonetta<\/strong>: mild, zart und ideal f\u00fcr Salate und Bratkartoffeln.<\/p><\/li><\/ul>\t\t\t\t\t\t\t\t<\/div>\n\t\t\t\t<\/div>\n\t\t\t\t\t<\/div>\n\t\t<\/div>\n\t\t\t\t<div class=\"elementor-column elementor-col-33 elementor-top-column elementor-element elementor-element-e9d1e88\" data-id=\"e9d1e88\" data-element_type=\"column\">\n\t\t\t<div class=\"elementor-widget-wrap elementor-element-populated\">\n\t\t\t\t\t\t<div class=\"elementor-element elementor-element-c0e232d elementor-widget elementor-widget-text-editor\" data-id=\"c0e232d\" data-element_type=\"widget\" data-widget_type=\"text-editor.default\">\n\t\t\t\t<div class=\"elementor-widget-container\">\n\t\t\t\t\t\t\t\t\t<p>Wer sich seinen Vorrat sichern m\u00f6chte, kann die Kartoffeln ab sofort im Hofladen zur\u00a0<span style=\"--brlbs-tw-scale-x: 1; --brlbs-tw-scale-y: 1; --brlbs-tw-scroll-snap-strictness: proximity; --brlbs-tw-ring-offset-width: 0px; --brlbs-tw-ring-offset-color: #fff; --brlbs-tw-ring-color: rgba(59,130,246,.5); --brlbs-tw-ring-offset-shadow: 0 0 #0000; --brlbs-tw-ring-shadow: 0 0 #0000; --brlbs-tw-shadow: 0 0 #0000; --brlbs-tw-shadow-colored: 0 0 #0000; font-weight: bold;\" data-start=\"925\" data-end=\"953\">Einlagerung vorbestellen<\/span>\u00a0\u2013 ab Ende September \/ Anfang Oktober sind sie verf\u00fcgbar. Dank unserer Preisstaffelung lohnt sich auch die Kombination verschiedener Sorten.<\/p><p style=\"--brlbs-tw-scale-x: 1; --brlbs-tw-scale-y: 1; --brlbs-tw-scroll-snap-strictness: proximity; --brlbs-tw-ring-offset-width: 0px; --brlbs-tw-ring-offset-color: #fff; --brlbs-tw-ring-color: rgba(59,130,246,.5); --brlbs-tw-ring-offset-shadow: 0 0 #0000; --brlbs-tw-ring-shadow: 0 0 #0000; --brlbs-tw-shadow: 0 0 #0000; --brlbs-tw-shadow-colored: 0 0 #0000; font-size: 15px; font-style: normal; font-weight: 400;\" data-start=\"1080\" data-end=\"1685\">Doch nicht nur im Hofladen stehen die Knollen im Mittelpunkt: Anfang Oktober feiern wir unsere Kartoffeln auch mit besonderen Veranstaltungen. Am\u00a0<span style=\"--brlbs-tw-scale-x: 1; --brlbs-tw-scale-y: 1; --brlbs-tw-scroll-snap-strictness: proximity; --brlbs-tw-ring-offset-width: 0px; --brlbs-tw-ring-offset-color: #fff; --brlbs-tw-ring-color: rgba(59,130,246,.5); --brlbs-tw-ring-offset-shadow: 0 0 #0000; --brlbs-tw-ring-shadow: 0 0 #0000; --brlbs-tw-shadow: 0 0 #0000; --brlbs-tw-shadow-colored: 0 0 #0000; font-weight: bold;\" data-start=\"1226\" data-end=\"1245\">3. &amp; 4. Oktober<\/span>\u00a0l\u00e4dt das Bio-Gasthaus mit \u201e<span style=\"--brlbs-tw-scale-x: 1; --brlbs-tw-scale-y: 1; --brlbs-tw-scroll-snap-strictness: proximity; --brlbs-tw-ring-offset-width: 0px; --brlbs-tw-ring-offset-color: #fff; --brlbs-tw-ring-color: rgba(59,130,246,.5); --brlbs-tw-ring-offset-shadow: 0 0 #0000; --brlbs-tw-ring-shadow: 0 0 #0000; --brlbs-tw-shadow: 0 0 #0000; --brlbs-tw-shadow-colored: 0 0 #0000; font-weight: bold;\" data-start=\"1278\" data-end=\"1297\">Kartoffelicious<\/span>\u201c &#8211; einer Karte Rund um die tolle Knolle &#8211; ein. Am\u00a0<span style=\"--brlbs-tw-scale-x: 1; --brlbs-tw-scale-y: 1; --brlbs-tw-scroll-snap-strictness: proximity; --brlbs-tw-ring-offset-width: 0px; --brlbs-tw-ring-offset-color: #fff; --brlbs-tw-ring-color: rgba(59,130,246,.5); --brlbs-tw-ring-offset-shadow: 0 0 #0000; --brlbs-tw-ring-shadow: 0 0 #0000; --brlbs-tw-shadow: 0 0 #0000; --brlbs-tw-shadow-colored: 0 0 #0000; font-weight: bold;\" data-start=\"1365\" data-end=\"1389\">4. Oktober um 10 Uhr<\/span>\u00a0gibt es au\u00dferdem eine\u00a0<a href=\"https:\/\/linden-gut.eu\/erlebnisse-veranstaltung-gutscheine\/#\/erlebnisse\/BAY\/a5cf971f-48a3-4c8f-b021-cec938a42ddc\/hoffuehrung-mit-kartoffelverkostung\"><span style=\"--brlbs-tw-scale-x: 1; --brlbs-tw-scale-y: 1; --brlbs-tw-scroll-snap-strictness: proximity; --brlbs-tw-ring-offset-width: 0px; --brlbs-tw-ring-offset-color: #fff; --brlbs-tw-ring-color: rgba(59,130,246,.5); --brlbs-tw-ring-offset-shadow: 0 0 #0000; --brlbs-tw-ring-shadow: 0 0 #0000; --brlbs-tw-shadow: 0 0 #0000; --brlbs-tw-shadow-colored: 0 0 #0000; font-weight: bold;\" data-start=\"1412\" data-end=\"1450\">Hoff\u00fchrung mit Kartoffelverkostung<\/span><\/a>. Dort kannst du alle vier Sorten direkt probieren, mehr \u00fcber unsere biodynamische Landwirtschaft erfahren und deine Einlagerungskartoffeln gleich vor Ort bestellen. Kostenbeitrag: 9 \u20ac pro Person (inklusive Verkostung und einem alkoholfreiem Getr\u00e4nk).<\/p>\t\t\t\t\t\t\t\t<\/div>\n\t\t\t\t<\/div>\n\t\t\t\t\t<\/div>\n\t\t<\/div>\n\t\t\t\t<div class=\"elementor-column elementor-col-33 elementor-top-column elementor-element elementor-element-4ebce9d\" data-id=\"4ebce9d\" data-element_type=\"column\">\n\t\t\t<div class=\"elementor-widget-wrap elementor-element-populated\">\n\t\t\t\t\t\t<div class=\"elementor-element elementor-element-e91f472 elementor-widget elementor-widget-text-editor\" data-id=\"e91f472\" data-element_type=\"widget\" data-widget_type=\"text-editor.default\">\n\t\t\t\t<div class=\"elementor-widget-container\">\n\t\t\t\t\t\t\t\t\t<p>So verbinden wir das, was uns am LindenGut wichtig ist:\u00a0<span style=\"--brlbs-tw-scale-x: 1; --brlbs-tw-scale-y: 1; --brlbs-tw-scroll-snap-strictness: proximity; --brlbs-tw-ring-offset-width: 0px; --brlbs-tw-ring-offset-color: #fff; --brlbs-tw-ring-color: rgba(59,130,246,.5); --brlbs-tw-ring-offset-shadow: 0 0 #0000; --brlbs-tw-ring-shadow: 0 0 #0000; --brlbs-tw-shadow: 0 0 #0000; --brlbs-tw-shadow-colored: 0 0 #0000; font-weight: bold;\" data-start=\"1743\" data-end=\"1896\">echte Bio-Qualit\u00e4t, transparenter Einblick in unsere Landwirtschaft und kulinarische Erlebnisse, die zeigen, wie vielf\u00e4ltig eine Kartoffel sein kann.<\/span><\/p><p><span style=\"--brlbs-tw-scale-x: 1; --brlbs-tw-scale-y: 1; --brlbs-tw-scroll-snap-strictness: proximity; --brlbs-tw-ring-offset-width: 0px; --brlbs-tw-ring-offset-color: #fff; --brlbs-tw-ring-color: rgba(59,130,246,.5); --brlbs-tw-ring-offset-shadow: 0 0 #0000; --brlbs-tw-ring-shadow: 0 0 #0000; --brlbs-tw-shadow: 0 0 #0000; --brlbs-tw-shadow-colored: 0 0 #0000; font-weight: bold;\" data-start=\"1903\" data-end=\"1922\">Vorbestellungen<\/span>\u00a0sind ab sofort im Hofladen oder unter Tel. 06657\/98129 m\u00f6glich \u2013 solange der Vorrat reicht.<\/p><p style=\"--brlbs-tw-scale-x: 1; --brlbs-tw-scale-y: 1; --brlbs-tw-scroll-snap-strictness: proximity; --brlbs-tw-ring-offset-width: 0px; --brlbs-tw-ring-offset-color: #fff; --brlbs-tw-ring-color: rgba(59,130,246,.5); --brlbs-tw-ring-offset-shadow: 0 0 #0000; --brlbs-tw-ring-shadow: 0 0 #0000; --brlbs-tw-shadow: 0 0 #0000; --brlbs-tw-shadow-colored: 0 0 #0000; font-size: 15px; font-style: normal; font-weight: 400;\" data-start=\"1900\" data-end=\"1988\">\u00a0<\/p>\t\t\t\t\t\t\t\t<\/div>\n\t\t\t\t<\/div>\n\t\t\t\t<div class=\"elementor-element elementor-element-3151ae4 elementor-widget elementor-widget-image\" data-id=\"3151ae4\" data-element_type=\"widget\" data-widget_type=\"image.default\">\n\t\t\t\t<div class=\"elementor-widget-container\">\n\t\t\t\t\t\t\t\t\t\t\t\t\t\t\t<img loading=\"lazy\" decoding=\"async\" width=\"1024\" height=\"768\" src=\"https:\/\/linden-gut.eu\/wp-content\/uploads\/2025\/09\/Kartoffelernte-1024x768.jpg\" class=\"attachment-large size-large wp-image-10358\" alt=\"Kartoffelernte auf dem Kartoffelroder. H\u00e4nde greifen nach den Kartoffeln auf dem F\u00f6rderband.\" srcset=\"https:\/\/linden-gut.eu\/wp-content\/uploads\/2025\/09\/Kartoffelernte-1024x768.jpg 1024w, https:\/\/linden-gut.eu\/wp-content\/uploads\/2025\/09\/Kartoffelernte-300x225.jpg 300w, https:\/\/linden-gut.eu\/wp-content\/uploads\/2025\/09\/Kartoffelernte-768x576.jpg 768w, https:\/\/linden-gut.eu\/wp-content\/uploads\/2025\/09\/Kartoffelernte-1536x1152.jpg 1536w, https:\/\/linden-gut.eu\/wp-content\/uploads\/2025\/09\/Kartoffelernte.jpg 1920w\" sizes=\"(max-width: 1024px) 100vw, 1024px\" \/>\t\t\t\t\t\t\t\t\t\t\t\t\t\t\t<\/div>\n\t\t\t\t<\/div>\n\t\t\t\t\t<\/div>\n\t\t<\/div>\n\t\t\t\t\t<\/div>\n\t\t<\/section>\n\t\t\t\t<section class=\"elementor-section elementor-top-section elementor-element elementor-element-4bbaeda elementor-section-boxed elementor-section-height-default elementor-section-height-default\" data-id=\"4bbaeda\" data-element_type=\"section\">\n\t\t\t\t\t\t<div class=\"elementor-container elementor-column-gap-default\">\n\t\t\t\t\t<div class=\"elementor-column elementor-col-100 elementor-top-column elementor-element elementor-element-0f251fe\" data-id=\"0f251fe\" data-element_type=\"column\">\n\t\t\t<div class=\"elementor-widget-wrap elementor-element-populated\">\n\t\t\t\t\t\t<div class=\"elementor-element elementor-element-5b20232 elementor-widget-divider--view-line elementor-widget elementor-widget-divider\" data-id=\"5b20232\" data-element_type=\"widget\" data-widget_type=\"divider.default\">\n\t\t\t\t<div class=\"elementor-widget-container\">\n\t\t\t\t\t\t\t<div class=\"elementor-divider\">\n\t\t\t<span class=\"elementor-divider-separator\">\n\t\t\t\t\t\t<\/span>\n\t\t<\/div>\n\t\t\t\t\t\t<\/div>\n\t\t\t\t<\/div>\n\t\t\t\t\t<\/div>\n\t\t<\/div>\n\t\t\t\t\t<\/div>\n\t\t<\/section>\n\t\t\t\t<section class=\"elementor-section elementor-top-section elementor-element elementor-element-abf541f elementor-section-boxed elementor-section-height-default elementor-section-height-default\" data-id=\"abf541f\" data-element_type=\"section\">\n\t\t\t\t\t\t<div class=\"elementor-container elementor-column-gap-default\">\n\t\t\t\t\t<div class=\"elementor-column elementor-col-33 elementor-top-column elementor-element elementor-element-9045423\" data-id=\"9045423\" data-element_type=\"column\">\n\t\t\t<div class=\"elementor-widget-wrap elementor-element-populated\">\n\t\t\t\t\t\t<div class=\"elementor-element elementor-element-d4b9075 elementor-widget elementor-widget-text-editor\" data-id=\"d4b9075\" data-element_type=\"widget\" data-widget_type=\"text-editor.default\">\n\t\t\t\t<div class=\"elementor-widget-container\">\n\t\t\t\t\t\t\t\t\t<p data-start=\"467\" data-end=\"815\">05. September 2025<\/p><h2 data-start=\"467\" data-end=\"815\">K\u00f6nig Konrad Brot \u2013 ein k\u00f6niglicher Auftakt im Hofladen<\/h2><p data-start=\"467\" data-end=\"815\">Am vergangenen Donnerstag war es soweit: Zum ersten Mal kam unser neues <strong data-start=\"551\" data-end=\"572\">K\u00f6nig-Konrad-Brot<\/strong> in den Verkauf \u2013 und schon nach einer Stunde war es komplett vergriffen. Wir sind \u00fcberw\u00e4ltigt von dieser Resonanz und sagen ein herzliches Dankesch\u00f6n an alle, die sich gleich am ersten Tag ein St\u00fcck dieses besonderen Brotes gesichert haben.<\/p><p data-start=\"817\" data-end=\"1020\">Das K\u00f6nig-Konrad-Brot ist mehr als nur ein Name. Es ist unsere Hommage an Fulda. Ein Brot, das Tradition, Handwerk und regionale Geschichte verbindet.<\/p>\t\t\t\t\t\t\t\t<\/div>\n\t\t\t\t<\/div>\n\t\t\t\t\t<\/div>\n\t\t<\/div>\n\t\t\t\t<div class=\"elementor-column elementor-col-33 elementor-top-column elementor-element elementor-element-8fc4022\" data-id=\"8fc4022\" data-element_type=\"column\">\n\t\t\t<div class=\"elementor-widget-wrap elementor-element-populated\">\n\t\t\t\t\t\t<div class=\"elementor-element elementor-element-c9a805d elementor-widget elementor-widget-text-editor\" data-id=\"c9a805d\" data-element_type=\"widget\" data-widget_type=\"text-editor.default\">\n\t\t\t\t<div class=\"elementor-widget-container\">\n\t\t\t\t\t\t\t\t\t<h3 data-start=\"1022\" data-end=\"1064\"><strong data-start=\"1026\" data-end=\"1062\">Was macht das Brot so besonders?<\/strong><\/h3><ul data-start=\"1065\" data-end=\"1414\"><li data-start=\"1065\" data-end=\"1118\"><p data-start=\"1067\" data-end=\"1118\">Es wird mit <strong data-start=\"1079\" data-end=\"1106\">eigenem Roggensauerteig<\/strong> gebacken.<\/p><\/li><li data-start=\"1119\" data-end=\"1206\"><p data-start=\"1121\" data-end=\"1206\">Die <strong data-start=\"1125\" data-end=\"1146\">lange Teigf\u00fchrung<\/strong> sorgt f\u00fcr ein kr\u00e4ftiges Aroma und eine ausgewogene Krume.<\/p><\/li><li data-start=\"1207\" data-end=\"1338\"><p data-start=\"1209\" data-end=\"1338\">Wir setzen auf eine ausgew\u00e4hlte Mischung aus <strong data-start=\"1254\" data-end=\"1290\">Hafer, Dinkel, Roggen und Gerste<\/strong>, verfeinert mit <strong data-start=\"1307\" data-end=\"1335\">Fenchel, Anis und K\u00fcmmel<\/strong>.<\/p><\/li><li data-start=\"1339\" data-end=\"1414\"><p data-start=\"1341\" data-end=\"1414\">Gebacken wird ausschlie\u00dflich mit <strong data-start=\"1374\" data-end=\"1389\">Bio-Zutaten, ohne Hefezusatz <\/strong>\u00a0und mit echter Handarbeit.<\/p><\/li><\/ul><p data-start=\"1416\" data-end=\"1663\">Jeder Laib entsteht in einem Prozess, der Geduld, Erfahrung und Leidenschaft erfordert. Vom Ansetzen des Sauerteigs, des Vorteigs, \u00fcber das Wirken bis zum finalen B\u00fcrsten mit Wasser nach dem Backen \u2013 das K\u00f6nig Konrad Brot wird mit gr\u00f6\u00dfter Sorgfalt hergestellt.<\/p>\t\t\t\t\t\t\t\t<\/div>\n\t\t\t\t<\/div>\n\t\t\t\t\t<\/div>\n\t\t<\/div>\n\t\t\t\t<div class=\"elementor-column elementor-col-33 elementor-top-column elementor-element elementor-element-4b7f925\" data-id=\"4b7f925\" data-element_type=\"column\">\n\t\t\t<div class=\"elementor-widget-wrap elementor-element-populated\">\n\t\t\t\t\t\t<div class=\"elementor-element elementor-element-ce4fa3b elementor-widget elementor-widget-text-editor\" data-id=\"ce4fa3b\" data-element_type=\"widget\" data-widget_type=\"text-editor.default\">\n\t\t\t\t<div class=\"elementor-widget-container\">\n\t\t\t\t\t\t\t\t\t<h3 style=\"--brlbs-tw-scale-x: 1; --brlbs-tw-scale-y: 1; --brlbs-tw-scroll-snap-strictness: proximity; --brlbs-tw-ring-offset-width: 0px; --brlbs-tw-ring-offset-color: #fff; --brlbs-tw-ring-color: rgba(59,130,246,.5); --brlbs-tw-ring-offset-shadow: 0 0 #0000; --brlbs-tw-ring-shadow: 0 0 #0000; --brlbs-tw-shadow: 0 0 #0000; --brlbs-tw-shadow-colored: 0 0 #0000; font-size: 1.85714rem; font-style: normal;\" data-start=\"1665\" data-end=\"1710\"><span style=\"--brlbs-tw-scale-x: 1; --brlbs-tw-scale-y: 1; --brlbs-tw-scroll-snap-strictness: proximity; --brlbs-tw-ring-offset-width: 0px; --brlbs-tw-ring-offset-color: #fff; --brlbs-tw-ring-color: rgba(59,130,246,.5); --brlbs-tw-ring-offset-shadow: 0 0 #0000; --brlbs-tw-ring-shadow: 0 0 #0000; --brlbs-tw-shadow: 0 0 #0000; --brlbs-tw-shadow-colored: 0 0 #0000;\" data-start=\"1669\" data-end=\"1708\">Wann gibt es das K\u00f6nig Konrad Brot?<\/span><\/h3><p style=\"--brlbs-tw-scale-x: 1; --brlbs-tw-scale-y: 1; --brlbs-tw-scroll-snap-strictness: proximity; --brlbs-tw-ring-offset-width: 0px; --brlbs-tw-ring-offset-color: #fff; --brlbs-tw-ring-color: rgba(59,130,246,.5); --brlbs-tw-ring-offset-shadow: 0 0 #0000; --brlbs-tw-ring-shadow: 0 0 #0000; --brlbs-tw-shadow: 0 0 #0000; --brlbs-tw-shadow-colored: 0 0 #0000; font-size: 15px; font-style: normal; font-weight: 400;\" data-start=\"1711\" data-end=\"1894\">Das Brot ist ab sofort\u00a0<span style=\"--brlbs-tw-scale-x: 1; --brlbs-tw-scale-y: 1; --brlbs-tw-scroll-snap-strictness: proximity; --brlbs-tw-ring-offset-width: 0px; --brlbs-tw-ring-offset-color: #fff; --brlbs-tw-ring-color: rgba(59,130,246,.5); --brlbs-tw-ring-offset-shadow: 0 0 #0000; --brlbs-tw-ring-shadow: 0 0 #0000; --brlbs-tw-shadow: 0 0 #0000; --brlbs-tw-shadow-colored: 0 0 #0000; font-weight: bold;\" data-start=\"1734\" data-end=\"1774\">immer donnerstags frisch im <a href=\"https:\/\/linden-gut.eu\/hofladen\/\">Bio-Hofladen<\/a><\/span> (Wisselsroder Str. 1, 36160 Dipperz) erh\u00e4ltlich. Da es in limitierter Anzahl gebacken wird, lohnt es sich, fr\u00fch vorbeizuschauen.<\/p><p style=\"--brlbs-tw-scale-x: 1; --brlbs-tw-scale-y: 1; --brlbs-tw-scroll-snap-strictness: proximity; --brlbs-tw-ring-offset-width: 0px; --brlbs-tw-ring-offset-color: #fff; --brlbs-tw-ring-color: rgba(59,130,246,.5); --brlbs-tw-ring-offset-shadow: 0 0 #0000; --brlbs-tw-ring-shadow: 0 0 #0000; --brlbs-tw-shadow: 0 0 #0000; --brlbs-tw-shadow-colored: 0 0 #0000; font-size: 15px; font-style: normal; font-weight: 400;\" data-start=\"1711\" data-end=\"1894\"><span style=\"--brlbs-tw-scale-x: 1; --brlbs-tw-scale-y: 1; --brlbs-tw-scroll-snap-strictness: proximity; --brlbs-tw-ring-offset-width: 0px; --brlbs-tw-ring-offset-color: #fff; --brlbs-tw-ring-color: rgba(59,130,246,.5); --brlbs-tw-ring-offset-shadow: 0 0 #0000; --brlbs-tw-ring-shadow: 0 0 #0000; --brlbs-tw-shadow: 0 0 #0000; --brlbs-tw-shadow-colored: 0 0 #0000; font-style: inherit; font-weight: inherit;\">Wer letzte Woche leer ausgegangen ist, kann sich schon den n\u00e4chsten Donnerstag vormerken \u2013 und sich ein St\u00fcck Brotgeschichte sichern. Bei Bedarf kann das Brot auch f\u00fcr donnerstags vorbestellt werden: Tel. 06657\/98129.<\/span><\/p>\t\t\t\t\t\t\t\t<\/div>\n\t\t\t\t<\/div>\n\t\t\t\t\t<\/div>\n\t\t<\/div>\n\t\t\t\t\t<\/div>\n\t\t<\/section>\n\t\t\t\t<section class=\"elementor-section elementor-top-section elementor-element elementor-element-14c9d1f elementor-section-boxed elementor-section-height-default elementor-section-height-default\" data-id=\"14c9d1f\" data-element_type=\"section\">\n\t\t\t\t\t\t<div class=\"elementor-container elementor-column-gap-default\">\n\t\t\t\t\t<div class=\"elementor-column elementor-col-33 elementor-top-column elementor-element elementor-element-8a7d486\" data-id=\"8a7d486\" data-element_type=\"column\">\n\t\t\t<div class=\"elementor-widget-wrap elementor-element-populated\">\n\t\t\t\t\t\t<div class=\"elementor-element elementor-element-b5a4a7a elementor-widget elementor-widget-image\" data-id=\"b5a4a7a\" data-element_type=\"widget\" data-widget_type=\"image.default\">\n\t\t\t\t<div class=\"elementor-widget-container\">\n\t\t\t\t\t\t\t\t\t\t\t\t\t\t\t<img loading=\"lazy\" decoding=\"async\" width=\"768\" height=\"576\" src=\"https:\/\/linden-gut.eu\/wp-content\/uploads\/2025\/09\/b47f3215-943b-4771-a259-05b3f70ef916-768x576.jpg\" class=\"attachment-medium_large size-medium_large wp-image-10325\" alt=\"K\u00f6nig-Konrad-Brot, donnerstags im Hofladen erh\u00e4ltlich. Tel. 06657\/98129\" srcset=\"https:\/\/linden-gut.eu\/wp-content\/uploads\/2025\/09\/b47f3215-943b-4771-a259-05b3f70ef916-768x576.jpg 768w, https:\/\/linden-gut.eu\/wp-content\/uploads\/2025\/09\/b47f3215-943b-4771-a259-05b3f70ef916-300x225.jpg 300w, https:\/\/linden-gut.eu\/wp-content\/uploads\/2025\/09\/b47f3215-943b-4771-a259-05b3f70ef916-1024x768.jpg 1024w, https:\/\/linden-gut.eu\/wp-content\/uploads\/2025\/09\/b47f3215-943b-4771-a259-05b3f70ef916-1536x1152.jpg 1536w, https:\/\/linden-gut.eu\/wp-content\/uploads\/2025\/09\/b47f3215-943b-4771-a259-05b3f70ef916.jpg 1920w\" sizes=\"(max-width: 768px) 100vw, 768px\" \/>\t\t\t\t\t\t\t\t\t\t\t\t\t\t\t<\/div>\n\t\t\t\t<\/div>\n\t\t\t\t\t<\/div>\n\t\t<\/div>\n\t\t\t\t<div class=\"elementor-column elementor-col-33 elementor-top-column elementor-element elementor-element-4e569d6\" data-id=\"4e569d6\" data-element_type=\"column\">\n\t\t\t<div class=\"elementor-widget-wrap elementor-element-populated\">\n\t\t\t\t\t\t<div class=\"elementor-element elementor-element-3fd5d2d elementor-widget elementor-widget-image\" data-id=\"3fd5d2d\" data-element_type=\"widget\" data-widget_type=\"image.default\">\n\t\t\t\t<div class=\"elementor-widget-container\">\n\t\t\t\t\t\t\t\t\t\t\t\t\t\t\t<img loading=\"lazy\" decoding=\"async\" width=\"1024\" height=\"768\" src=\"https:\/\/linden-gut.eu\/wp-content\/uploads\/2025\/09\/KoenigKonrad_Anschnitt-1024x768.jpg\" class=\"attachment-large size-large wp-image-10327\" alt=\"K\u00f6nigKonrad_Anschnitt\" srcset=\"https:\/\/linden-gut.eu\/wp-content\/uploads\/2025\/09\/KoenigKonrad_Anschnitt-1024x768.jpg 1024w, https:\/\/linden-gut.eu\/wp-content\/uploads\/2025\/09\/KoenigKonrad_Anschnitt-300x225.jpg 300w, https:\/\/linden-gut.eu\/wp-content\/uploads\/2025\/09\/KoenigKonrad_Anschnitt-768x576.jpg 768w, https:\/\/linden-gut.eu\/wp-content\/uploads\/2025\/09\/KoenigKonrad_Anschnitt-1536x1152.jpg 1536w, https:\/\/linden-gut.eu\/wp-content\/uploads\/2025\/09\/KoenigKonrad_Anschnitt-scaled.jpg 1920w\" sizes=\"(max-width: 1024px) 100vw, 1024px\" \/>\t\t\t\t\t\t\t\t\t\t\t\t\t\t\t<\/div>\n\t\t\t\t<\/div>\n\t\t\t\t\t<\/div>\n\t\t<\/div>\n\t\t\t\t<div class=\"elementor-column elementor-col-33 elementor-top-column elementor-element elementor-element-ff5de1d\" data-id=\"ff5de1d\" data-element_type=\"column\">\n\t\t\t<div class=\"elementor-widget-wrap elementor-element-populated\">\n\t\t\t\t\t\t<div class=\"elementor-element elementor-element-39d7395 elementor-widget elementor-widget-image\" data-id=\"39d7395\" data-element_type=\"widget\" data-widget_type=\"image.default\">\n\t\t\t\t<div class=\"elementor-widget-container\">\n\t\t\t\t\t\t\t\t\t\t\t\t\t\t\t<img loading=\"lazy\" decoding=\"async\" width=\"1024\" height=\"683\" src=\"https:\/\/linden-gut.eu\/wp-content\/uploads\/2022\/01\/20211204-LindenGut_Hofladen-056-1-1024x683.jpg\" class=\"attachment-large size-large wp-image-4246\" alt=\"Blick auf den Bio-Hofladen von au\u00dfen\" srcset=\"https:\/\/linden-gut.eu\/wp-content\/uploads\/2022\/01\/20211204-LindenGut_Hofladen-056-1-1024x683.jpg 1024w, https:\/\/linden-gut.eu\/wp-content\/uploads\/2022\/01\/20211204-LindenGut_Hofladen-056-1-300x200.jpg 300w, https:\/\/linden-gut.eu\/wp-content\/uploads\/2022\/01\/20211204-LindenGut_Hofladen-056-1-768x512.jpg 768w, https:\/\/linden-gut.eu\/wp-content\/uploads\/2022\/01\/20211204-LindenGut_Hofladen-056-1-1536x1024.jpg 1536w, https:\/\/linden-gut.eu\/wp-content\/uploads\/2022\/01\/20211204-LindenGut_Hofladen-056-1-2048x1365.jpg 2048w\" sizes=\"(max-width: 1024px) 100vw, 1024px\" \/>\t\t\t\t\t\t\t\t\t\t\t\t\t\t\t<\/div>\n\t\t\t\t<\/div>\n\t\t\t\t\t<\/div>\n\t\t<\/div>\n\t\t\t\t\t<\/div>\n\t\t<\/section>\n\t\t\t\t<section class=\"elementor-section elementor-top-section elementor-element elementor-element-e4418c1 elementor-section-boxed elementor-section-height-default elementor-section-height-default\" data-id=\"e4418c1\" data-element_type=\"section\">\n\t\t\t\t\t\t<div class=\"elementor-container elementor-column-gap-default\">\n\t\t\t\t\t<div class=\"elementor-column elementor-col-100 elementor-top-column elementor-element elementor-element-d59f993\" data-id=\"d59f993\" data-element_type=\"column\">\n\t\t\t<div class=\"elementor-widget-wrap elementor-element-populated\">\n\t\t\t\t\t\t<div class=\"elementor-element elementor-element-23bd2b8 elementor-widget-divider--view-line elementor-widget elementor-widget-divider\" data-id=\"23bd2b8\" data-element_type=\"widget\" data-widget_type=\"divider.default\">\n\t\t\t\t<div class=\"elementor-widget-container\">\n\t\t\t\t\t\t\t<div class=\"elementor-divider\">\n\t\t\t<span class=\"elementor-divider-separator\">\n\t\t\t\t\t\t<\/span>\n\t\t<\/div>\n\t\t\t\t\t\t<\/div>\n\t\t\t\t<\/div>\n\t\t\t\t\t<\/div>\n\t\t<\/div>\n\t\t\t\t\t<\/div>\n\t\t<\/section>\n\t\t\t\t<section class=\"elementor-section elementor-top-section elementor-element elementor-element-b5ab239 elementor-section-boxed elementor-section-height-default elementor-section-height-default\" data-id=\"b5ab239\" data-element_type=\"section\">\n\t\t\t\t\t\t<div class=\"elementor-container elementor-column-gap-default\">\n\t\t\t\t\t<div class=\"elementor-column elementor-col-33 elementor-top-column elementor-element elementor-element-2bf2c7f\" data-id=\"2bf2c7f\" data-element_type=\"column\">\n\t\t\t<div class=\"elementor-widget-wrap elementor-element-populated\">\n\t\t\t\t\t\t<div class=\"elementor-element elementor-element-0aa6a8b elementor-widget elementor-widget-text-editor\" data-id=\"0aa6a8b\" data-element_type=\"widget\" data-widget_type=\"text-editor.default\">\n\t\t\t\t<div class=\"elementor-widget-container\">\n\t\t\t\t\t\t\t\t\t<p>Mai 2025<\/p><p><strong>R\u00fcckblick auf unseren Pr\u00e4parate-Tag \u2013 kleine Impulse mit gro\u00dfer Wirkung<\/strong><\/p><p data-start=\"1455\" data-end=\"1566\">Was hat ein Handbesen mit nachhaltigem Gem\u00fcseanbau zu tun? Eine ganze Menge \u2013 wenn man biodynamisch arbeitet.<\/p><p data-start=\"276\" data-end=\"523\">Am Pr\u00e4parate-Tag wurden die Demeter-Pr\u00e4parate Ausgegraben und teilweise direkt ausgebracht. Keine gro\u00dfe Technik, sondern achtsame Handarbeit, teilweise mit dem Handbesen \u2013 so wird die Verbindung zwischen Mensch, Pflanze und Boden sp\u00fcrbar.<\/p>\t\t\t\t\t\t\t\t<\/div>\n\t\t\t\t<\/div>\n\t\t\t\t\t<\/div>\n\t\t<\/div>\n\t\t\t\t<div class=\"elementor-column elementor-col-33 elementor-top-column elementor-element elementor-element-d28ee29\" data-id=\"d28ee29\" data-element_type=\"column\">\n\t\t\t<div class=\"elementor-widget-wrap elementor-element-populated\">\n\t\t\t\t\t\t<div class=\"elementor-element elementor-element-d14cfad elementor-widget elementor-widget-text-editor\" data-id=\"d14cfad\" data-element_type=\"widget\" data-widget_type=\"text-editor.default\">\n\t\t\t\t<div class=\"elementor-widget-container\">\n\t\t\t\t\t\t\t\t\t<p data-start=\"525\" data-end=\"920\">Mitte Mai stand bei uns alles im Zeichen der Demeter-Pr\u00e4parate: Das Gartenteam hat die gereiften Pr\u00e4parate <strong data-start=\"668\" data-end=\"716\">Hornmist, Kamille, L\u00f6wenzahn und Brennnessel<\/strong> aus dem Boden geholt. Jedes von ihnen wirkt auf besondere Weise im Kreislauf des Gartens \u2013 sei es zur St\u00e4rkung des Bodens, zur F\u00f6rderung der Kompostprozesse oder zur Unterst\u00fctzung der Pflanzengesundheit.<\/p><p data-start=\"922\" data-end=\"1258\">Am selben Tag wurden auch zwei Pr\u00e4parate weiterverarbeitet: <strong data-start=\"984\" data-end=\"996\">Hornmist<\/strong> und das <strong data-start=\"1005\" data-end=\"1023\">Fladenpr\u00e4parat<\/strong> wurden sorgf\u00e4ltig <strong data-start=\"1042\" data-end=\"1057\">dynamisiert<\/strong> \u2013 das hei\u00dft, jeweils ihre ben\u00f6tigte Zeit lang in Wasser einger\u00fchrt, mit rhythmischem Wechsel aus Wirbel und Chaos.\u00a0<\/p>\t\t\t\t\t\t\t\t<\/div>\n\t\t\t\t<\/div>\n\t\t\t\t\t<\/div>\n\t\t<\/div>\n\t\t\t\t<div class=\"elementor-column elementor-col-33 elementor-top-column elementor-element elementor-element-e3030fd\" data-id=\"e3030fd\" data-element_type=\"column\">\n\t\t\t<div class=\"elementor-widget-wrap elementor-element-populated\">\n\t\t\t\t\t\t<div class=\"elementor-element elementor-element-fcbaf79 elementor-widget elementor-widget-text-editor\" data-id=\"fcbaf79\" data-element_type=\"widget\" data-widget_type=\"text-editor.default\">\n\t\t\t\t<div class=\"elementor-widget-container\">\n\t\t\t\t\t\t\t\t\t<p data-start=\"1260\" data-end=\"1507\">Dieser Prozess soll die Kr\u00e4fte der Pr\u00e4parate aktivieren und gleichm\u00e4\u00dfig im Wasser verteilen. Hierbei haben sich viele Mitwirkende beteiligt.<\/p><p data-start=\"1260\" data-end=\"1507\">Anschlie\u00dfend brachte das Gartenteam sie auf die Gartenfl\u00e4chen aus \u2013 mit Schwung, Hingabe und einem Handbesen. Eine bewusste, lebendige Geste, die zeigt: Hier geht es nicht nur um Anbau, sondern um einen ganzheitlichen Umgang mit Natur und Landwirtschaft.<\/p><p data-start=\"1509\" data-end=\"1666\">Diese Momente im Garten sind mehr als Arbeit \u2013 sie sind Ausdruck unserer Haltung: achtsam, \u00f6kologisch, gemeinschaftlich. Danke an alle, die mitgewirkt haben!<\/p>\t\t\t\t\t\t\t\t<\/div>\n\t\t\t\t<\/div>\n\t\t\t\t\t<\/div>\n\t\t<\/div>\n\t\t\t\t\t<\/div>\n\t\t<\/section>\n\t\t\t\t<section class=\"elementor-section elementor-top-section elementor-element elementor-element-7dfac66 elementor-section-boxed elementor-section-height-default elementor-section-height-default\" data-id=\"7dfac66\" data-element_type=\"section\">\n\t\t\t\t\t\t<div class=\"elementor-container elementor-column-gap-default\">\n\t\t\t\t\t<div class=\"elementor-column elementor-col-33 elementor-top-column elementor-element elementor-element-18c3420\" data-id=\"18c3420\" data-element_type=\"column\">\n\t\t\t<div class=\"elementor-widget-wrap elementor-element-populated\">\n\t\t\t\t\t\t<div class=\"elementor-element elementor-element-db0c42f elementor-widget elementor-widget-image\" data-id=\"db0c42f\" data-element_type=\"widget\" data-widget_type=\"image.default\">\n\t\t\t\t<div class=\"elementor-widget-container\">\n\t\t\t\t\t\t\t\t\t\t\t\t\t\t\t<img loading=\"lazy\" decoding=\"async\" width=\"682\" height=\"1024\" src=\"https:\/\/linden-gut.eu\/wp-content\/uploads\/2025\/05\/Hornmist-Praeparat-682x1024.jpg\" class=\"attachment-large size-large wp-image-10022\" alt=\"Bild des Hornmistpr\u00e4parates\" srcset=\"https:\/\/linden-gut.eu\/wp-content\/uploads\/2025\/05\/Hornmist-Praeparat-682x1024.jpg 682w, https:\/\/linden-gut.eu\/wp-content\/uploads\/2025\/05\/Hornmist-Praeparat-200x300.jpg 200w, https:\/\/linden-gut.eu\/wp-content\/uploads\/2025\/05\/Hornmist-Praeparat-768x1152.jpg 768w, https:\/\/linden-gut.eu\/wp-content\/uploads\/2025\/05\/Hornmist-Praeparat.jpg 960w\" sizes=\"(max-width: 682px) 100vw, 682px\" \/>\t\t\t\t\t\t\t\t\t\t\t\t\t\t\t<\/div>\n\t\t\t\t<\/div>\n\t\t\t\t\t<\/div>\n\t\t<\/div>\n\t\t\t\t<div class=\"elementor-column elementor-col-33 elementor-top-column elementor-element elementor-element-af90875\" data-id=\"af90875\" data-element_type=\"column\">\n\t\t\t<div class=\"elementor-widget-wrap elementor-element-populated\">\n\t\t\t\t\t\t<div class=\"elementor-element elementor-element-b91a26b elementor-widget elementor-widget-image\" data-id=\"b91a26b\" data-element_type=\"widget\" data-widget_type=\"image.default\">\n\t\t\t\t<div class=\"elementor-widget-container\">\n\t\t\t\t\t\t\t\t\t\t\t\t\t\t\t<img loading=\"lazy\" decoding=\"async\" width=\"682\" height=\"1024\" src=\"https:\/\/linden-gut.eu\/wp-content\/uploads\/2025\/05\/Dynamisierung-Praeparat-682x1024.jpg\" class=\"attachment-large size-large wp-image-10020\" alt=\"Wolfgang Gutberlet beim Dynamisieren des Pr\u00e4parates\" srcset=\"https:\/\/linden-gut.eu\/wp-content\/uploads\/2025\/05\/Dynamisierung-Praeparat-682x1024.jpg 682w, https:\/\/linden-gut.eu\/wp-content\/uploads\/2025\/05\/Dynamisierung-Praeparat-200x300.jpg 200w, https:\/\/linden-gut.eu\/wp-content\/uploads\/2025\/05\/Dynamisierung-Praeparat-768x1152.jpg 768w, https:\/\/linden-gut.eu\/wp-content\/uploads\/2025\/05\/Dynamisierung-Praeparat.jpg 960w\" sizes=\"(max-width: 682px) 100vw, 682px\" \/>\t\t\t\t\t\t\t\t\t\t\t\t\t\t\t<\/div>\n\t\t\t\t<\/div>\n\t\t\t\t\t<\/div>\n\t\t<\/div>\n\t\t\t\t<div class=\"elementor-column elementor-col-33 elementor-top-column elementor-element elementor-element-99f701e\" data-id=\"99f701e\" data-element_type=\"column\">\n\t\t\t<div class=\"elementor-widget-wrap elementor-element-populated\">\n\t\t\t\t\t\t<div class=\"elementor-element elementor-element-617323f elementor-widget elementor-widget-image\" data-id=\"617323f\" data-element_type=\"widget\" data-widget_type=\"image.default\">\n\t\t\t\t<div class=\"elementor-widget-container\">\n\t\t\t\t\t\t\t\t\t\t\t\t\t\t\t<img loading=\"lazy\" decoding=\"async\" width=\"682\" height=\"1024\" src=\"https:\/\/linden-gut.eu\/wp-content\/uploads\/2025\/05\/Praeparateverteilung-682x1024.jpg\" class=\"attachment-large size-large wp-image-10024\" alt=\"Das Gartenteam beim Ausbringen des Fladenpr\u00e4parates mit dem Handbesen\" srcset=\"https:\/\/linden-gut.eu\/wp-content\/uploads\/2025\/05\/Praeparateverteilung-682x1024.jpg 682w, https:\/\/linden-gut.eu\/wp-content\/uploads\/2025\/05\/Praeparateverteilung-200x300.jpg 200w, https:\/\/linden-gut.eu\/wp-content\/uploads\/2025\/05\/Praeparateverteilung-768x1152.jpg 768w, https:\/\/linden-gut.eu\/wp-content\/uploads\/2025\/05\/Praeparateverteilung.jpg 960w\" sizes=\"(max-width: 682px) 100vw, 682px\" \/>\t\t\t\t\t\t\t\t\t\t\t\t\t\t\t<\/div>\n\t\t\t\t<\/div>\n\t\t\t\t\t<\/div>\n\t\t<\/div>\n\t\t\t\t\t<\/div>\n\t\t<\/section>\n\t\t\t\t<section class=\"elementor-section elementor-top-section elementor-element elementor-element-c7bae9c elementor-section-boxed elementor-section-height-default elementor-section-height-default\" data-id=\"c7bae9c\" data-element_type=\"section\">\n\t\t\t\t\t\t<div class=\"elementor-container elementor-column-gap-default\">\n\t\t\t\t\t<div class=\"elementor-column elementor-col-100 elementor-top-column elementor-element elementor-element-5502aad\" data-id=\"5502aad\" data-element_type=\"column\">\n\t\t\t<div class=\"elementor-widget-wrap elementor-element-populated\">\n\t\t\t\t\t\t<div class=\"elementor-element elementor-element-3364f00 elementor-widget-divider--view-line elementor-widget elementor-widget-divider\" data-id=\"3364f00\" data-element_type=\"widget\" data-widget_type=\"divider.default\">\n\t\t\t\t<div class=\"elementor-widget-container\">\n\t\t\t\t\t\t\t<div class=\"elementor-divider\">\n\t\t\t<span class=\"elementor-divider-separator\">\n\t\t\t\t\t\t<\/span>\n\t\t<\/div>\n\t\t\t\t\t\t<\/div>\n\t\t\t\t<\/div>\n\t\t\t\t\t<\/div>\n\t\t<\/div>\n\t\t\t\t\t<\/div>\n\t\t<\/section>\n\t\t\t\t<section class=\"elementor-section elementor-top-section elementor-element elementor-element-9a9dfde elementor-section-boxed elementor-section-height-default elementor-section-height-default\" data-id=\"9a9dfde\" data-element_type=\"section\">\n\t\t\t\t\t\t<div class=\"elementor-container elementor-column-gap-default\">\n\t\t\t\t\t<div class=\"elementor-column elementor-col-33 elementor-top-column elementor-element elementor-element-4ac3756\" data-id=\"4ac3756\" data-element_type=\"column\">\n\t\t\t<div class=\"elementor-widget-wrap elementor-element-populated\">\n\t\t\t\t\t\t<div class=\"elementor-element elementor-element-be1a22d elementor-widget elementor-widget-text-editor\" data-id=\"be1a22d\" data-element_type=\"widget\" data-widget_type=\"text-editor.default\">\n\t\t\t\t<div class=\"elementor-widget-container\">\n\t\t\t\t\t\t\t\t\t<p>Mai 2025<\/p><p><strong><span class=\"_fadeIn_m1hgl_8\">R\u00fcckblick: <\/span><span class=\"_fadeIn_m1hgl_8\">Autorenlesung <\/span><em data-start=\"2699\" data-end=\"2709\"><span class=\"_fadeIn_m1hgl_8\">Bavarese<\/span><\/em> <span class=\"_fadeIn_m1hgl_8\">mit <\/span><span class=\"_fadeIn_m1hgl_8\">Leo <\/span><span class=\"_fadeIn_m1hgl_8\">Reisinger<\/span><\/strong><\/p><p data-start=\"2663\" data-end=\"3042\"><span class=\"_fadeIn_m1hgl_8\">Am <\/span><span class=\"_fadeIn_m1hgl_8\">9. <\/span><span class=\"_fadeIn_m1hgl_8\">Mai <\/span><span class=\"_fadeIn_m1hgl_8\">fand <\/span><span class=\"_fadeIn_m1hgl_8\">im <\/span><span class=\"_fadeIn_m1hgl_8\">LindenGut <\/span><span class=\"_fadeIn_m1hgl_8\">eine <\/span><span class=\"_fadeIn_m1hgl_8\">besondere <\/span><span class=\"_fadeIn_m1hgl_8\">Abendveranstaltung <\/span><span class=\"_fadeIn_m1hgl_8\">statt: <\/span><span class=\"_fadeIn_m1hgl_8\">Schauspieler <\/span><span class=\"_fadeIn_m1hgl_8\">und <\/span><span class=\"_fadeIn_m1hgl_8\">Autor <\/span><strong data-start=\"2834\" data-end=\"2851\"><span class=\"_fadeIn_m1hgl_8\">Leo <\/span><span class=\"_fadeIn_m1hgl_8\">Reisinger<\/span><\/strong> <span class=\"_fadeIn_m1hgl_8\">stellte <\/span><span class=\"_fadeIn_m1hgl_8\">seinen <\/span><span class=\"_fadeIn_m1hgl_8\">Spiegel-<\/span><span class=\"_fadeIn_m1hgl_8\">Bestseller <\/span><strong data-start=\"2886\" data-end=\"2900\"><span class=\"_fadeIn_m1hgl_8\">\u201e<\/span><span class=\"_fadeIn_m1hgl_8\">Bavarese\u201c<\/span><\/strong> <span class=\"_fadeIn_m1hgl_8\">vor \u2013 <\/span><span class=\"_fadeIn_m1hgl_8\">eine <\/span><span class=\"_fadeIn_m1hgl_8\">unterhaltsame <\/span><span class=\"_fadeIn_m1hgl_8\">Mischung <\/span><span class=\"_fadeIn_m1hgl_8\">aus <\/span><span class=\"_fadeIn_m1hgl_8\">Krimi <\/span><span class=\"_fadeIn_m1hgl_8\">und <\/span><span class=\"_fadeIn_m1hgl_8\">Gesellschaftsroman, <\/span><span class=\"_fadeIn_m1hgl_8\">inspiriert <\/span><span class=\"_fadeIn_m1hgl_8\">von <\/span><span class=\"_fadeIn_m1hgl_8\">seinen <\/span><span class=\"_fadeIn_m1hgl_8\">eigenen <\/span><span class=\"_fadeIn_m1hgl_8\">Erfahrungen <\/span><span class=\"_fadeIn_m1hgl_8\">in <\/span><span class=\"_fadeIn_m1hgl_8\">der <\/span><span class=\"_fadeIn_m1hgl_8\">M\u00fcnchner <\/span><span class=\"_fadeIn_m1hgl_8\">Gastro-<\/span><span class=\"_fadeIn_m1hgl_8\">Szene.<\/span><\/p>\t\t\t\t\t\t\t\t<\/div>\n\t\t\t\t<\/div>\n\t\t\t\t\t<\/div>\n\t\t<\/div>\n\t\t\t\t<div class=\"elementor-column elementor-col-33 elementor-top-column elementor-element elementor-element-b48a725\" data-id=\"b48a725\" data-element_type=\"column\">\n\t\t\t<div class=\"elementor-widget-wrap elementor-element-populated\">\n\t\t\t\t\t\t<div class=\"elementor-element elementor-element-bb04d31 elementor-widget elementor-widget-text-editor\" data-id=\"bb04d31\" data-element_type=\"widget\" data-widget_type=\"text-editor.default\">\n\t\t\t\t<div class=\"elementor-widget-container\">\n\t\t\t\t\t\t\t\t\t<p data-start=\"3044\" data-end=\"3288\"><span class=\"_fadeIn_m1hgl_8\">Die <\/span><span class=\"_fadeIn_m1hgl_8\">Lesung <\/span><span class=\"_fadeIn_m1hgl_8\">wurde <\/span><span class=\"_fadeIn_m1hgl_8\">von <\/span><span class=\"_fadeIn_m1hgl_8\">Leo <\/span><span class=\"_fadeIn_m1hgl_8\">Reisinger <\/span><span class=\"_fadeIn_m1hgl_8\">selbst <\/span><span class=\"_fadeIn_m1hgl_8\">am <\/span><span class=\"_fadeIn_m1hgl_8\">Klavier <\/span><span class=\"_fadeIn_m1hgl_8\">musikalisch <\/span><span class=\"_fadeIn_m1hgl_8\">begleitet. <\/span><span class=\"_fadeIn_m1hgl_8\">In <\/span><span class=\"_fadeIn_m1hgl_8\">angenehmer <\/span><span class=\"_fadeIn_m1hgl_8\">Atmosph\u00e4re \u2013 <\/span><span class=\"_fadeIn_m1hgl_8\">mit <\/span><span class=\"_fadeIn_m1hgl_8\">runden <\/span><span class=\"_fadeIn_m1hgl_8\">Tischen, <\/span><span class=\"_fadeIn_m1hgl_8\">Aperitifs <\/span><span class=\"_fadeIn_m1hgl_8\">auf <\/span><span class=\"_fadeIn_m1hgl_8\">dem <\/span><span class=\"_fadeIn_m1hgl_8\">Balkon <\/span><span class=\"_fadeIn_m1hgl_8\">und <\/span><span class=\"_fadeIn_m1hgl_8\">viel <\/span><span class=\"_fadeIn_m1hgl_8\">Humor <\/span><span class=\"_fadeIn_m1hgl_8\">im <\/span><span class=\"_fadeIn_m1hgl_8\">Gep\u00e4ck \u2013 <\/span><span class=\"_fadeIn_m1hgl_8\">f\u00fchrte <\/span><span class=\"_fadeIn_m1hgl_8\">er <\/span><span class=\"_fadeIn_m1hgl_8\">das <\/span><span class=\"_fadeIn_m1hgl_8\">Publikum <\/span><span class=\"_fadeIn_m1hgl_8\">durch <\/span><span class=\"_fadeIn_m1hgl_8\">einen <\/span><span class=\"_fadeIn_m1hgl_8\">literarisch-<\/span><span class=\"_fadeIn_m1hgl_8\">musikalischen <\/span><span class=\"_fadeIn_m1hgl_8\">Abend.<\/span><\/p><p data-start=\"3290\" data-end=\"3468\"><span class=\"_fadeIn_m1hgl_8\">Dazu <\/span><span class=\"_fadeIn_m1hgl_8\">servierten <\/span><span class=\"_fadeIn_m1hgl_8\">wir <\/span><span class=\"_fadeIn_m1hgl_8\">ein <\/span><strong data-start=\"3314\" data-end=\"3340\"><span class=\"_fadeIn_m1hgl_8\">drei\u00adg\u00e4ngiges <\/span><span class=\"_fadeIn_m1hgl_8\">Bio-<\/span><span class=\"_fadeIn_m1hgl_8\">Men\u00fc<\/span><\/strong> <span class=\"_fadeIn_m1hgl_8\">mit <\/span><span class=\"_fadeIn_m1hgl_8\">Fr\u00fchlingsgerichten <\/span><span class=\"_fadeIn_m1hgl_8\">rund <\/span><span class=\"_fadeIn_m1hgl_8\">um <\/span><span class=\"_fadeIn_m1hgl_8\">den <\/span><span class=\"_fadeIn_m1hgl_8\">Spargel. <\/span><span class=\"_fadeIn_m1hgl_8\">Auch <\/span><span class=\"_fadeIn_m1hgl_8\">vegetarische <\/span><span class=\"_fadeIn_m1hgl_8\">und <\/span><span class=\"_fadeIn_m1hgl_8\">vegane <\/span><span class=\"_fadeIn_m1hgl_8\">Optionen <\/span><span class=\"_fadeIn_m1hgl_8\">waren <\/span><span class=\"_fadeIn_m1hgl_8\">selbstverst\u00e4ndlich <\/span><span class=\"_fadeIn_m1hgl_8\">Teil <\/span><span class=\"_fadeIn_m1hgl_8\">des <\/span><span class=\"_fadeIn_m1hgl_8\">Angebots.<\/span><\/p>\t\t\t\t\t\t\t\t<\/div>\n\t\t\t\t<\/div>\n\t\t\t\t\t<\/div>\n\t\t<\/div>\n\t\t\t\t<div class=\"elementor-column elementor-col-33 elementor-top-column elementor-element elementor-element-e62632b\" data-id=\"e62632b\" data-element_type=\"column\">\n\t\t\t<div class=\"elementor-widget-wrap elementor-element-populated\">\n\t\t\t\t\t\t<div class=\"elementor-element elementor-element-2daff16 elementor-widget elementor-widget-text-editor\" data-id=\"2daff16\" data-element_type=\"widget\" data-widget_type=\"text-editor.default\">\n\t\t\t\t<div class=\"elementor-widget-container\">\n\t\t\t\t\t\t\t\t\t<p><span class=\"_fadeIn_m1hgl_8\">Zum <\/span><span class=\"_fadeIn_m1hgl_8\">Abschluss <\/span><span class=\"_fadeIn_m1hgl_8\">signierte <\/span><span class=\"_fadeIn_m1hgl_8\">Leo <\/span><span class=\"_fadeIn_m1hgl_8\">Reisinger <\/span><span class=\"_fadeIn_m1hgl_8\">seine <\/span><span class=\"_fadeIn_m1hgl_8\">B\u00fccher <\/span><span class=\"_fadeIn_m1hgl_8\">und <\/span><span class=\"_fadeIn_m1hgl_8\">nahm <\/span><span class=\"_fadeIn_m1hgl_8\">sich <\/span><span class=\"_fadeIn_m1hgl_8\">Zeit <\/span><span class=\"_fadeIn_m1hgl_8\">f\u00fcr <\/span><span class=\"_fadeIn_m1hgl_8\">Gespr\u00e4che <\/span><span class=\"_fadeIn_m1hgl_8\">mit <\/span><span class=\"_fadeIn_m1hgl_8\">den <\/span><span class=\"_fadeIn_m1hgl_8\">G\u00e4sten. <\/span><span class=\"_fadeIn_m1hgl_8\">Ein <\/span><span class=\"_fadeIn_m1hgl_8\">gelungener <\/span><span class=\"_fadeIn_m1hgl_8\">Abend, <\/span><span class=\"_fadeIn_m1hgl_8\">der <\/span><span class=\"_fadeIn_m1hgl_8\">noch <\/span><span class=\"_fadeIn_m1hgl_8\">lange <\/span><span class=\"_fadeIn_m1hgl_8\">in <\/span><span class=\"_fadeIn_m1hgl_8\">Erinnerung <\/span><span class=\"_fadeIn_m1hgl_8\">bleiben <\/span><span class=\"_fadeIn_m1hgl_8\">wird.<\/span><\/p>\t\t\t\t\t\t\t\t<\/div>\n\t\t\t\t<\/div>\n\t\t\t\t\t<\/div>\n\t\t<\/div>\n\t\t\t\t\t<\/div>\n\t\t<\/section>\n\t\t\t\t<section class=\"elementor-section elementor-top-section elementor-element elementor-element-8d623f5 elementor-section-boxed elementor-section-height-default elementor-section-height-default\" data-id=\"8d623f5\" data-element_type=\"section\">\n\t\t\t\t\t\t<div class=\"elementor-container elementor-column-gap-default\">\n\t\t\t\t\t<div class=\"elementor-column elementor-col-33 elementor-top-column elementor-element elementor-element-d31e7f1\" data-id=\"d31e7f1\" data-element_type=\"column\">\n\t\t\t<div class=\"elementor-widget-wrap elementor-element-populated\">\n\t\t\t\t\t\t<div class=\"elementor-element elementor-element-90714b4 elementor-widget elementor-widget-image\" data-id=\"90714b4\" data-element_type=\"widget\" data-widget_type=\"image.default\">\n\t\t\t\t<div class=\"elementor-widget-container\">\n\t\t\t\t\t\t\t\t\t\t\t\t\t\t\t<img loading=\"lazy\" decoding=\"async\" width=\"682\" height=\"1024\" src=\"https:\/\/linden-gut.eu\/wp-content\/uploads\/2025\/05\/Leo-Reisinger_Vorlesung-682x1024.webp\" class=\"attachment-large size-large wp-image-9997\" alt=\"Leo Reisinger liest aus seinem Buch Bavarese vor\" srcset=\"https:\/\/linden-gut.eu\/wp-content\/uploads\/2025\/05\/Leo-Reisinger_Vorlesung-682x1024.webp 682w, https:\/\/linden-gut.eu\/wp-content\/uploads\/2025\/05\/Leo-Reisinger_Vorlesung-200x300.webp 200w, https:\/\/linden-gut.eu\/wp-content\/uploads\/2025\/05\/Leo-Reisinger_Vorlesung-768x1152.webp 768w, https:\/\/linden-gut.eu\/wp-content\/uploads\/2025\/05\/Leo-Reisinger_Vorlesung.webp 960w\" sizes=\"(max-width: 682px) 100vw, 682px\" \/>\t\t\t\t\t\t\t\t\t\t\t\t\t\t\t<\/div>\n\t\t\t\t<\/div>\n\t\t\t\t\t<\/div>\n\t\t<\/div>\n\t\t\t\t<div class=\"elementor-column elementor-col-33 elementor-top-column elementor-element elementor-element-b4130dd\" data-id=\"b4130dd\" data-element_type=\"column\">\n\t\t\t<div class=\"elementor-widget-wrap elementor-element-populated\">\n\t\t\t\t\t\t<div class=\"elementor-element elementor-element-380ec7e elementor-widget elementor-widget-image\" data-id=\"380ec7e\" data-element_type=\"widget\" data-widget_type=\"image.default\">\n\t\t\t\t<div class=\"elementor-widget-container\">\n\t\t\t\t\t\t\t\t\t\t\t\t\t\t\t<img loading=\"lazy\" decoding=\"async\" width=\"682\" height=\"1024\" src=\"https:\/\/linden-gut.eu\/wp-content\/uploads\/2025\/05\/Leo_Reisinger_Klavier-682x1024.webp\" class=\"attachment-large size-large wp-image-9999\" alt=\"Leo Reisinger spielt am Klavier\" srcset=\"https:\/\/linden-gut.eu\/wp-content\/uploads\/2025\/05\/Leo_Reisinger_Klavier-682x1024.webp 682w, https:\/\/linden-gut.eu\/wp-content\/uploads\/2025\/05\/Leo_Reisinger_Klavier-200x300.webp 200w, https:\/\/linden-gut.eu\/wp-content\/uploads\/2025\/05\/Leo_Reisinger_Klavier-768x1152.webp 768w, https:\/\/linden-gut.eu\/wp-content\/uploads\/2025\/05\/Leo_Reisinger_Klavier.webp 960w\" sizes=\"(max-width: 682px) 100vw, 682px\" \/>\t\t\t\t\t\t\t\t\t\t\t\t\t\t\t<\/div>\n\t\t\t\t<\/div>\n\t\t\t\t\t<\/div>\n\t\t<\/div>\n\t\t\t\t<div class=\"elementor-column elementor-col-33 elementor-top-column elementor-element elementor-element-6c697ed\" data-id=\"6c697ed\" data-element_type=\"column\">\n\t\t\t<div class=\"elementor-widget-wrap elementor-element-populated\">\n\t\t\t\t\t\t<div class=\"elementor-element elementor-element-0e24521 elementor-widget elementor-widget-image\" data-id=\"0e24521\" data-element_type=\"widget\" data-widget_type=\"image.default\">\n\t\t\t\t<div class=\"elementor-widget-container\">\n\t\t\t\t\t\t\t\t\t\t\t\t\t\t\t<img loading=\"lazy\" decoding=\"async\" width=\"682\" height=\"1024\" src=\"https:\/\/linden-gut.eu\/wp-content\/uploads\/2025\/05\/Leo_Reisinger_Signierung-682x1024.webp\" class=\"attachment-large size-large wp-image-10001\" alt=\"Leo Reisinger signiert ein Buch\" srcset=\"https:\/\/linden-gut.eu\/wp-content\/uploads\/2025\/05\/Leo_Reisinger_Signierung-682x1024.webp 682w, https:\/\/linden-gut.eu\/wp-content\/uploads\/2025\/05\/Leo_Reisinger_Signierung-200x300.webp 200w, https:\/\/linden-gut.eu\/wp-content\/uploads\/2025\/05\/Leo_Reisinger_Signierung-768x1152.webp 768w, https:\/\/linden-gut.eu\/wp-content\/uploads\/2025\/05\/Leo_Reisinger_Signierung.webp 960w\" sizes=\"(max-width: 682px) 100vw, 682px\" \/>\t\t\t\t\t\t\t\t\t\t\t\t\t\t\t<\/div>\n\t\t\t\t<\/div>\n\t\t\t\t\t<\/div>\n\t\t<\/div>\n\t\t\t\t\t<\/div>\n\t\t<\/section>\n\t\t\t\t<section class=\"elementor-section elementor-top-section elementor-element elementor-element-e3230ed elementor-section-boxed elementor-section-height-default elementor-section-height-default\" data-id=\"e3230ed\" data-element_type=\"section\">\n\t\t\t\t\t\t<div class=\"elementor-container elementor-column-gap-default\">\n\t\t\t\t\t<div class=\"elementor-column elementor-col-100 elementor-top-column elementor-element elementor-element-d2d99fe\" data-id=\"d2d99fe\" data-element_type=\"column\">\n\t\t\t<div class=\"elementor-widget-wrap elementor-element-populated\">\n\t\t\t\t\t\t<div class=\"elementor-element elementor-element-d62207e elementor-widget-divider--view-line elementor-widget elementor-widget-divider\" data-id=\"d62207e\" data-element_type=\"widget\" data-widget_type=\"divider.default\">\n\t\t\t\t<div class=\"elementor-widget-container\">\n\t\t\t\t\t\t\t<div class=\"elementor-divider\">\n\t\t\t<span class=\"elementor-divider-separator\">\n\t\t\t\t\t\t<\/span>\n\t\t<\/div>\n\t\t\t\t\t\t<\/div>\n\t\t\t\t<\/div>\n\t\t\t\t\t<\/div>\n\t\t<\/div>\n\t\t\t\t\t<\/div>\n\t\t<\/section>\n\t\t\t\t<section class=\"elementor-section elementor-top-section elementor-element elementor-element-c6e4fef elementor-section-boxed elementor-section-height-default elementor-section-height-default\" data-id=\"c6e4fef\" data-element_type=\"section\">\n\t\t\t\t\t\t<div class=\"elementor-container elementor-column-gap-default\">\n\t\t\t\t\t<div class=\"elementor-column elementor-col-33 elementor-top-column elementor-element elementor-element-3342154\" data-id=\"3342154\" data-element_type=\"column\">\n\t\t\t<div class=\"elementor-widget-wrap elementor-element-populated\">\n\t\t\t\t\t\t<div class=\"elementor-element elementor-element-f5b6815 elementor-widget elementor-widget-text-editor\" data-id=\"f5b6815\" data-element_type=\"widget\" data-widget_type=\"text-editor.default\">\n\t\t\t\t<div class=\"elementor-widget-container\">\n\t\t\t\t\t\t\t\t\t<p>Mai 2025<\/p><p><strong>R\u00fcckblick Hofladenfest 1. Mai\u00a0<span class=\"_fadeIn_m1hgl_8\">\u2013 <\/span><span class=\"_fadeIn_m1hgl_8\">ein <\/span><span class=\"_fadeIn_m1hgl_8\">sonniger <\/span><span class=\"_fadeIn_m1hgl_8\">Tag <\/span><span class=\"_fadeIn_m1hgl_8\">voller <\/span><span class=\"_fadeIn_m1hgl_8\">Begegnungen<\/span><\/strong><\/p><p data-start=\"991\" data-end=\"1398\"><span class=\"_fadeIn_m1hgl_8\">Was <\/span><span class=\"_fadeIn_m1hgl_8\">f\u00fcr <\/span><span class=\"_fadeIn_m1hgl_8\">ein <\/span><span class=\"_fadeIn_m1hgl_8\">sch\u00f6ner <\/span><span class=\"_fadeIn_m1hgl_8\">Tag! <\/span><span class=\"_fadeIn_m1hgl_8\">Bei <\/span><span class=\"_fadeIn_m1hgl_8\">bestem <\/span><span class=\"_fadeIn_m1hgl_8\">Wetter <\/span><span class=\"_fadeIn_m1hgl_8\">konnten <\/span><span class=\"_fadeIn_m1hgl_8\">wir <\/span><span class=\"_fadeIn_m1hgl_8\">am <\/span><span class=\"_fadeIn_m1hgl_8\">1. <\/span><span class=\"_fadeIn_m1hgl_8\">Mai <\/span><span class=\"_fadeIn_m1hgl_8\">viele <\/span><span class=\"_fadeIn_m1hgl_8\">Besucher <\/span><span class=\"_fadeIn_m1hgl_8\">auf <\/span><span class=\"_fadeIn_m1hgl_8\">unserem <\/span><span class=\"_fadeIn_m1hgl_8\">LindenGut <\/span><span class=\"_fadeIn_m1hgl_8\">begr\u00fc\u00dfen. <\/span><span class=\"_fadeIn_m1hgl_8\">Unser <\/span><span class=\"_fadeIn_m1hgl_8\">Hofladenfest <\/span><span class=\"_fadeIn_m1hgl_8\">war <\/span><span class=\"_fadeIn_m1hgl_8\">gepr\u00e4gt <\/span><span class=\"_fadeIn_m1hgl_8\">von <\/span><span class=\"_fadeIn_m1hgl_8\">guter <\/span><span class=\"_fadeIn_m1hgl_8\">Stimmung, <\/span><span class=\"_fadeIn_m1hgl_8\">interessanten <\/span><span class=\"_fadeIn_m1hgl_8\">Gespr\u00e4chen <\/span><span class=\"_fadeIn_m1hgl_8\">und <\/span><span class=\"_fadeIn_m1hgl_8\">gro\u00dfem <\/span><span class=\"_fadeIn_m1hgl_8\">Interesse <\/span><span class=\"_fadeIn_m1hgl_8\">an <\/span><span class=\"_fadeIn_m1hgl_8\">unserer <\/span><span class=\"_fadeIn_m1hgl_8\">regionalen <\/span><span class=\"_fadeIn_m1hgl_8\">Bio-<\/span><span class=\"_fadeIn_m1hgl_8\">Vielfalt. <\/span><\/p>\t\t\t\t\t\t\t\t<\/div>\n\t\t\t\t<\/div>\n\t\t\t\t\t<\/div>\n\t\t<\/div>\n\t\t\t\t<div class=\"elementor-column elementor-col-33 elementor-top-column elementor-element elementor-element-2bde3f6\" data-id=\"2bde3f6\" data-element_type=\"column\">\n\t\t\t<div class=\"elementor-widget-wrap elementor-element-populated\">\n\t\t\t\t\t\t<div class=\"elementor-element elementor-element-19e94c6 elementor-widget elementor-widget-text-editor\" data-id=\"19e94c6\" data-element_type=\"widget\" data-widget_type=\"text-editor.default\">\n\t\t\t\t<div class=\"elementor-widget-container\">\n\t\t\t\t\t\t\t\t\t<p data-start=\"991\" data-end=\"1398\"><span class=\"_fadeIn_m1hgl_8\">Besonders <\/span><span class=\"_fadeIn_m1hgl_8\">beliebt <\/span><span class=\"_fadeIn_m1hgl_8\">waren <\/span><span class=\"_fadeIn_m1hgl_8\">unsere <\/span><span class=\"_fadeIn_m1hgl_8\">Hoff\u00fchrungen, <\/span><span class=\"_fadeIn_m1hgl_8\">bei <\/span><span class=\"_fadeIn_m1hgl_8\">denen <\/span><span class=\"_fadeIn_m1hgl_8\">wir <\/span><span class=\"_fadeIn_m1hgl_8\">Einblicke <\/span><span class=\"_fadeIn_m1hgl_8\">in <\/span><span class=\"_fadeIn_m1hgl_8\">unsere <\/span><span class=\"_fadeIn_m1hgl_8\">t\u00e4gliche <\/span><span class=\"_fadeIn_m1hgl_8\">Arbeit <\/span><span class=\"_fadeIn_m1hgl_8\">und <\/span><span class=\"_fadeIn_m1hgl_8\">Philosophie <\/span><span class=\"_fadeIn_m1hgl_8\">geben <\/span><span class=\"_fadeIn_m1hgl_8\">konnten.<\/span><\/p><p data-start=\"1544\" data-end=\"1773\"><span class=\"_fadeIn_m1hgl_8\">Wir <\/span><span class=\"_fadeIn_m1hgl_8\">m\u00f6chten <\/span><span class=\"_fadeIn_m1hgl_8\">uns <\/span><span class=\"_fadeIn_m1hgl_8\">herzlich <\/span><span class=\"_fadeIn_m1hgl_8\">bei <\/span><span class=\"_fadeIn_m1hgl_8\">allen <\/span><span class=\"_fadeIn_m1hgl_8\">G\u00e4sten <\/span><span class=\"_fadeIn_m1hgl_8\">bedanken, <\/span><span class=\"_fadeIn_m1hgl_8\">die <\/span><span class=\"_fadeIn_m1hgl_8\">den <\/span><span class=\"_fadeIn_m1hgl_8\">Tag <\/span><span class=\"_fadeIn_m1hgl_8\">mit <\/span><span class=\"_fadeIn_m1hgl_8\">uns <\/span><span class=\"_fadeIn_m1hgl_8\">verbracht <\/span><span class=\"_fadeIn_m1hgl_8\">haben \u2013 <\/span><span class=\"_fadeIn_m1hgl_8\">und <\/span><span class=\"_fadeIn_m1hgl_8\">ganz <\/span><span class=\"_fadeIn_m1hgl_8\">besonders <\/span><span class=\"_fadeIn_m1hgl_8\">bei <\/span><span class=\"_fadeIn_m1hgl_8\">unseren <\/span><span class=\"_fadeIn_m1hgl_8\">Mitwirkenden, <\/span><span class=\"_fadeIn_m1hgl_8\">die <\/span><span class=\"_fadeIn_m1hgl_8\">mit <\/span><span class=\"_fadeIn_m1hgl_8\">viel <\/span><span class=\"_fadeIn_m1hgl_8\">Engagement <\/span><span class=\"_fadeIn_m1hgl_8\">und <\/span><span class=\"_fadeIn_m1hgl_8\">Herzblut <\/span><span class=\"_fadeIn_m1hgl_8\">daf\u00fcr <\/span><span class=\"_fadeIn_m1hgl_8\">gesorgt <\/span><span class=\"_fadeIn_m1hgl_8\">haben, <\/span><span class=\"_fadeIn_m1hgl_8\">dass <\/span><span class=\"_fadeIn_m1hgl_8\">sich <\/span><span class=\"_fadeIn_m1hgl_8\">alle <\/span><span class=\"_fadeIn_m1hgl_8\">wohlf\u00fchlen <\/span><span class=\"_fadeIn_m1hgl_8\">konnten.<\/span><\/p>\t\t\t\t\t\t\t\t<\/div>\n\t\t\t\t<\/div>\n\t\t\t\t\t<\/div>\n\t\t<\/div>\n\t\t\t\t<div class=\"elementor-column elementor-col-33 elementor-top-column elementor-element elementor-element-8204f7f\" data-id=\"8204f7f\" data-element_type=\"column\">\n\t\t\t<div class=\"elementor-widget-wrap elementor-element-populated\">\n\t\t\t\t\t\t<div class=\"elementor-element elementor-element-7c310a5 elementor-widget elementor-widget-text-editor\" data-id=\"7c310a5\" data-element_type=\"widget\" data-widget_type=\"text-editor.default\">\n\t\t\t\t<div class=\"elementor-widget-container\">\n\t\t\t\t\t\t\t\t\t<p><span class=\"_fadeIn_m1hgl_8\">Danke, <\/span><span class=\"_fadeIn_m1hgl_8\">dass <\/span><span class=\"_fadeIn_m1hgl_8\">ihr <\/span><span class=\"_fadeIn_m1hgl_8\">unsere <\/span><span class=\"_fadeIn_m1hgl_8\">Leidenschaft <\/span><span class=\"_fadeIn_m1hgl_8\">f\u00fcr <\/span><span class=\"_fadeIn_m1hgl_8\">regionale <\/span><span class=\"_fadeIn_m1hgl_8\">Bio-<\/span><span class=\"_fadeIn_m1hgl_8\">Lebensmittel <\/span><span class=\"_fadeIn_m1hgl_8\">teilt. <\/span><span class=\"_fadeIn_m1hgl_8\">Wir <\/span><span class=\"_fadeIn_m1hgl_8\">freuen <\/span><span class=\"_fadeIn_m1hgl_8\">uns <\/span><span class=\"_fadeIn_m1hgl_8\">auf <\/span><span class=\"_fadeIn_m1hgl_8\">ein <\/span><span class=\"_fadeIn_m1hgl_8\">Wiedersehen \u2013 <\/span><span class=\"_fadeIn_m1hgl_8\">sp\u00e4testens <\/span><span class=\"_fadeIn_m1hgl_8\">beim <\/span><span class=\"_fadeIn_m1hgl_8\">n\u00e4chsten <\/span><span class=\"_fadeIn_m1hgl_8\">Fest!<\/span><\/p>\t\t\t\t\t\t\t\t<\/div>\n\t\t\t\t<\/div>\n\t\t\t\t\t<\/div>\n\t\t<\/div>\n\t\t\t\t\t<\/div>\n\t\t<\/section>\n\t\t\t\t<section class=\"elementor-section elementor-top-section elementor-element elementor-element-110937c elementor-section-boxed elementor-section-height-default elementor-section-height-default\" data-id=\"110937c\" data-element_type=\"section\">\n\t\t\t\t\t\t<div class=\"elementor-container elementor-column-gap-default\">\n\t\t\t\t\t<div class=\"elementor-column elementor-col-33 elementor-top-column elementor-element elementor-element-296676b\" data-id=\"296676b\" data-element_type=\"column\">\n\t\t\t<div class=\"elementor-widget-wrap elementor-element-populated\">\n\t\t\t\t\t\t<div class=\"elementor-element elementor-element-6f86bac elementor-widget elementor-widget-image\" data-id=\"6f86bac\" data-element_type=\"widget\" data-widget_type=\"image.default\">\n\t\t\t\t<div class=\"elementor-widget-container\">\n\t\t\t\t\t\t\t\t\t\t\t\t\t\t\t<img loading=\"lazy\" decoding=\"async\" width=\"682\" height=\"1024\" src=\"https:\/\/linden-gut.eu\/wp-content\/uploads\/2025\/05\/Hofladenfest_Besucher-682x1024.webp\" class=\"attachment-large size-large wp-image-9991\" alt=\"Foto der Besucher am Hofladenfest am 1. Mai 2025\" srcset=\"https:\/\/linden-gut.eu\/wp-content\/uploads\/2025\/05\/Hofladenfest_Besucher-682x1024.webp 682w, https:\/\/linden-gut.eu\/wp-content\/uploads\/2025\/05\/Hofladenfest_Besucher-200x300.webp 200w, https:\/\/linden-gut.eu\/wp-content\/uploads\/2025\/05\/Hofladenfest_Besucher-768x1152.webp 768w, https:\/\/linden-gut.eu\/wp-content\/uploads\/2025\/05\/Hofladenfest_Besucher.webp 960w\" sizes=\"(max-width: 682px) 100vw, 682px\" \/>\t\t\t\t\t\t\t\t\t\t\t\t\t\t\t<\/div>\n\t\t\t\t<\/div>\n\t\t\t\t\t<\/div>\n\t\t<\/div>\n\t\t\t\t<div class=\"elementor-column elementor-col-33 elementor-top-column elementor-element elementor-element-8a68526\" data-id=\"8a68526\" data-element_type=\"column\">\n\t\t\t<div class=\"elementor-widget-wrap elementor-element-populated\">\n\t\t\t\t\t\t<div class=\"elementor-element elementor-element-d28e23b elementor-widget elementor-widget-image\" data-id=\"d28e23b\" data-element_type=\"widget\" data-widget_type=\"image.default\">\n\t\t\t\t<div class=\"elementor-widget-container\">\n\t\t\t\t\t\t\t\t\t\t\t\t\t\t\t<img loading=\"lazy\" decoding=\"async\" width=\"682\" height=\"1024\" src=\"https:\/\/linden-gut.eu\/wp-content\/uploads\/2025\/05\/Hofladenfest_Ofyr-682x1024.webp\" class=\"attachment-large size-large wp-image-9995\" alt=\"Steak und Rosmarinkartoffeln auf dem Ofyr\" srcset=\"https:\/\/linden-gut.eu\/wp-content\/uploads\/2025\/05\/Hofladenfest_Ofyr-682x1024.webp 682w, https:\/\/linden-gut.eu\/wp-content\/uploads\/2025\/05\/Hofladenfest_Ofyr-200x300.webp 200w, https:\/\/linden-gut.eu\/wp-content\/uploads\/2025\/05\/Hofladenfest_Ofyr-768x1152.webp 768w, https:\/\/linden-gut.eu\/wp-content\/uploads\/2025\/05\/Hofladenfest_Ofyr.webp 960w\" sizes=\"(max-width: 682px) 100vw, 682px\" \/>\t\t\t\t\t\t\t\t\t\t\t\t\t\t\t<\/div>\n\t\t\t\t<\/div>\n\t\t\t\t\t<\/div>\n\t\t<\/div>\n\t\t\t\t<div class=\"elementor-column elementor-col-33 elementor-top-column elementor-element elementor-element-6cb3a07\" data-id=\"6cb3a07\" data-element_type=\"column\">\n\t\t\t<div class=\"elementor-widget-wrap elementor-element-populated\">\n\t\t\t\t\t\t<div class=\"elementor-element elementor-element-444dc49 elementor-widget elementor-widget-image\" data-id=\"444dc49\" data-element_type=\"widget\" data-widget_type=\"image.default\">\n\t\t\t\t<div class=\"elementor-widget-container\">\n\t\t\t\t\t\t\t\t\t\t\t\t\t\t\t<img loading=\"lazy\" decoding=\"async\" width=\"682\" height=\"1024\" src=\"https:\/\/linden-gut.eu\/wp-content\/uploads\/2025\/05\/Hofladenfest_Essen-682x1024.webp\" class=\"attachment-large size-large wp-image-9993\" alt=\"Essen: gr\u00fcne So\u00dfe, Rosmarinkartoffeln und Klopse\" srcset=\"https:\/\/linden-gut.eu\/wp-content\/uploads\/2025\/05\/Hofladenfest_Essen-682x1024.webp 682w, https:\/\/linden-gut.eu\/wp-content\/uploads\/2025\/05\/Hofladenfest_Essen-200x300.webp 200w, https:\/\/linden-gut.eu\/wp-content\/uploads\/2025\/05\/Hofladenfest_Essen-768x1152.webp 768w, https:\/\/linden-gut.eu\/wp-content\/uploads\/2025\/05\/Hofladenfest_Essen.webp 960w\" sizes=\"(max-width: 682px) 100vw, 682px\" \/>\t\t\t\t\t\t\t\t\t\t\t\t\t\t\t<\/div>\n\t\t\t\t<\/div>\n\t\t\t\t\t<\/div>\n\t\t<\/div>\n\t\t\t\t\t<\/div>\n\t\t<\/section>\n\t\t\t\t<section class=\"elementor-section elementor-top-section elementor-element elementor-element-bd7d450 elementor-section-boxed elementor-section-height-default elementor-section-height-default\" data-id=\"bd7d450\" data-element_type=\"section\">\n\t\t\t\t\t\t<div class=\"elementor-container elementor-column-gap-default\">\n\t\t\t\t\t<div class=\"elementor-column elementor-col-100 elementor-top-column elementor-element elementor-element-0598618\" data-id=\"0598618\" data-element_type=\"column\">\n\t\t\t<div class=\"elementor-widget-wrap elementor-element-populated\">\n\t\t\t\t\t\t<div class=\"elementor-element elementor-element-720f58f elementor-widget-divider--view-line elementor-widget elementor-widget-divider\" data-id=\"720f58f\" data-element_type=\"widget\" data-widget_type=\"divider.default\">\n\t\t\t\t<div class=\"elementor-widget-container\">\n\t\t\t\t\t\t\t<div class=\"elementor-divider\">\n\t\t\t<span class=\"elementor-divider-separator\">\n\t\t\t\t\t\t<\/span>\n\t\t<\/div>\n\t\t\t\t\t\t<\/div>\n\t\t\t\t<\/div>\n\t\t\t\t\t<\/div>\n\t\t<\/div>\n\t\t\t\t\t<\/div>\n\t\t<\/section>\n\t\t\t\t<section class=\"elementor-section elementor-top-section elementor-element elementor-element-5d3dadd elementor-section-boxed elementor-section-height-default elementor-section-height-default\" data-id=\"5d3dadd\" data-element_type=\"section\">\n\t\t\t\t\t\t<div class=\"elementor-container elementor-column-gap-default\">\n\t\t\t\t\t<div class=\"elementor-column elementor-col-33 elementor-top-column elementor-element elementor-element-6275776\" data-id=\"6275776\" data-element_type=\"column\">\n\t\t\t<div class=\"elementor-widget-wrap elementor-element-populated\">\n\t\t\t\t\t\t<div class=\"elementor-element elementor-element-232c167 elementor-widget elementor-widget-text-editor\" data-id=\"232c167\" data-element_type=\"widget\" data-widget_type=\"text-editor.default\">\n\t\t\t\t<div class=\"elementor-widget-container\">\n\t\t\t\t\t\t\t\t\t<p style=\"font-size: 15px; font-style: normal; font-weight: 400;\">Juni 2024\u00a0<\/p><p style=\"font-size: 15px; font-style: normal; font-weight: 400;\"><span style=\"font-weight: bold;\">Baufortschritt Bio-Herberge<\/span><\/p><p style=\"font-size: 15px; font-style: normal; font-weight: 400;\">Nun ver\u00e4ndert sich unsere Bio-Herberge auch von Innen: die Bodenheizung wurde verlegt und die Decke im Tagungsraum wurde gemacht.<\/p>\t\t\t\t\t\t\t\t<\/div>\n\t\t\t\t<\/div>\n\t\t\t\t\t<\/div>\n\t\t<\/div>\n\t\t\t\t<div class=\"elementor-column elementor-col-33 elementor-top-column elementor-element elementor-element-51b27ae\" data-id=\"51b27ae\" data-element_type=\"column\">\n\t\t\t<div class=\"elementor-widget-wrap elementor-element-populated\">\n\t\t\t\t\t\t<div class=\"elementor-element elementor-element-c4d1b64 elementor-widget elementor-widget-image\" data-id=\"c4d1b64\" data-element_type=\"widget\" data-widget_type=\"image.default\">\n\t\t\t\t<div class=\"elementor-widget-container\">\n\t\t\t\t\t\t\t\t\t\t\t\t\t\t\t<img loading=\"lazy\" decoding=\"async\" width=\"768\" height=\"1024\" src=\"https:\/\/linden-gut.eu\/wp-content\/uploads\/2024\/06\/Bio-Herberge_Bodenheizung-768x1024.jpg\" class=\"attachment-large size-large wp-image-7866\" alt=\"Bio-Herberge Baufortschritt Fu\u00dfbodenheizung\" srcset=\"https:\/\/linden-gut.eu\/wp-content\/uploads\/2024\/06\/Bio-Herberge_Bodenheizung-768x1024.jpg 768w, https:\/\/linden-gut.eu\/wp-content\/uploads\/2024\/06\/Bio-Herberge_Bodenheizung-225x300.jpg 225w, https:\/\/linden-gut.eu\/wp-content\/uploads\/2024\/06\/Bio-Herberge_Bodenheizung.jpg 1080w\" sizes=\"(max-width: 768px) 100vw, 768px\" \/>\t\t\t\t\t\t\t\t\t\t\t\t\t\t\t<\/div>\n\t\t\t\t<\/div>\n\t\t\t\t\t<\/div>\n\t\t<\/div>\n\t\t\t\t<div class=\"elementor-column elementor-col-33 elementor-top-column elementor-element elementor-element-2fc954f\" data-id=\"2fc954f\" data-element_type=\"column\">\n\t\t\t<div class=\"elementor-widget-wrap elementor-element-populated\">\n\t\t\t\t\t\t<div class=\"elementor-element elementor-element-39fc426 elementor-widget elementor-widget-image\" data-id=\"39fc426\" data-element_type=\"widget\" data-widget_type=\"image.default\">\n\t\t\t\t<div class=\"elementor-widget-container\">\n\t\t\t\t\t\t\t\t\t\t\t\t\t\t\t<img loading=\"lazy\" decoding=\"async\" width=\"768\" height=\"1024\" src=\"https:\/\/linden-gut.eu\/wp-content\/uploads\/2024\/06\/Bio-Herberge_Tagungsraumdecke-768x1024.jpg\" class=\"attachment-large size-large wp-image-7864\" alt=\"Bio-Herberge Baufortschritt Decke Tagungsraum\" srcset=\"https:\/\/linden-gut.eu\/wp-content\/uploads\/2024\/06\/Bio-Herberge_Tagungsraumdecke-768x1024.jpg 768w, https:\/\/linden-gut.eu\/wp-content\/uploads\/2024\/06\/Bio-Herberge_Tagungsraumdecke-225x300.jpg 225w, https:\/\/linden-gut.eu\/wp-content\/uploads\/2024\/06\/Bio-Herberge_Tagungsraumdecke.jpg 1080w\" sizes=\"(max-width: 768px) 100vw, 768px\" \/>\t\t\t\t\t\t\t\t\t\t\t\t\t\t\t<\/div>\n\t\t\t\t<\/div>\n\t\t\t\t\t<\/div>\n\t\t<\/div>\n\t\t\t\t\t<\/div>\n\t\t<\/section>\n\t\t\t\t<section class=\"elementor-section elementor-top-section elementor-element elementor-element-dff22c0 elementor-section-boxed elementor-section-height-default elementor-section-height-default\" data-id=\"dff22c0\" data-element_type=\"section\">\n\t\t\t\t\t\t<div class=\"elementor-container elementor-column-gap-default\">\n\t\t\t\t\t<div class=\"elementor-column elementor-col-100 elementor-top-column elementor-element elementor-element-aa8bdb4\" data-id=\"aa8bdb4\" data-element_type=\"column\">\n\t\t\t<div class=\"elementor-widget-wrap elementor-element-populated\">\n\t\t\t\t\t\t<div class=\"elementor-element elementor-element-74dea18 elementor-widget-divider--view-line elementor-widget elementor-widget-divider\" data-id=\"74dea18\" data-element_type=\"widget\" data-widget_type=\"divider.default\">\n\t\t\t\t<div class=\"elementor-widget-container\">\n\t\t\t\t\t\t\t<div class=\"elementor-divider\">\n\t\t\t<span class=\"elementor-divider-separator\">\n\t\t\t\t\t\t<\/span>\n\t\t<\/div>\n\t\t\t\t\t\t<\/div>\n\t\t\t\t<\/div>\n\t\t\t\t\t<\/div>\n\t\t<\/div>\n\t\t\t\t\t<\/div>\n\t\t<\/section>\n\t\t\t\t<section class=\"elementor-section elementor-top-section elementor-element elementor-element-726784b elementor-section-boxed elementor-section-height-default elementor-section-height-default\" data-id=\"726784b\" data-element_type=\"section\">\n\t\t\t\t\t\t<div class=\"elementor-container elementor-column-gap-default\">\n\t\t\t\t\t<div class=\"elementor-column elementor-col-33 elementor-top-column elementor-element elementor-element-f806b80\" data-id=\"f806b80\" data-element_type=\"column\">\n\t\t\t<div class=\"elementor-widget-wrap elementor-element-populated\">\n\t\t\t\t\t\t<div class=\"elementor-element elementor-element-b911820 elementor-widget elementor-widget-text-editor\" data-id=\"b911820\" data-element_type=\"widget\" data-widget_type=\"text-editor.default\">\n\t\t\t\t<div class=\"elementor-widget-container\">\n\t\t\t\t\t\t\t\t\t<p>Juni 2024<\/p><p><strong>Nachwuchs am LindenGut<\/strong><\/p><p>Bei unseren Ziegen ist die Baby-Saison gestartet und wir haben jede Menge Nachwuchs, darunter auch einige Drillinge.<\/p>\t\t\t\t\t\t\t\t<\/div>\n\t\t\t\t<\/div>\n\t\t\t\t\t<\/div>\n\t\t<\/div>\n\t\t\t\t<div class=\"elementor-column elementor-col-33 elementor-top-column elementor-element elementor-element-3c3b12b\" data-id=\"3c3b12b\" data-element_type=\"column\">\n\t\t\t<div class=\"elementor-widget-wrap elementor-element-populated\">\n\t\t\t\t\t\t<div class=\"elementor-element elementor-element-66075cb elementor-widget elementor-widget-image\" data-id=\"66075cb\" data-element_type=\"widget\" data-widget_type=\"image.default\">\n\t\t\t\t<div class=\"elementor-widget-container\">\n\t\t\t\t\t\t\t\t\t\t\t\t\t\t\t<img loading=\"lazy\" decoding=\"async\" width=\"768\" height=\"1024\" src=\"https:\/\/linden-gut.eu\/wp-content\/uploads\/2024\/06\/Ziegennachwuchs_01-768x1024.jpg\" class=\"attachment-large size-large wp-image-7859\" alt=\"Ziegennachwuchs am LindenGut\" srcset=\"https:\/\/linden-gut.eu\/wp-content\/uploads\/2024\/06\/Ziegennachwuchs_01-768x1024.jpg 768w, https:\/\/linden-gut.eu\/wp-content\/uploads\/2024\/06\/Ziegennachwuchs_01-225x300.jpg 225w, https:\/\/linden-gut.eu\/wp-content\/uploads\/2024\/06\/Ziegennachwuchs_01.jpg 1080w\" sizes=\"(max-width: 768px) 100vw, 768px\" \/>\t\t\t\t\t\t\t\t\t\t\t\t\t\t\t<\/div>\n\t\t\t\t<\/div>\n\t\t\t\t\t<\/div>\n\t\t<\/div>\n\t\t\t\t<div class=\"elementor-column elementor-col-33 elementor-top-column elementor-element elementor-element-7fba27e\" data-id=\"7fba27e\" data-element_type=\"column\">\n\t\t\t<div class=\"elementor-widget-wrap elementor-element-populated\">\n\t\t\t\t\t\t<div class=\"elementor-element elementor-element-8d125da elementor-widget elementor-widget-image\" data-id=\"8d125da\" data-element_type=\"widget\" data-widget_type=\"image.default\">\n\t\t\t\t<div class=\"elementor-widget-container\">\n\t\t\t\t\t\t\t\t\t\t\t\t\t\t\t<img loading=\"lazy\" decoding=\"async\" width=\"768\" height=\"1024\" src=\"https:\/\/linden-gut.eu\/wp-content\/uploads\/2024\/06\/Ziegennachwuchs_02-768x1024.jpg\" class=\"attachment-large size-large wp-image-7857\" alt=\"Ziegennachwuchs kuschelt in der Sch\u00fcssel\" srcset=\"https:\/\/linden-gut.eu\/wp-content\/uploads\/2024\/06\/Ziegennachwuchs_02-768x1024.jpg 768w, https:\/\/linden-gut.eu\/wp-content\/uploads\/2024\/06\/Ziegennachwuchs_02-225x300.jpg 225w, https:\/\/linden-gut.eu\/wp-content\/uploads\/2024\/06\/Ziegennachwuchs_02.jpg 1080w\" sizes=\"(max-width: 768px) 100vw, 768px\" \/>\t\t\t\t\t\t\t\t\t\t\t\t\t\t\t<\/div>\n\t\t\t\t<\/div>\n\t\t\t\t\t<\/div>\n\t\t<\/div>\n\t\t\t\t\t<\/div>\n\t\t<\/section>\n\t\t\t\t<section class=\"elementor-section elementor-top-section elementor-element elementor-element-9b74ae5 elementor-section-boxed elementor-section-height-default elementor-section-height-default\" data-id=\"9b74ae5\" data-element_type=\"section\">\n\t\t\t\t\t\t<div class=\"elementor-container elementor-column-gap-default\">\n\t\t\t\t\t<div class=\"elementor-column elementor-col-100 elementor-top-column elementor-element elementor-element-5dc90f2\" data-id=\"5dc90f2\" data-element_type=\"column\">\n\t\t\t<div class=\"elementor-widget-wrap elementor-element-populated\">\n\t\t\t\t\t\t<div class=\"elementor-element elementor-element-acac130 elementor-widget-divider--view-line elementor-widget elementor-widget-divider\" data-id=\"acac130\" data-element_type=\"widget\" data-widget_type=\"divider.default\">\n\t\t\t\t<div class=\"elementor-widget-container\">\n\t\t\t\t\t\t\t<div class=\"elementor-divider\">\n\t\t\t<span class=\"elementor-divider-separator\">\n\t\t\t\t\t\t<\/span>\n\t\t<\/div>\n\t\t\t\t\t\t<\/div>\n\t\t\t\t<\/div>\n\t\t\t\t\t<\/div>\n\t\t<\/div>\n\t\t\t\t\t<\/div>\n\t\t<\/section>\n\t\t\t\t<section class=\"elementor-section elementor-top-section elementor-element elementor-element-d92c322 elementor-section-boxed elementor-section-height-default elementor-section-height-default\" data-id=\"d92c322\" data-element_type=\"section\">\n\t\t\t\t\t\t<div class=\"elementor-container elementor-column-gap-default\">\n\t\t\t\t\t<div class=\"elementor-column elementor-col-33 elementor-top-column elementor-element elementor-element-ad8a34c\" data-id=\"ad8a34c\" data-element_type=\"column\">\n\t\t\t<div class=\"elementor-widget-wrap elementor-element-populated\">\n\t\t\t\t\t\t<div class=\"elementor-element elementor-element-7c2d596 elementor-widget elementor-widget-text-editor\" data-id=\"7c2d596\" data-element_type=\"widget\" data-widget_type=\"text-editor.default\">\n\t\t\t\t<div class=\"elementor-widget-container\">\n\t\t\t\t\t\t\t\t\t<p>Mai 2024\u00a0<\/p><p><strong>Baufortschritt Bio-Herberge<\/strong><\/p><p>Unsere Bio-Herberge nimmt Gestalt an. Von au\u00dfen ist es nun endlich soweit, dass wir mit dem Innenausbau weitermachen k\u00f6nnen.<\/p>\t\t\t\t\t\t\t\t<\/div>\n\t\t\t\t<\/div>\n\t\t\t\t\t<\/div>\n\t\t<\/div>\n\t\t\t\t<div class=\"elementor-column elementor-col-33 elementor-top-column elementor-element elementor-element-9d784dc\" data-id=\"9d784dc\" data-element_type=\"column\">\n\t\t\t<div class=\"elementor-widget-wrap elementor-element-populated\">\n\t\t\t\t\t\t<div class=\"elementor-element elementor-element-8e83e7a elementor-widget elementor-widget-image\" data-id=\"8e83e7a\" data-element_type=\"widget\" data-widget_type=\"image.default\">\n\t\t\t\t<div class=\"elementor-widget-container\">\n\t\t\t\t\t\t\t\t\t\t\t\t\t\t\t<img loading=\"lazy\" decoding=\"async\" width=\"768\" height=\"1024\" src=\"https:\/\/linden-gut.eu\/wp-content\/uploads\/2024\/06\/Bio-Herberge_Baufortschritt01-768x1024.jpg\" class=\"attachment-medium_large size-medium_large wp-image-7853\" alt=\"Baufortschritt Bio-Herberge\" srcset=\"https:\/\/linden-gut.eu\/wp-content\/uploads\/2024\/06\/Bio-Herberge_Baufortschritt01-768x1024.jpg 768w, https:\/\/linden-gut.eu\/wp-content\/uploads\/2024\/06\/Bio-Herberge_Baufortschritt01-225x300.jpg 225w, https:\/\/linden-gut.eu\/wp-content\/uploads\/2024\/06\/Bio-Herberge_Baufortschritt01-scaled.jpg 1080w\" sizes=\"(max-width: 768px) 100vw, 768px\" \/>\t\t\t\t\t\t\t\t\t\t\t\t\t\t\t<\/div>\n\t\t\t\t<\/div>\n\t\t\t\t\t<\/div>\n\t\t<\/div>\n\t\t\t\t<div class=\"elementor-column elementor-col-33 elementor-top-column elementor-element elementor-element-92a2e70\" data-id=\"92a2e70\" data-element_type=\"column\">\n\t\t\t<div class=\"elementor-widget-wrap elementor-element-populated\">\n\t\t\t\t\t\t<div class=\"elementor-element elementor-element-fe3a9e7 elementor-widget elementor-widget-image\" data-id=\"fe3a9e7\" data-element_type=\"widget\" data-widget_type=\"image.default\">\n\t\t\t\t<div class=\"elementor-widget-container\">\n\t\t\t\t\t\t\t\t\t\t\t\t\t\t\t<img loading=\"lazy\" decoding=\"async\" width=\"768\" height=\"1024\" src=\"https:\/\/linden-gut.eu\/wp-content\/uploads\/2024\/06\/Bio-Herberge_Baufortschritt02-768x1024.jpg\" class=\"attachment-medium_large size-medium_large wp-image-7855\" alt=\"Baufortschritt Bio-Herberge mit Dach\" srcset=\"https:\/\/linden-gut.eu\/wp-content\/uploads\/2024\/06\/Bio-Herberge_Baufortschritt02-768x1024.jpg 768w, https:\/\/linden-gut.eu\/wp-content\/uploads\/2024\/06\/Bio-Herberge_Baufortschritt02-225x300.jpg 225w, https:\/\/linden-gut.eu\/wp-content\/uploads\/2024\/06\/Bio-Herberge_Baufortschritt02-scaled.jpg 1080w\" sizes=\"(max-width: 768px) 100vw, 768px\" \/>\t\t\t\t\t\t\t\t\t\t\t\t\t\t\t<\/div>\n\t\t\t\t<\/div>\n\t\t\t\t\t<\/div>\n\t\t<\/div>\n\t\t\t\t\t<\/div>\n\t\t<\/section>\n\t\t\t\t<section class=\"elementor-section elementor-top-section elementor-element elementor-element-bac585b elementor-section-boxed elementor-section-height-default elementor-section-height-default\" data-id=\"bac585b\" data-element_type=\"section\">\n\t\t\t\t\t\t<div class=\"elementor-container elementor-column-gap-default\">\n\t\t\t\t\t<div class=\"elementor-column elementor-col-100 elementor-top-column elementor-element elementor-element-21190a4\" data-id=\"21190a4\" data-element_type=\"column\">\n\t\t\t<div class=\"elementor-widget-wrap elementor-element-populated\">\n\t\t\t\t\t\t<div class=\"elementor-element elementor-element-d10d905 elementor-widget-divider--view-line elementor-widget elementor-widget-divider\" data-id=\"d10d905\" data-element_type=\"widget\" data-widget_type=\"divider.default\">\n\t\t\t\t<div class=\"elementor-widget-container\">\n\t\t\t\t\t\t\t<div class=\"elementor-divider\">\n\t\t\t<span class=\"elementor-divider-separator\">\n\t\t\t\t\t\t<\/span>\n\t\t<\/div>\n\t\t\t\t\t\t<\/div>\n\t\t\t\t<\/div>\n\t\t\t\t\t<\/div>\n\t\t<\/div>\n\t\t\t\t\t<\/div>\n\t\t<\/section>\n\t\t\t\t<section class=\"elementor-section elementor-top-section elementor-element elementor-element-b7e40e5 elementor-section-boxed elementor-section-height-default elementor-section-height-default\" data-id=\"b7e40e5\" data-element_type=\"section\">\n\t\t\t\t\t\t<div class=\"elementor-container elementor-column-gap-default\">\n\t\t\t\t\t<div class=\"elementor-column elementor-col-33 elementor-top-column elementor-element elementor-element-7ff47d8\" data-id=\"7ff47d8\" data-element_type=\"column\">\n\t\t\t<div class=\"elementor-widget-wrap elementor-element-populated\">\n\t\t\t\t\t\t<div class=\"elementor-element elementor-element-4657dc0 elementor-widget elementor-widget-text-editor\" data-id=\"4657dc0\" data-element_type=\"widget\" data-widget_type=\"text-editor.default\">\n\t\t\t\t<div class=\"elementor-widget-container\">\n\t\t\t\t\t\t\t\t\t<p>Mai 2024<\/p><p><strong>Superkraft Charity Night &#8211; wir sind mit dabei!<\/strong><\/p><p>Wir beteiligen uns an Superkraft Charity, Mehr Informationen zur Wohlt\u00e4tigkeitsveranstaltung findest du <a href=\"https:\/\/superkraft-charity.de\/ueber-uns\/\">hier<\/a>.<\/p>\t\t\t\t\t\t\t\t<\/div>\n\t\t\t\t<\/div>\n\t\t\t\t\t<\/div>\n\t\t<\/div>\n\t\t\t\t<div class=\"elementor-column elementor-col-66 elementor-top-column elementor-element elementor-element-d67e9f9\" data-id=\"d67e9f9\" data-element_type=\"column\">\n\t\t\t<div class=\"elementor-widget-wrap elementor-element-populated\">\n\t\t\t\t\t\t<div class=\"elementor-element elementor-element-a78257e elementor-widget elementor-widget-image\" data-id=\"a78257e\" data-element_type=\"widget\" data-widget_type=\"image.default\">\n\t\t\t\t<div class=\"elementor-widget-container\">\n\t\t\t\t\t\t\t\t\t\t\t\t\t\t\t<img decoding=\"async\" src=\"https:\/\/linden-gut.eu\/wp-content\/uploads\/2024\/06\/Superkraft_Charity_Night.jpg\" title=\"\" alt=\"Flyer zur Charity Night von Superkraft\" loading=\"lazy\" \/>\t\t\t\t\t\t\t\t\t\t\t\t\t\t\t<\/div>\n\t\t\t\t<\/div>\n\t\t\t\t\t<\/div>\n\t\t<\/div>\n\t\t\t\t\t<\/div>\n\t\t<\/section>\n\t\t\t\t<section class=\"elementor-section elementor-top-section elementor-element elementor-element-cfff74d elementor-section-boxed elementor-section-height-default elementor-section-height-default\" data-id=\"cfff74d\" data-element_type=\"section\">\n\t\t\t\t\t\t<div class=\"elementor-container elementor-column-gap-default\">\n\t\t\t\t\t<div class=\"elementor-column elementor-col-100 elementor-top-column elementor-element elementor-element-d6e7b80\" data-id=\"d6e7b80\" data-element_type=\"column\">\n\t\t\t<div class=\"elementor-widget-wrap elementor-element-populated\">\n\t\t\t\t\t\t<div class=\"elementor-element elementor-element-7feea5c elementor-widget-divider--view-line elementor-widget elementor-widget-divider\" data-id=\"7feea5c\" data-element_type=\"widget\" data-widget_type=\"divider.default\">\n\t\t\t\t<div class=\"elementor-widget-container\">\n\t\t\t\t\t\t\t<div class=\"elementor-divider\">\n\t\t\t<span class=\"elementor-divider-separator\">\n\t\t\t\t\t\t<\/span>\n\t\t<\/div>\n\t\t\t\t\t\t<\/div>\n\t\t\t\t<\/div>\n\t\t\t\t\t<\/div>\n\t\t<\/div>\n\t\t\t\t\t<\/div>\n\t\t<\/section>\n\t\t\t\t<section class=\"elementor-section elementor-top-section elementor-element elementor-element-e9e14e9 elementor-section-boxed elementor-section-height-default elementor-section-height-default\" data-id=\"e9e14e9\" data-element_type=\"section\">\n\t\t\t\t\t\t<div class=\"elementor-container elementor-column-gap-default\">\n\t\t\t\t\t<div class=\"elementor-column elementor-col-50 elementor-top-column elementor-element elementor-element-a22f9cc\" data-id=\"a22f9cc\" data-element_type=\"column\">\n\t\t\t<div class=\"elementor-widget-wrap elementor-element-populated\">\n\t\t\t\t\t\t<div class=\"elementor-element elementor-element-2e562ad elementor-widget elementor-widget-text-editor\" data-id=\"2e562ad\" data-element_type=\"widget\" data-widget_type=\"text-editor.default\">\n\t\t\t\t<div class=\"elementor-widget-container\">\n\t\t\t\t\t\t\t\t\t<p>Mai 2024\u00a0<\/p><p><strong>Ladestationen f\u00fcr Elektroautos nun an Hofladen und am Hotelparkplatz<\/strong><\/p><p>Ab sofort k\u00f6nnt ihr am Hofladen und auf unserem Hotelparkplatz eure Elektroautos laden. Dieses ist 24\/7 m\u00f6glich und mit allen Karten. Die Lades\u00e4ulen stammen von wirelane.<\/p>\t\t\t\t\t\t\t\t<\/div>\n\t\t\t\t<\/div>\n\t\t\t\t\t<\/div>\n\t\t<\/div>\n\t\t\t\t<div class=\"elementor-column elementor-col-25 elementor-top-column elementor-element elementor-element-c059975\" data-id=\"c059975\" data-element_type=\"column\">\n\t\t\t<div class=\"elementor-widget-wrap elementor-element-populated\">\n\t\t\t\t\t\t<div class=\"elementor-element elementor-element-ff8e5fa elementor-widget elementor-widget-image\" data-id=\"ff8e5fa\" data-element_type=\"widget\" data-widget_type=\"image.default\">\n\t\t\t\t<div class=\"elementor-widget-container\">\n\t\t\t\t\t\t\t\t\t\t\t\t\t\t\t<img loading=\"lazy\" decoding=\"async\" width=\"768\" height=\"1030\" src=\"https:\/\/linden-gut.eu\/wp-content\/uploads\/2024\/06\/Ladestation_Hofladen-768x1030.jpg\" class=\"attachment-medium_large size-medium_large wp-image-7847\" alt=\"Ladestation am Hofladen\" srcset=\"https:\/\/linden-gut.eu\/wp-content\/uploads\/2024\/06\/Ladestation_Hofladen-768x1030.jpg 768w, https:\/\/linden-gut.eu\/wp-content\/uploads\/2024\/06\/Ladestation_Hofladen-224x300.jpg 224w, https:\/\/linden-gut.eu\/wp-content\/uploads\/2024\/06\/Ladestation_Hofladen-763x1024.jpg 763w, https:\/\/linden-gut.eu\/wp-content\/uploads\/2024\/06\/Ladestation_Hofladen-scaled.jpg 1073w, https:\/\/linden-gut.eu\/wp-content\/uploads\/2024\/06\/Ladestation_Hofladen-1527x2048.jpg 1074w\" sizes=\"(max-width: 768px) 100vw, 768px\" \/>\t\t\t\t\t\t\t\t\t\t\t\t\t\t\t<\/div>\n\t\t\t\t<\/div>\n\t\t\t\t\t<\/div>\n\t\t<\/div>\n\t\t\t\t<div class=\"elementor-column elementor-col-25 elementor-top-column elementor-element elementor-element-ea86814\" data-id=\"ea86814\" data-element_type=\"column\">\n\t\t\t<div class=\"elementor-widget-wrap elementor-element-populated\">\n\t\t\t\t\t\t<div class=\"elementor-element elementor-element-7d30eaf elementor-widget elementor-widget-image\" data-id=\"7d30eaf\" data-element_type=\"widget\" data-widget_type=\"image.default\">\n\t\t\t\t<div class=\"elementor-widget-container\">\n\t\t\t\t\t\t\t\t\t\t\t\t\t\t\t<img loading=\"lazy\" decoding=\"async\" width=\"768\" height=\"1024\" src=\"https:\/\/linden-gut.eu\/wp-content\/uploads\/2024\/06\/Ladestation_Hotel-768x1024.jpg\" class=\"attachment-medium_large size-medium_large wp-image-7849\" alt=\"Ladestation Hotel und Gasthaus LindenGut\" srcset=\"https:\/\/linden-gut.eu\/wp-content\/uploads\/2024\/06\/Ladestation_Hotel-768x1024.jpg 768w, https:\/\/linden-gut.eu\/wp-content\/uploads\/2024\/06\/Ladestation_Hotel-225x300.jpg 225w, https:\/\/linden-gut.eu\/wp-content\/uploads\/2024\/06\/Ladestation_Hotel-scaled.jpg 1080w\" sizes=\"(max-width: 768px) 100vw, 768px\" \/>\t\t\t\t\t\t\t\t\t\t\t\t\t\t\t<\/div>\n\t\t\t\t<\/div>\n\t\t\t\t\t<\/div>\n\t\t<\/div>\n\t\t\t\t\t<\/div>\n\t\t<\/section>\n\t\t\t\t<section class=\"elementor-section elementor-top-section elementor-element elementor-element-f01bad1 elementor-section-boxed elementor-section-height-default elementor-section-height-default\" data-id=\"f01bad1\" data-element_type=\"section\">\n\t\t\t\t\t\t<div class=\"elementor-container elementor-column-gap-default\">\n\t\t\t\t\t<div class=\"elementor-column elementor-col-33 elementor-top-column elementor-element elementor-element-cfb614b\" data-id=\"cfb614b\" data-element_type=\"column\">\n\t\t\t<div class=\"elementor-widget-wrap elementor-element-populated\">\n\t\t\t\t\t\t<div class=\"elementor-element elementor-element-91cf4a6 elementor-widget elementor-widget-text-editor\" data-id=\"91cf4a6\" data-element_type=\"widget\" data-widget_type=\"text-editor.default\">\n\t\t\t\t<div class=\"elementor-widget-container\">\n\t\t\t\t\t\t\t\t\t<p>Mai 2024<\/p><p><strong>E-Bike und Lastenrad sind da!<\/strong><\/p><p>Unser Hotel ist nun mit einer E-Bike-Flotte von Riese &amp; M\u00fcller ausgestattet. Darunter auch ein Lastenrad. So kann die Rh\u00f6n entspannt und nachhaltig erkundet werden.<\/p>\t\t\t\t\t\t\t\t<\/div>\n\t\t\t\t<\/div>\n\t\t\t\t\t<\/div>\n\t\t<\/div>\n\t\t\t\t<div class=\"elementor-column elementor-col-33 elementor-top-column elementor-element elementor-element-9676c97\" data-id=\"9676c97\" data-element_type=\"column\">\n\t\t\t<div class=\"elementor-widget-wrap elementor-element-populated\">\n\t\t\t\t\t\t<div class=\"elementor-element elementor-element-c25a394 elementor-widget elementor-widget-image\" data-id=\"c25a394\" data-element_type=\"widget\" data-widget_type=\"image.default\">\n\t\t\t\t<div class=\"elementor-widget-container\">\n\t\t\t\t\t\t\t\t\t\t\t\t\t\t\t<img loading=\"lazy\" decoding=\"async\" width=\"768\" height=\"576\" src=\"https:\/\/linden-gut.eu\/wp-content\/uploads\/2024\/06\/Lastenrad_EBikes-768x576.jpg\" class=\"attachment-medium_large size-medium_large wp-image-7843\" alt=\"Bild vom Lastenrad der Firma Riese &amp; M\u00fcller\" srcset=\"https:\/\/linden-gut.eu\/wp-content\/uploads\/2024\/06\/Lastenrad_EBikes-768x576.jpg 768w, https:\/\/linden-gut.eu\/wp-content\/uploads\/2024\/06\/Lastenrad_EBikes-300x225.jpg 300w, https:\/\/linden-gut.eu\/wp-content\/uploads\/2024\/06\/Lastenrad_EBikes-1024x768.jpg 1024w, https:\/\/linden-gut.eu\/wp-content\/uploads\/2024\/06\/Lastenrad_EBikes-1536x1152.jpg 1536w, https:\/\/linden-gut.eu\/wp-content\/uploads\/2024\/06\/Lastenrad_EBikes.jpg 1600w\" sizes=\"(max-width: 768px) 100vw, 768px\" \/>\t\t\t\t\t\t\t\t\t\t\t\t\t\t\t<\/div>\n\t\t\t\t<\/div>\n\t\t\t\t\t<\/div>\n\t\t<\/div>\n\t\t\t\t<div class=\"elementor-column elementor-col-33 elementor-top-column elementor-element elementor-element-22893ef\" data-id=\"22893ef\" data-element_type=\"column\">\n\t\t\t<div class=\"elementor-widget-wrap elementor-element-populated\">\n\t\t\t\t\t\t<div class=\"elementor-element elementor-element-14e44c3 elementor-widget elementor-widget-image\" data-id=\"14e44c3\" data-element_type=\"widget\" data-widget_type=\"image.default\">\n\t\t\t\t<div class=\"elementor-widget-container\">\n\t\t\t\t\t\t\t\t\t\t\t\t\t\t\t<img loading=\"lazy\" decoding=\"async\" width=\"225\" height=\"300\" src=\"https:\/\/linden-gut.eu\/wp-content\/uploads\/2024\/06\/E-Bikes_Riese_Mueller-225x300.jpg\" class=\"attachment-medium size-medium wp-image-7845\" alt=\"Bild unserer E-Bike-Flotte der Firma Riese &amp; M\u00fcller\" srcset=\"https:\/\/linden-gut.eu\/wp-content\/uploads\/2024\/06\/E-Bikes_Riese_Mueller-225x300.jpg 225w, https:\/\/linden-gut.eu\/wp-content\/uploads\/2024\/06\/E-Bikes_Riese_Mueller-768x1024.jpg 768w, https:\/\/linden-gut.eu\/wp-content\/uploads\/2024\/06\/E-Bikes_Riese_Mueller.jpg 1080w\" sizes=\"(max-width: 225px) 100vw, 225px\" \/>\t\t\t\t\t\t\t\t\t\t\t\t\t\t\t<\/div>\n\t\t\t\t<\/div>\n\t\t\t\t\t<\/div>\n\t\t<\/div>\n\t\t\t\t\t<\/div>\n\t\t<\/section>\n\t\t\t\t<\/div>\n\t\t","protected":false},"excerpt":{"rendered":"<p>Neuigkeiten vom LindenGut November 2025 BIO HOTELS Mitgliederversammlung: Ein inspirierendes Wochenende am LindenGut Ein Wochenende voller Austausch, Inspiration und gemeinsamer Werte: Das LindenGut war Gastgeber der diesj\u00e4hrigen BIO HOTELS Mitgliederversammlung. In diesem Rahmen wurde uns eine besondere Freude zuteil \u2013 die Ehrung unserer\u00a010-j\u00e4hrigen Mitgliedschaft\u00a0bei BIO HOTELS. Die \u00dcbergabe der Jubil\u00e4umsplakette an Frau Lindner, festgehalten auf [&hellip;]<\/p>\n","protected":false},"author":1,"featured_media":0,"parent":0,"menu_order":0,"comment_status":"closed","ping_status":"closed","template":"","meta":{"site-sidebar-layout":"no-sidebar","site-content-layout":"page-builder","ast-site-content-layout":"full-width-container","site-content-style":"default","site-sidebar-style":"default","ast-global-header-display":"","ast-banner-title-visibility":"","ast-main-header-display":"","ast-hfb-above-header-display":"","ast-hfb-below-header-display":"","ast-hfb-mobile-header-display":"","site-post-title":"disabled","ast-breadcrumbs-content":"","ast-featured-img":"disabled","footer-sml-layout":"","theme-transparent-header-meta":"","adv-header-id-meta":"","stick-header-meta":"","header-above-stick-meta":"","header-main-stick-meta":"","header-below-stick-meta":"","astra-migrate-meta-layouts":"set","ast-page-background-enabled":"default","ast-page-background-meta":{"desktop":{"background-color":"","background-image":"","background-repeat":"repeat","background-position":"center center","background-size":"auto","background-attachment":"scroll","background-type":"","background-media":"","overlay-type":"","overlay-color":"","overlay-opacity":"","overlay-gradient":""},"tablet":{"background-color":"","background-image":"","background-repeat":"repeat","background-position":"center center","background-size":"auto","background-attachment":"scroll","background-type":"","background-media":"","overlay-type":"","overlay-color":"","overlay-opacity":"","overlay-gradient":""},"mobile":{"background-color":"","background-image":"","background-repeat":"repeat","background-position":"center center","background-size":"auto","background-attachment":"scroll","background-type":"","background-media":"","overlay-type":"","overlay-color":"","overlay-opacity":"","overlay-gradient":""}},"ast-content-background-meta":{"desktop":{"background-color":"var(--ast-global-color-5)","background-image":"","background-repeat":"repeat","background-position":"center center","background-size":"auto","background-attachment":"scroll","background-type":"","background-media":"","overlay-type":"","overlay-color":"","overlay-opacity":"","overlay-gradient":""},"tablet":{"background-color":"var(--ast-global-color-5)","background-image":"","background-repeat":"repeat","background-position":"center center","background-size":"auto","background-attachment":"scroll","background-type":"","background-media":"","overlay-type":"","overlay-color":"","overlay-opacity":"","overlay-gradient":""},"mobile":{"background-color":"var(--ast-global-color-5)","background-image":"","background-repeat":"repeat","background-position":"center center","background-size":"auto","background-attachment":"scroll","background-type":"","background-media":"","overlay-type":"","overlay-color":"","overlay-opacity":"","overlay-gradient":""}},"footnotes":""},"class_list":["post-7836","page","type-page","status-publish","hentry"],"yoast_head":"<!-- This site is optimized with the Yoast SEO plugin v25.7 - https:\/\/yoast.com\/wordpress\/plugins\/seo\/ -->\n<title>News |<\/title>\n<meta name=\"robots\" content=\"index, follow, max-snippet:-1, max-image-preview:large, max-video-preview:-1\" \/>\n<link rel=\"canonical\" href=\"https:\/\/linden-gut.eu\/de\/news\/\" \/>\n<meta property=\"og:locale\" content=\"de_DE\" \/>\n<meta property=\"og:type\" content=\"article\" \/>\n<meta property=\"og:title\" content=\"News |\" \/>\n<meta property=\"og:description\" content=\"Neuigkeiten vom LindenGut November 2025 BIO HOTELS Mitgliederversammlung: Ein inspirierendes Wochenende am LindenGut Ein Wochenende voller Austausch, Inspiration und gemeinsamer Werte: Das LindenGut war Gastgeber der diesj\u00e4hrigen BIO HOTELS Mitgliederversammlung. In diesem Rahmen wurde uns eine besondere Freude zuteil \u2013 die Ehrung unserer\u00a010-j\u00e4hrigen Mitgliedschaft\u00a0bei BIO HOTELS. Die \u00dcbergabe der Jubil\u00e4umsplakette an Frau Lindner, festgehalten auf [&hellip;]\" \/>\n<meta property=\"og:url\" content=\"https:\/\/linden-gut.eu\/de\/news\/\" \/>\n<meta property=\"article:publisher\" content=\"https:\/\/www.facebook.com\/LindenGutDipperz\" \/>\n<meta property=\"article:modified_time\" content=\"2025-11-24T08:23:33+00:00\" \/>\n<meta property=\"og:image\" content=\"https:\/\/linden-gut.eu\/wp-content\/uploads\/2025\/11\/10-Jahre-Bio-Hotels-Jubilaeum.jpg\" \/>\n\t<meta property=\"og:image:width\" content=\"708\" \/>\n\t<meta property=\"og:image:height\" content=\"1063\" \/>\n\t<meta property=\"og:image:type\" content=\"image\/jpeg\" \/>\n<meta name=\"twitter:card\" content=\"summary_large_image\" \/>\n<meta name=\"twitter:label1\" content=\"Gesch\u00e4tzte Lesezeit\" \/>\n\t<meta name=\"twitter:data1\" content=\"15\u00a0Minuten\" \/>\n<script type=\"application\/ld+json\" class=\"yoast-schema-graph\">{\"@context\":\"https:\/\/schema.org\",\"@graph\":[{\"@type\":\"WebPage\",\"@id\":\"https:\/\/linden-gut.eu\/de\/news\/\",\"url\":\"https:\/\/linden-gut.eu\/de\/news\/\",\"name\":\"News |\",\"isPartOf\":{\"@id\":\"https:\/\/linden-gut.eu\/de\/#website\"},\"primaryImageOfPage\":{\"@id\":\"https:\/\/linden-gut.eu\/de\/news\/#primaryimage\"},\"image\":{\"@id\":\"https:\/\/linden-gut.eu\/de\/news\/#primaryimage\"},\"thumbnailUrl\":\"https:\/\/linden-gut.eu\/wp-content\/uploads\/2025\/11\/10-Jahre-Bio-Hotels-Jubilaeum-682x1024.jpg\",\"datePublished\":\"2024-06-12T09:08:19+00:00\",\"dateModified\":\"2025-11-24T08:23:33+00:00\",\"breadcrumb\":{\"@id\":\"https:\/\/linden-gut.eu\/de\/news\/#breadcrumb\"},\"inLanguage\":\"de\",\"potentialAction\":[{\"@type\":\"ReadAction\",\"target\":[\"https:\/\/linden-gut.eu\/de\/news\/\"]}]},{\"@type\":\"ImageObject\",\"inLanguage\":\"de\",\"@id\":\"https:\/\/linden-gut.eu\/de\/news\/#primaryimage\",\"url\":\"https:\/\/linden-gut.eu\/wp-content\/uploads\/2025\/11\/10-Jahre-Bio-Hotels-Jubilaeum-682x1024.jpg\",\"contentUrl\":\"https:\/\/linden-gut.eu\/wp-content\/uploads\/2025\/11\/10-Jahre-Bio-Hotels-Jubilaeum-682x1024.jpg\"},{\"@type\":\"BreadcrumbList\",\"@id\":\"https:\/\/linden-gut.eu\/de\/news\/#breadcrumb\",\"itemListElement\":[{\"@type\":\"ListItem\",\"position\":1,\"name\":\"Startseite\",\"item\":\"https:\/\/linden-gut.eu\/de\/\"},{\"@type\":\"ListItem\",\"position\":2,\"name\":\"News\"}]},{\"@type\":\"WebSite\",\"@id\":\"https:\/\/linden-gut.eu\/de\/#website\",\"url\":\"https:\/\/linden-gut.eu\/de\/\",\"name\":\"LindenGut\",\"description\":\"Nachhaltiger Genuss und Komfort \u2013 Bio-Qualit\u00e4t in Hotel, Herberge, Hofladen und mehr.\",\"publisher\":{\"@id\":\"https:\/\/linden-gut.eu\/de\/#organization\"},\"potentialAction\":[{\"@type\":\"SearchAction\",\"target\":{\"@type\":\"EntryPoint\",\"urlTemplate\":\"https:\/\/linden-gut.eu\/de\/?s={search_term_string}\"},\"query-input\":{\"@type\":\"PropertyValueSpecification\",\"valueRequired\":true,\"valueName\":\"search_term_string\"}}],\"inLanguage\":\"de\"},{\"@type\":\"Organization\",\"@id\":\"https:\/\/linden-gut.eu\/de\/#organization\",\"name\":\"LindenGut GmbH & Co. KG\",\"url\":\"https:\/\/linden-gut.eu\/de\/\",\"logo\":{\"@type\":\"ImageObject\",\"inLanguage\":\"de\",\"@id\":\"https:\/\/linden-gut.eu\/de\/#\/schema\/logo\/image\/\",\"url\":\"https:\/\/linden-gut.eu\/wp-content\/uploads\/2021\/04\/Biohotel-Lindengut-Favicon.png\",\"contentUrl\":\"https:\/\/linden-gut.eu\/wp-content\/uploads\/2021\/04\/Biohotel-Lindengut-Favicon.png\",\"width\":712,\"height\":712,\"caption\":\"LindenGut GmbH & Co. KG\"},\"image\":{\"@id\":\"https:\/\/linden-gut.eu\/de\/#\/schema\/logo\/image\/\"},\"sameAs\":[\"https:\/\/www.facebook.com\/LindenGutDipperz\",\"https:\/\/www.instagram.com\/lindengut_biohotel\/\",\"http:\/\/www.youtube.com\/@lindengutwegweiser2448\"]}]}<\/script>\n<!-- \/ Yoast SEO plugin. -->","yoast_head_json":{"title":"News |","robots":{"index":"index","follow":"follow","max-snippet":"max-snippet:-1","max-image-preview":"max-image-preview:large","max-video-preview":"max-video-preview:-1"},"canonical":"https:\/\/linden-gut.eu\/de\/news\/","og_locale":"de_DE","og_type":"article","og_title":"News |","og_description":"Neuigkeiten vom LindenGut November 2025 BIO HOTELS Mitgliederversammlung: Ein inspirierendes Wochenende am LindenGut Ein Wochenende voller Austausch, Inspiration und gemeinsamer Werte: Das LindenGut war Gastgeber der diesj\u00e4hrigen BIO HOTELS Mitgliederversammlung. In diesem Rahmen wurde uns eine besondere Freude zuteil \u2013 die Ehrung unserer\u00a010-j\u00e4hrigen Mitgliedschaft\u00a0bei BIO HOTELS. Die \u00dcbergabe der Jubil\u00e4umsplakette an Frau Lindner, festgehalten auf [&hellip;]","og_url":"https:\/\/linden-gut.eu\/de\/news\/","article_publisher":"https:\/\/www.facebook.com\/LindenGutDipperz","article_modified_time":"2025-11-24T08:23:33+00:00","og_image":[{"width":708,"height":1063,"url":"https:\/\/linden-gut.eu\/wp-content\/uploads\/2025\/11\/10-Jahre-Bio-Hotels-Jubilaeum.jpg","type":"image\/jpeg"}],"twitter_card":"summary_large_image","twitter_misc":{"Gesch\u00e4tzte Lesezeit":"15\u00a0Minuten"},"schema":{"@context":"https:\/\/schema.org","@graph":[{"@type":"WebPage","@id":"https:\/\/linden-gut.eu\/de\/news\/","url":"https:\/\/linden-gut.eu\/de\/news\/","name":"News |","isPartOf":{"@id":"https:\/\/linden-gut.eu\/de\/#website"},"primaryImageOfPage":{"@id":"https:\/\/linden-gut.eu\/de\/news\/#primaryimage"},"image":{"@id":"https:\/\/linden-gut.eu\/de\/news\/#primaryimage"},"thumbnailUrl":"https:\/\/linden-gut.eu\/wp-content\/uploads\/2025\/11\/10-Jahre-Bio-Hotels-Jubilaeum-682x1024.jpg","datePublished":"2024-06-12T09:08:19+00:00","dateModified":"2025-11-24T08:23:33+00:00","breadcrumb":{"@id":"https:\/\/linden-gut.eu\/de\/news\/#breadcrumb"},"inLanguage":"de","potentialAction":[{"@type":"ReadAction","target":["https:\/\/linden-gut.eu\/de\/news\/"]}]},{"@type":"ImageObject","inLanguage":"de","@id":"https:\/\/linden-gut.eu\/de\/news\/#primaryimage","url":"https:\/\/linden-gut.eu\/wp-content\/uploads\/2025\/11\/10-Jahre-Bio-Hotels-Jubilaeum-682x1024.jpg","contentUrl":"https:\/\/linden-gut.eu\/wp-content\/uploads\/2025\/11\/10-Jahre-Bio-Hotels-Jubilaeum-682x1024.jpg"},{"@type":"BreadcrumbList","@id":"https:\/\/linden-gut.eu\/de\/news\/#breadcrumb","itemListElement":[{"@type":"ListItem","position":1,"name":"Startseite","item":"https:\/\/linden-gut.eu\/de\/"},{"@type":"ListItem","position":2,"name":"News"}]},{"@type":"WebSite","@id":"https:\/\/linden-gut.eu\/de\/#website","url":"https:\/\/linden-gut.eu\/de\/","name":"LindenGut","description":"Nachhaltiger Genuss und Komfort \u2013 Bio-Qualit\u00e4t in Hotel, Herberge, Hofladen und mehr.","publisher":{"@id":"https:\/\/linden-gut.eu\/de\/#organization"},"potentialAction":[{"@type":"SearchAction","target":{"@type":"EntryPoint","urlTemplate":"https:\/\/linden-gut.eu\/de\/?s={search_term_string}"},"query-input":{"@type":"PropertyValueSpecification","valueRequired":true,"valueName":"search_term_string"}}],"inLanguage":"de"},{"@type":"Organization","@id":"https:\/\/linden-gut.eu\/de\/#organization","name":"LindenGut GmbH & Co. KG","url":"https:\/\/linden-gut.eu\/de\/","logo":{"@type":"ImageObject","inLanguage":"de","@id":"https:\/\/linden-gut.eu\/de\/#\/schema\/logo\/image\/","url":"https:\/\/linden-gut.eu\/wp-content\/uploads\/2021\/04\/Biohotel-Lindengut-Favicon.png","contentUrl":"https:\/\/linden-gut.eu\/wp-content\/uploads\/2021\/04\/Biohotel-Lindengut-Favicon.png","width":712,"height":712,"caption":"LindenGut GmbH & Co. KG"},"image":{"@id":"https:\/\/linden-gut.eu\/de\/#\/schema\/logo\/image\/"},"sameAs":["https:\/\/www.facebook.com\/LindenGutDipperz","https:\/\/www.instagram.com\/lindengut_biohotel\/","http:\/\/www.youtube.com\/@lindengutwegweiser2448"]}]}},"_links":{"self":[{"href":"https:\/\/linden-gut.eu\/de\/wp-json\/wp\/v2\/pages\/7836","targetHints":{"allow":["GET"]}}],"collection":[{"href":"https:\/\/linden-gut.eu\/de\/wp-json\/wp\/v2\/pages"}],"about":[{"href":"https:\/\/linden-gut.eu\/de\/wp-json\/wp\/v2\/types\/page"}],"author":[{"embeddable":true,"href":"https:\/\/linden-gut.eu\/de\/wp-json\/wp\/v2\/users\/1"}],"replies":[{"embeddable":true,"href":"https:\/\/linden-gut.eu\/de\/wp-json\/wp\/v2\/comments?post=7836"}],"version-history":[{"count":4,"href":"https:\/\/linden-gut.eu\/de\/wp-json\/wp\/v2\/pages\/7836\/revisions"}],"predecessor-version":[{"id":11195,"href":"https:\/\/linden-gut.eu\/de\/wp-json\/wp\/v2\/pages\/7836\/revisions\/11195"}],"wp:attachment":[{"href":"https:\/\/linden-gut.eu\/de\/wp-json\/wp\/v2\/media?parent=7836"}],"curies":[{"name":"wp","href":"https:\/\/api.w.org\/{rel}","templated":true}]}}